{"id":11736,"date":"2024-08-16T11:14:38","date_gmt":"2024-08-16T11:14:38","guid":{"rendered":"https:\/\/isf.fo\/?page_id=11736"},"modified":"2025-06-25T14:34:31","modified_gmt":"2025-06-25T14:34:31","slug":"urvalsidkari-a-midnam","status":"publish","type":"page","link":"https:\/\/isf.fo\/en\/urvalsidkari-a-midnam\/","title":{"rendered":"S\u00f8k um at gerast \u00farvals\u00ed\u00f0kari \u00e1 mi\u00f0n\u00e1m"},"content":{"rendered":"<h2 class=\"wp-block-heading\">S\u00f8k um at gerast \u00farvals\u00ed\u00f0kari \u00e1 mi\u00f0n\u00e1m<\/h2>\n\n\n\n<div style=\"height:30px\" aria-hidden=\"true\" class=\"wp-block-spacer\"><\/div>\n\n\n\n<p>Sum \u00farvals\u00ed\u00f0kari og n\u00e6mingur \u00e1 mi\u00f0n\u00e1mi ber n\u00fa til hj\u00e1 t\u00e6r at s\u00f8kja um loyvda fr\u00e1veru \u00ed samband vi\u00f0 t\u00edn \u00edtr\u00f3tt. Til d\u00f8mis \u00ed samband kappingar, venjingarlegur o.a<\/p>\n\n\n\n<p><strong>S\u00f8k her: <a href=\"https:\/\/uvs.fo\/send-umsokn?_l=fo\"><mark style=\"background-color:rgba(0, 0, 0, 0)\" class=\"has-inline-color has-vivid-cyan-blue-color\">uvs.fo\/urval<\/mark><\/a><\/strong><\/p>\n\n\n\n<p>Sum n\u00e6mingur \u00e1 mi\u00f0n\u00e1mi, sum f\u00e6st vi\u00f0 \u00farvals\u00edtr\u00f3tt undir \u00cdSF f\u00e6rt t\u00fa:<\/p>\n\n\n\n<ul class=\"wp-block-list\">\n<li>Hj\u00e1lp til at samskipa sk\u00falagongd og \u00edtr\u00f3ttin \u00ed samr\u00e1\u00f0 vi\u00f0 \u00cdSF veglei\u00f0aran \u00e1 sk\u00falanum.<\/li>\n\n\n\n<li>\u00datb\u00fagving, sum er l\u00f8gd til r\u00e6ttis, so at til ber at vera \u00farvals\u00ed\u00f0kari.<\/li>\n\n\n\n<li>M\u00f8guleika fyri at umskipa innlatingar.<\/li>\n<\/ul>\n\n\n\n<div style=\"height:30px\" aria-hidden=\"true\" class=\"wp-block-spacer\"><\/div>\n\n\n\n<h3 class=\"wp-block-heading\">Mannagongd fyri g\u00f3\u00f0kenning<\/h3>\n\n\n\n<p>Fyri at ver\u00f0a g\u00f3\u00f0kend\/ur sum \u00farvals\u00ed\u00f0kari, er ney\u00f0ugt, at t\u00fa sendir eina ums\u00f3kn til \u00cdSF, sum s\u00ed\u00f0an gevur t\u00e6r og sk\u00falanum bo\u00f0, um t\u00fa ver\u00f0ur mett\/ur at vera \u00farvals\u00ed\u00f0kari. Sk\u00falin metir s\u00ed\u00f0ani, um t\u00fa sum n\u00e6mingur megnar at r\u00f8kja t\u00ednar skyldur sum n\u00e6mingur \u00e1 ein n\u00f8ktandi h\u00e1tt, og um \u00edskoytisundirv\u00edsing ella onnur stu\u00f0ulstilt\u00f8k eru ney\u00f0ug. Um t\u00fa f\u00e6r g\u00f3\u00f0kenning fr\u00e1 sk\u00falanum, setir t\u00fa teg \u00ed samband vi\u00f0 \u00cdSF veglei\u00f0aran \u00e1 sk\u00falanum, og \u00ed felag leggja tit eina \u00e6tlan fyri sk\u00fala\u00e1ri\u00f0 \u00ed samr\u00e1\u00f0 vi\u00f0 l\u00e6rarar. Yvirliti\u00f0 yvir \u00cdSF veglei\u00f0arar er ni\u00f0ast \u00e1 s\u00ed\u00f0uni. Ni\u00f0anfyri ber til at senda ums\u00f3kn til \u00cdSF.<\/p>\n\n\n\n<div style=\"height:30px\" aria-hidden=\"true\" class=\"wp-block-spacer\"><\/div>\n\n\n\n<h3 class=\"wp-block-heading\">Hv\u00f8r er \u00farvals\u00ed\u00f0kari?<\/h3>\n\n\n\n<p>\u00cdSF ger eina heildarmeting av hv\u00f8rjum einst\u00f8kum n\u00e6mingi, um vi\u00f0komandi kann metast at vera \u00farvals\u00ed\u00f0kari. Har ver\u00f0ur millum anna\u00f0 hugt eftir hesum:<\/p>\n\n\n\n<p>1. Er n\u00e6mingurin \u00e1 einum landsli\u00f0i ella \u00ed einum brutto h\u00f3pi?<\/p>\n\n\n\n<p>2. Hv\u00f8r er venjingarmongdin?<\/p>\n\n\n\n<p>3. Hv\u00f8rjir menningarm\u00f8guleikar eru \u00ed mun til at gerast \u00farvals\u00edtr\u00f3ttarf\u00f3lk? Meting hj\u00e1 venjara ver\u00f0ur tikin vi\u00f0.<\/p>\n\n\n\n<p>4.&nbsp; Er venjingin \u00e1 n\u00f8ktandi st\u00f8\u00f0i \u00ed mun til at vi\u00f0komandi kann kallast \u00farvals\u00edtrottarf\u00f3lk, og fylgir vi\u00f0komandi eini venjingar\u00e6tlan?<\/p>\n\n\n\n<div style=\"height:30px\" aria-hidden=\"true\" class=\"wp-block-spacer\"><\/div>\n\n\n\n<h3 class=\"wp-block-heading\">Treytirnar fyri g\u00f3\u00f0kenning<\/h3>\n\n\n\n<p>Sum \u00farvals\u00ed\u00f0kari ver\u00f0ur v\u00e6nta\u00f0 av t\u00e6r, at t\u00fa ger ta\u00f0, sum krevst fyri at f\u00e1a t\u00edna \u00fatb\u00fagving. T\u00fa hevur sj\u00e1lv\/ur \u00e1byrgd av at r\u00f8kja t\u00edna mi\u00f0n\u00e1ms\u00fatb\u00fagving, \u00edme\u00f0an t\u00fa ert burtur fr\u00e1 sk\u00falanum \u00ed \u00edtr\u00f3ttar\u00f8rindum. N\u00e6mingur og l\u00e6rari skulu samskifta t\u00fd\u00f0uliga s\u00edna millum og halda avtalur.<\/p>\n\n\n\n<p>T\u00fa eigur sum n\u00e6mingur at vera lestrarvirkin og ra\u00f0festa \u00fatb\u00fagvingina. Ta\u00f0 vil siga:<\/p>\n\n\n\n<ul class=\"wp-block-list\">\n<li>Alt\u00ed\u00f0 samskifta vi\u00f0 sk\u00falan \u00ed g\u00f3\u00f0ari t\u00ed\u00f0 \u00ed mun til t\u00edna fr\u00e1veru<\/li>\n\n\n\n<li>Loysa avtala\u00f0u uppg\u00e1vurnar, \u00edme\u00f0an t\u00fa ert burtur<\/li>\n\n\n\n<li>Samskipa lesturin, t\u00e1 t\u00fa er burtur, saman vi\u00f0 \u00cdSF veglei\u00f0aranum \u00e1 sk\u00falanum<\/li>\n\n\n\n<li>Arbei\u00f0a mi\u00f0v\u00edst upp\u00e1 sk\u00falating \u00ed \u00e1lei\u00f0 2 t\u00edmar um dagin, \u00edme\u00f0an t\u00fa ert burtur<\/li>\n<\/ul>\n\n\n\n<p>Sk\u00falin skal fylgja vi\u00f0 t\u00edni lestrarst\u00f8\u00f0u. Um t\u00edn lestrarst\u00f8\u00f0a ikki er n\u00f8ktandi, kann sk\u00falin veita \u00edskoytisundirv\u00edsing, ella taka burtur t\u00edna st\u00f8\u00f0u sum \u00farvals\u00ed\u00f0kari. Sum \u00farvals\u00ed\u00f0kari hevur t\u00fa m\u00f8guleika fyri \u00edskoytisundirv\u00edsing, t\u00e1 t\u00fa kemur heim aftur 1 timi pr dag, t\u00fa ert burtur.<\/p>\n\n\n\n<p>Meting um lestrarst\u00f8\u00f0una er ein heildarmeting, sum byggir \u00e1 vanligu skilhaldsreglurnar, at avtalur \u00ed mun til \u00fatb\u00fagvingina ver\u00f0a hildnar og at ta\u00f0 ber til at f\u00e1a gerandisdagin vi\u00f0 sk\u00falatingum og \u00edtrotti at hanga saman.<\/p>\n\n\n\n<div style=\"height:42px\" aria-hidden=\"true\" class=\"wp-block-spacer\"><\/div>\n\n\n\n<p><strong>S\u00f8k her: <a href=\"https:\/\/uvs.fo\/send-umsokn?_l=fo\"><mark style=\"background-color:rgba(0, 0, 0, 0)\" class=\"has-inline-color has-vivid-cyan-blue-color\">uvs.fo\/urval<\/mark><\/a><\/strong><\/p>","protected":false},"excerpt":{"rendered":"<p>S\u00f8k um at gerast \u00farvals\u00ed\u00f0kari \u00e1 mi\u00f0n\u00e1m Sum \u00farvals\u00ed\u00f0kari og n\u00e6mingur \u00e1 mi\u00f0n\u00e1mi ber n\u00fa til hj\u00e1 t\u00e6r at s\u00f8kja [&hellip;]<\/p>\n","protected":false},"author":17,"featured_media":12890,"parent":0,"menu_order":4,"comment_status":"closed","ping_status":"closed","template":"","meta":{"_acf_changed":false,"_relevanssi_hide_post":"","_relevanssi_hide_content":"","_relevanssi_pin_for_all":"","_relevanssi_pin_keywords":"","_relevanssi_unpin_keywords":"","_relevanssi_related_keywords":"","_relevanssi_related_include_ids":"","_relevanssi_related_exclude_ids":"","_relevanssi_related_no_append":"","_relevanssi_related_not_related":"","_relevanssi_related_posts":"","_relevanssi_noindex_reason":"","inline_featured_image":false,"footnotes":""},"class_list":["post-11736","page","type-page","status-publish","has-post-thumbnail","hentry"],"acf":[],"yoast_head":"<!-- This site is optimized with the Yoast SEO plugin v27.5 - https:\/\/yoast.com\/product\/yoast-seo-wordpress\/ -->\n<title>S\u00f8k um at gerast \u00farvals\u00ed\u00f0kari \u00e1 mi\u00f0n\u00e1m - \u00cdtr\u00f3ttasamband F\u00f8roya<\/title>\n<meta name=\"description\" content=\"S\u00f8k um at gerast \u00farvals\u00ed\u00f0kari \u00ed mi\u00f0n\u00e1mi. F\u00e1 m\u00f8guleikan at samskipa sk\u00falagongd og \u00farvals\u00edtr\u00f3tt.\" \/>\n<meta name=\"robots\" content=\"index, follow, max-snippet:-1, max-image-preview:large, max-video-preview:-1\" \/>\n<link rel=\"canonical\" href=\"https:\/\/isf.fo\/en\/urvalsidkari-a-midnam\/\" \/>\n<meta property=\"og:locale\" content=\"en_US\" \/>\n<meta property=\"og:type\" content=\"article\" \/>\n<meta property=\"og:title\" content=\"S\u00f8k um at gerast \u00farvals\u00ed\u00f0kari \u00e1 mi\u00f0n\u00e1m - \u00cdtr\u00f3ttasamband F\u00f8roya\" \/>\n<meta property=\"og:description\" content=\"S\u00f8k um at gerast \u00farvals\u00ed\u00f0kari \u00ed mi\u00f0n\u00e1mi. F\u00e1 m\u00f8guleikan at samskipa sk\u00falagongd og \u00farvals\u00edtr\u00f3tt.\" \/>\n<meta property=\"og:url\" content=\"https:\/\/isf.fo\/en\/urvalsidkari-a-midnam\/\" \/>\n<meta property=\"og:site_name\" content=\"\u00cdtr\u00f3ttasamband F\u00f8roya\" \/>\n<meta property=\"article:publisher\" content=\"https:\/\/www.facebook.com\/itrottasambandid\" \/>\n<meta property=\"article:modified_time\" content=\"2025-06-25T14:34:31+00:00\" \/>\n<meta property=\"og:image\" content=\"https:\/\/isf.fo\/wp-content\/uploads\/2025\/06\/9264adbbc3360bded068224084c3039d094917d7_w1152_h0_fS.png\" \/>\n\t<meta property=\"og:image:width\" content=\"1152\" \/>\n\t<meta property=\"og:image:height\" content=\"768\" \/>\n\t<meta property=\"og:image:type\" content=\"image\/png\" \/>\n<meta name=\"twitter:card\" content=\"summary_large_image\" \/>\n<meta name=\"twitter:label1\" content=\"Est. reading time\" \/>\n\t<meta name=\"twitter:data1\" content=\"3 minutes\" \/>\n<script type=\"application\/ld+json\" class=\"yoast-schema-graph\">{\"@context\":\"https:\\\/\\\/schema.org\",\"@graph\":[{\"@type\":\"WebPage\",\"@id\":\"https:\\\/\\\/isf.fo\\\/urvalsidkari-a-midnam\\\/\",\"url\":\"https:\\\/\\\/isf.fo\\\/urvalsidkari-a-midnam\\\/\",\"name\":\"S\u00f8k um at gerast \u00farvals\u00ed\u00f0kari \u00e1 mi\u00f0n\u00e1m - \u00cdtr\u00f3ttasamband F\u00f8roya\",\"isPartOf\":{\"@id\":\"https:\\\/\\\/isf.fo\\\/#website\"},\"primaryImageOfPage\":{\"@id\":\"https:\\\/\\\/isf.fo\\\/urvalsidkari-a-midnam\\\/#primaryimage\"},\"image\":{\"@id\":\"https:\\\/\\\/isf.fo\\\/urvalsidkari-a-midnam\\\/#primaryimage\"},\"thumbnailUrl\":\"https:\\\/\\\/isf.fo\\\/wp-content\\\/uploads\\\/2025\\\/06\\\/9264adbbc3360bded068224084c3039d094917d7_w1152_h0_fS.png\",\"datePublished\":\"2024-08-16T11:14:38+00:00\",\"dateModified\":\"2025-06-25T14:34:31+00:00\",\"description\":\"S\u00f8k um at gerast \u00farvals\u00ed\u00f0kari \u00ed mi\u00f0n\u00e1mi. F\u00e1 m\u00f8guleikan at samskipa sk\u00falagongd og \u00farvals\u00edtr\u00f3tt.\",\"breadcrumb\":{\"@id\":\"https:\\\/\\\/isf.fo\\\/urvalsidkari-a-midnam\\\/#breadcrumb\"},\"inLanguage\":\"en-US\",\"potentialAction\":[{\"@type\":\"ReadAction\",\"target\":[\"https:\\\/\\\/isf.fo\\\/urvalsidkari-a-midnam\\\/\"]}]},{\"@type\":\"ImageObject\",\"inLanguage\":\"en-US\",\"@id\":\"https:\\\/\\\/isf.fo\\\/urvalsidkari-a-midnam\\\/#primaryimage\",\"url\":\"https:\\\/\\\/isf.fo\\\/wp-content\\\/uploads\\\/2025\\\/06\\\/9264adbbc3360bded068224084c3039d094917d7_w1152_h0_fS.png\",\"contentUrl\":\"https:\\\/\\\/isf.fo\\\/wp-content\\\/uploads\\\/2025\\\/06\\\/9264adbbc3360bded068224084c3039d094917d7_w1152_h0_fS.png\",\"width\":1152,\"height\":768},{\"@type\":\"BreadcrumbList\",\"@id\":\"https:\\\/\\\/isf.fo\\\/urvalsidkari-a-midnam\\\/#breadcrumb\",\"itemListElement\":[{\"@type\":\"ListItem\",\"position\":1,\"name\":\"Home\",\"item\":\"https:\\\/\\\/isf.fo\\\/\"},{\"@type\":\"ListItem\",\"position\":2,\"name\":\"S\u00f8k um at gerast \u00farvals\u00ed\u00f0kari \u00e1 mi\u00f0n\u00e1m\"}]},{\"@type\":\"WebSite\",\"@id\":\"https:\\\/\\\/isf.fo\\\/#website\",\"url\":\"https:\\\/\\\/isf.fo\\\/\",\"name\":\"\u00cdtr\u00f3ttasamband F\u00f8roya\",\"description\":\"\",\"publisher\":{\"@id\":\"https:\\\/\\\/isf.fo\\\/#organization\"},\"potentialAction\":[{\"@type\":\"SearchAction\",\"target\":{\"@type\":\"EntryPoint\",\"urlTemplate\":\"https:\\\/\\\/isf.fo\\\/?s={search_term_string}\"},\"query-input\":{\"@type\":\"PropertyValueSpecification\",\"valueRequired\":true,\"valueName\":\"search_term_string\"}}],\"inLanguage\":\"en-US\"},{\"@type\":\"Organization\",\"@id\":\"https:\\\/\\\/isf.fo\\\/#organization\",\"name\":\"\u00cdtr\u00f3ttasamband F\u00f8roya\",\"url\":\"https:\\\/\\\/isf.fo\\\/\",\"logo\":{\"@type\":\"ImageObject\",\"inLanguage\":\"en-US\",\"@id\":\"https:\\\/\\\/isf.fo\\\/#\\\/schema\\\/logo\\\/image\\\/\",\"url\":\"https:\\\/\\\/isf.fo\\\/wp-content\\\/uploads\\\/2025\\\/06\\\/ISF_Olympic-Committee-logo.png\",\"contentUrl\":\"https:\\\/\\\/isf.fo\\\/wp-content\\\/uploads\\\/2025\\\/06\\\/ISF_Olympic-Committee-logo.png\",\"width\":618,\"height\":121,\"caption\":\"\u00cdtr\u00f3ttasamband F\u00f8roya\"},\"image\":{\"@id\":\"https:\\\/\\\/isf.fo\\\/#\\\/schema\\\/logo\\\/image\\\/\"},\"sameAs\":[\"https:\\\/\\\/www.facebook.com\\\/itrottasambandid\"]}]}<\/script>\n<!-- \/ Yoast SEO plugin. -->","yoast_head_json":{"title":"S\u00f8k um at gerast \u00farvals\u00ed\u00f0kari \u00e1 mi\u00f0n\u00e1m - \u00cdtr\u00f3ttasamband F\u00f8roya","description":"S\u00f8k um at gerast \u00farvals\u00ed\u00f0kari \u00ed mi\u00f0n\u00e1mi. F\u00e1 m\u00f8guleikan at samskipa sk\u00falagongd og \u00farvals\u00edtr\u00f3tt.","robots":{"index":"index","follow":"follow","max-snippet":"max-snippet:-1","max-image-preview":"max-image-preview:large","max-video-preview":"max-video-preview:-1"},"canonical":"https:\/\/isf.fo\/en\/urvalsidkari-a-midnam\/","og_locale":"en_US","og_type":"article","og_title":"S\u00f8k um at gerast \u00farvals\u00ed\u00f0kari \u00e1 mi\u00f0n\u00e1m - \u00cdtr\u00f3ttasamband F\u00f8roya","og_description":"S\u00f8k um at gerast \u00farvals\u00ed\u00f0kari \u00ed mi\u00f0n\u00e1mi. F\u00e1 m\u00f8guleikan at samskipa sk\u00falagongd og \u00farvals\u00edtr\u00f3tt.","og_url":"https:\/\/isf.fo\/en\/urvalsidkari-a-midnam\/","og_site_name":"\u00cdtr\u00f3ttasamband F\u00f8roya","article_publisher":"https:\/\/www.facebook.com\/itrottasambandid","article_modified_time":"2025-06-25T14:34:31+00:00","og_image":[{"width":1152,"height":768,"url":"https:\/\/isf.fo\/wp-content\/uploads\/2025\/06\/9264adbbc3360bded068224084c3039d094917d7_w1152_h0_fS.png","type":"image\/png"}],"twitter_card":"summary_large_image","twitter_misc":{"Est. reading time":"3 minutes"},"schema":{"@context":"https:\/\/schema.org","@graph":[{"@type":"WebPage","@id":"https:\/\/isf.fo\/urvalsidkari-a-midnam\/","url":"https:\/\/isf.fo\/urvalsidkari-a-midnam\/","name":"S\u00f8k um at gerast \u00farvals\u00ed\u00f0kari \u00e1 mi\u00f0n\u00e1m - \u00cdtr\u00f3ttasamband F\u00f8roya","isPartOf":{"@id":"https:\/\/isf.fo\/#website"},"primaryImageOfPage":{"@id":"https:\/\/isf.fo\/urvalsidkari-a-midnam\/#primaryimage"},"image":{"@id":"https:\/\/isf.fo\/urvalsidkari-a-midnam\/#primaryimage"},"thumbnailUrl":"https:\/\/isf.fo\/wp-content\/uploads\/2025\/06\/9264adbbc3360bded068224084c3039d094917d7_w1152_h0_fS.png","datePublished":"2024-08-16T11:14:38+00:00","dateModified":"2025-06-25T14:34:31+00:00","description":"S\u00f8k um at gerast \u00farvals\u00ed\u00f0kari \u00ed mi\u00f0n\u00e1mi. F\u00e1 m\u00f8guleikan at samskipa sk\u00falagongd og \u00farvals\u00edtr\u00f3tt.","breadcrumb":{"@id":"https:\/\/isf.fo\/urvalsidkari-a-midnam\/#breadcrumb"},"inLanguage":"en-US","potentialAction":[{"@type":"ReadAction","target":["https:\/\/isf.fo\/urvalsidkari-a-midnam\/"]}]},{"@type":"ImageObject","inLanguage":"en-US","@id":"https:\/\/isf.fo\/urvalsidkari-a-midnam\/#primaryimage","url":"https:\/\/isf.fo\/wp-content\/uploads\/2025\/06\/9264adbbc3360bded068224084c3039d094917d7_w1152_h0_fS.png","contentUrl":"https:\/\/isf.fo\/wp-content\/uploads\/2025\/06\/9264adbbc3360bded068224084c3039d094917d7_w1152_h0_fS.png","width":1152,"height":768},{"@type":"BreadcrumbList","@id":"https:\/\/isf.fo\/urvalsidkari-a-midnam\/#breadcrumb","itemListElement":[{"@type":"ListItem","position":1,"name":"Home","item":"https:\/\/isf.fo\/"},{"@type":"ListItem","position":2,"name":"S\u00f8k um at gerast \u00farvals\u00ed\u00f0kari \u00e1 mi\u00f0n\u00e1m"}]},{"@type":"WebSite","@id":"https:\/\/isf.fo\/#website","url":"https:\/\/isf.fo\/","name":"\u00cdtr\u00f3ttasamband F\u00f8roya","description":"","publisher":{"@id":"https:\/\/isf.fo\/#organization"},"potentialAction":[{"@type":"SearchAction","target":{"@type":"EntryPoint","urlTemplate":"https:\/\/isf.fo\/?s={search_term_string}"},"query-input":{"@type":"PropertyValueSpecification","valueRequired":true,"valueName":"search_term_string"}}],"inLanguage":"en-US"},{"@type":"Organization","@id":"https:\/\/isf.fo\/#organization","name":"\u00cdtr\u00f3ttasamband F\u00f8roya","url":"https:\/\/isf.fo\/","logo":{"@type":"ImageObject","inLanguage":"en-US","@id":"https:\/\/isf.fo\/#\/schema\/logo\/image\/","url":"https:\/\/isf.fo\/wp-content\/uploads\/2025\/06\/ISF_Olympic-Committee-logo.png","contentUrl":"https:\/\/isf.fo\/wp-content\/uploads\/2025\/06\/ISF_Olympic-Committee-logo.png","width":618,"height":121,"caption":"\u00cdtr\u00f3ttasamband F\u00f8roya"},"image":{"@id":"https:\/\/isf.fo\/#\/schema\/logo\/image\/"},"sameAs":["https:\/\/www.facebook.com\/itrottasambandid"]}]}},"_links":{"self":[{"href":"https:\/\/isf.fo\/en\/wp-json\/wp\/v2\/pages\/11736","targetHints":{"allow":["GET"]}}],"collection":[{"href":"https:\/\/isf.fo\/en\/wp-json\/wp\/v2\/pages"}],"about":[{"href":"https:\/\/isf.fo\/en\/wp-json\/wp\/v2\/types\/page"}],"author":[{"embeddable":true,"href":"https:\/\/isf.fo\/en\/wp-json\/wp\/v2\/users\/17"}],"replies":[{"embeddable":true,"href":"https:\/\/isf.fo\/en\/wp-json\/wp\/v2\/comments?post=11736"}],"version-history":[{"count":11,"href":"https:\/\/isf.fo\/en\/wp-json\/wp\/v2\/pages\/11736\/revisions"}],"predecessor-version":[{"id":12857,"href":"https:\/\/isf.fo\/en\/wp-json\/wp\/v2\/pages\/11736\/revisions\/12857"}],"wp:featuredmedia":[{"embeddable":true,"href":"https:\/\/isf.fo\/en\/wp-json\/wp\/v2\/media\/12890"}],"wp:attachment":[{"href":"https:\/\/isf.fo\/en\/wp-json\/wp\/v2\/media?parent=11736"}],"curies":[{"name":"wp","href":"https:\/\/api.w.org\/{rel}","templated":true}]}}