{"id":1316,"date":"2010-01-18T14:35:58","date_gmt":"2010-01-18T13:35:58","guid":{"rendered":"https:\/\/isf.fo\/?page_id=1316"},"modified":"2010-01-18T14:35:58","modified_gmt":"2010-01-18T13:35:58","slug":"stig-1-skei%c3%b0-um-itrott-fyri-b%c3%b8rn-og-ung","status":"publish","type":"page","link":"https:\/\/isf.fo\/en\/utbugving\/stig-1-skei%c3%b0-um-itrott-fyri-b%c3%b8rn-og-ung\/","title":{"rendered":"Stig 1: \u00cdtr\u00f3ttur fyri b\u00f8rn og ung"},"content":{"rendered":"<p><strong>Evni: <\/strong><br \/>\n&#8211;\u00a0\u00a0 \u00a0\u00edtr\u00f3ttap\u00e6dagogikkur<br \/>\n&#8211;\u00a0\u00a0 \u00a0\u00cdtr\u00f3ttaumhv\u00f8rvi<br \/>\n&#8211;\u00a0\u00a0 \u00a0Menning hj\u00e1 b\u00f8rnum<br \/>\n&#8211;\u00a0\u00a0 \u00a0Venjing<br \/>\n&#8211;\u00a0\u00a0 \u00a0Trygd og \u00e1byrgd<br \/>\n&#8211;\u00a0\u00a0 \u00a0Etikkur og moralur<\/p>\n<p>Skei\u00f0i\u00f0 skiftir \u00edmillum at vera teoretiskt og praktiskt. Leygardagin ver\u00f0ur praktisk venjing, so t\u00e1 er gott vi\u00f0 \u00edtr\u00f3ttakl\u00e6\u00f0um.<br \/>\nOngin pr\u00f3vt\u00f8ka er, men kravt ver\u00f0ur at uppm\u00f8tingin er 100%. Eftir loki\u00f0 skei\u00f0 ver\u00f0ur lutt\u00f8kubr\u00e6v \u00fatfl\u00fdggja\u00f0.<br \/>\nSkei\u00f0i\u00f0 er ein partur av venjara\u00fatb\u00fagvingini hj\u00e1 DIF, Danska \u00cdtr\u00f3ttasambandinum. M\u00f8guleiki er sostatt at byggja v\u00ed\u00f0ari upp\u00e1 skei\u00f0i\u00f0.<\/p>\n<p><strong>M\u00e1lb\u00f3lkur:<\/strong> Venjarar, hj\u00e1lparf\u00f3lk og lei\u00f0arar hj\u00e1 b\u00f8rnum og ungum. \u00d8ll, sum hava \u00e1huga \u00ed og \u00e1byrgd av b\u00f8rnum og ungum, sum luttaka \u00ed \u00edtr\u00f3tti.<br \/>\nHvat f\u00e6rt t\u00fa burtur\u00far?<br \/>\n&#8211;\u00a0\u00a0 \u00a0Vitan um menningina hj\u00e1 b\u00f8rnum, fysiskt, psykiskt og samfelagsligt<br \/>\n&#8211;\u00a0\u00a0 \u00a0T\u00fa bl\u00edvur vitugur vi\u00f0 evni sum n\u00e1msfr\u00f8\u00f0i, venjaratypur, m\u00e1lsetan og t\u00fddningin av \u00edtr\u00f3ttarumhv\u00f8rvi<br \/>\n&#8211;\u00a0\u00a0 \u00a0\u00cdt\u00f8kilig hugskot til sp\u00f8l og venjing hj\u00e1 b\u00f8rnum og ungum<\/p>\n<p><strong>Uppt\u00f8kutreytir:<\/strong> Luttakari skal vera 15 \u00e1r ella eldri. T\u00f3 kunnu vit gera fr\u00e1vik fr\u00e1 regluni um uppt\u00f8ku, um serst\u00f8k vi\u00f0urskifti tala fyri hesum.<\/p>\n<p><strong>Lutt\u00f8kugjald:<\/strong> Kostna\u00f0urin fyri skei\u00f0i\u00f0 er 250 kr. \u00cdrokna\u00f0 er fr\u00e1l\u00e6rutilfar og matur. Eisini er m\u00f8guligt at sova.<\/p>\n<p><strong>Tilmelding<\/strong><br \/>\nTilmelding er ney\u00f0ug, send ein teldupost \u00e1 <a href=\"mailto: ahl@isf.fo\">ahl@isf.fo<\/a> ella ring \u00e1 tlf. 312606 ella 282331.<br \/>\nMeiri f\u00e6st at vita fr\u00e1 \u00cdSF skrivstovuni tlf.: 312606 ella fr\u00e1 Anniku \u00e1 telduposti <a href=\"mailto: ahl@isf.fo\">ahl@isf.fo<\/a> ella \u00e1 tlf.: 282331.<\/p>\n<p>T\u00ed\u00f0 og sta\u00f0 fyri n\u00e6sta skei\u00f0 ver\u00f0ur l\u00fdst \u00ed kalendaranum \u00e1 www.isf.fo<\/p>","protected":false},"excerpt":{"rendered":"<p>Evni: &#8211;\u00a0\u00a0 \u00a0\u00edtr\u00f3ttap\u00e6dagogikkur &#8211;\u00a0\u00a0 \u00a0\u00cdtr\u00f3ttaumhv\u00f8rvi &#8211;\u00a0\u00a0 \u00a0Menning hj\u00e1 b\u00f8rnum &#8211;\u00a0\u00a0 \u00a0Venjing &#8211;\u00a0\u00a0 \u00a0Trygd og \u00e1byrgd &#8211;\u00a0\u00a0 \u00a0Etikkur og moralur Skei\u00f0i\u00f0 [&hellip;]<\/p>\n","protected":false},"author":6,"featured_media":0,"parent":1246,"menu_order":1,"comment_status":"open","ping_status":"open","template":"","meta":{"_acf_changed":false,"_relevanssi_hide_post":"","_relevanssi_hide_content":"","_relevanssi_pin_for_all":"","_relevanssi_pin_keywords":"","_relevanssi_unpin_keywords":"","_relevanssi_related_keywords":"","_relevanssi_related_include_ids":"","_relevanssi_related_exclude_ids":"","_relevanssi_related_no_append":"","_relevanssi_related_not_related":"","_relevanssi_related_posts":"","_relevanssi_noindex_reason":"","inline_featured_image":false,"footnotes":""},"class_list":["post-1316","page","type-page","status-publish","hentry"],"acf":[],"yoast_head":"<!-- This site is optimized with the Yoast SEO plugin v27.3 - https:\/\/yoast.com\/product\/yoast-seo-wordpress\/ -->\n<title>Stig 1: \u00cdtr\u00f3ttur fyri b\u00f8rn og ung - \u00cdtr\u00f3ttasamband F\u00f8roya<\/title>\n<meta name=\"robots\" content=\"index, follow, max-snippet:-1, max-image-preview:large, max-video-preview:-1\" \/>\n<link rel=\"canonical\" href=\"https:\/\/isf.fo\/en\/utbugving\/stig-1-skei\u00f0-um-itrott-fyri-b\u00f8rn-og-ung\/\" \/>\n<meta property=\"og:locale\" content=\"en_US\" \/>\n<meta property=\"og:type\" content=\"article\" \/>\n<meta property=\"og:title\" content=\"Stig 1: \u00cdtr\u00f3ttur fyri b\u00f8rn og ung - \u00cdtr\u00f3ttasamband F\u00f8roya\" \/>\n<meta property=\"og:description\" content=\"Evni: &#8211;\u00a0\u00a0 \u00a0\u00edtr\u00f3ttap\u00e6dagogikkur &#8211;\u00a0\u00a0 \u00a0\u00cdtr\u00f3ttaumhv\u00f8rvi &#8211;\u00a0\u00a0 \u00a0Menning hj\u00e1 b\u00f8rnum &#8211;\u00a0\u00a0 \u00a0Venjing &#8211;\u00a0\u00a0 \u00a0Trygd og \u00e1byrgd &#8211;\u00a0\u00a0 \u00a0Etikkur og moralur Skei\u00f0i\u00f0 [&hellip;]\" \/>\n<meta property=\"og:url\" content=\"https:\/\/isf.fo\/en\/utbugving\/stig-1-skei\u00f0-um-itrott-fyri-b\u00f8rn-og-ung\/\" \/>\n<meta property=\"og:site_name\" content=\"\u00cdtr\u00f3ttasamband F\u00f8roya\" \/>\n<meta property=\"article:publisher\" content=\"https:\/\/www.facebook.com\/itrottasambandid\" \/>\n<meta name=\"twitter:card\" content=\"summary_large_image\" \/>\n<meta name=\"twitter:label1\" content=\"Est. reading time\" \/>\n\t<meta name=\"twitter:data1\" content=\"1 minute\" \/>\n<script type=\"application\/ld+json\" class=\"yoast-schema-graph\">{\"@context\":\"https:\\\/\\\/schema.org\",\"@graph\":[{\"@type\":\"WebPage\",\"@id\":\"https:\\\/\\\/isf.fo\\\/utbugving\\\/stig-1-skei%c3%b0-um-itrott-fyri-b%c3%b8rn-og-ung\\\/\",\"url\":\"https:\\\/\\\/isf.fo\\\/utbugving\\\/stig-1-skei%c3%b0-um-itrott-fyri-b%c3%b8rn-og-ung\\\/\",\"name\":\"Stig 1: \u00cdtr\u00f3ttur fyri b\u00f8rn og ung - \u00cdtr\u00f3ttasamband F\u00f8roya\",\"isPartOf\":{\"@id\":\"https:\\\/\\\/isf.fo\\\/#website\"},\"datePublished\":\"2010-01-18T13:35:58+00:00\",\"breadcrumb\":{\"@id\":\"https:\\\/\\\/isf.fo\\\/utbugving\\\/stig-1-skei%c3%b0-um-itrott-fyri-b%c3%b8rn-og-ung\\\/#breadcrumb\"},\"inLanguage\":\"en-US\",\"potentialAction\":[{\"@type\":\"ReadAction\",\"target\":[\"https:\\\/\\\/isf.fo\\\/utbugving\\\/stig-1-skei%c3%b0-um-itrott-fyri-b%c3%b8rn-og-ung\\\/\"]}]},{\"@type\":\"BreadcrumbList\",\"@id\":\"https:\\\/\\\/isf.fo\\\/utbugving\\\/stig-1-skei%c3%b0-um-itrott-fyri-b%c3%b8rn-og-ung\\\/#breadcrumb\",\"itemListElement\":[{\"@type\":\"ListItem\",\"position\":1,\"name\":\"Home\",\"item\":\"https:\\\/\\\/isf.fo\\\/\"},{\"@type\":\"ListItem\",\"position\":2,\"name\":\"\u00datb\u00fagving\",\"item\":\"https:\\\/\\\/isf.fo\\\/utbugving\\\/\"},{\"@type\":\"ListItem\",\"position\":3,\"name\":\"Stig 1: \u00cdtr\u00f3ttur fyri b\u00f8rn og ung\"}]},{\"@type\":\"WebSite\",\"@id\":\"https:\\\/\\\/isf.fo\\\/#website\",\"url\":\"https:\\\/\\\/isf.fo\\\/\",\"name\":\"\u00cdtr\u00f3ttasamband F\u00f8roya\",\"description\":\"\",\"publisher\":{\"@id\":\"https:\\\/\\\/isf.fo\\\/#organization\"},\"potentialAction\":[{\"@type\":\"SearchAction\",\"target\":{\"@type\":\"EntryPoint\",\"urlTemplate\":\"https:\\\/\\\/isf.fo\\\/?s={search_term_string}\"},\"query-input\":{\"@type\":\"PropertyValueSpecification\",\"valueRequired\":true,\"valueName\":\"search_term_string\"}}],\"inLanguage\":\"en-US\"},{\"@type\":\"Organization\",\"@id\":\"https:\\\/\\\/isf.fo\\\/#organization\",\"name\":\"\u00cdtr\u00f3ttasamband F\u00f8roya\",\"url\":\"https:\\\/\\\/isf.fo\\\/\",\"logo\":{\"@type\":\"ImageObject\",\"inLanguage\":\"en-US\",\"@id\":\"https:\\\/\\\/isf.fo\\\/#\\\/schema\\\/logo\\\/image\\\/\",\"url\":\"https:\\\/\\\/isf.fo\\\/wp-content\\\/uploads\\\/2025\\\/06\\\/ISF_Olympic-Committee-logo.png\",\"contentUrl\":\"https:\\\/\\\/isf.fo\\\/wp-content\\\/uploads\\\/2025\\\/06\\\/ISF_Olympic-Committee-logo.png\",\"width\":618,\"height\":121,\"caption\":\"\u00cdtr\u00f3ttasamband F\u00f8roya\"},\"image\":{\"@id\":\"https:\\\/\\\/isf.fo\\\/#\\\/schema\\\/logo\\\/image\\\/\"},\"sameAs\":[\"https:\\\/\\\/www.facebook.com\\\/itrottasambandid\"]}]}<\/script>\n<!-- \/ Yoast SEO plugin. -->","yoast_head_json":{"title":"Stig 1: \u00cdtr\u00f3ttur fyri b\u00f8rn og ung - \u00cdtr\u00f3ttasamband F\u00f8roya","robots":{"index":"index","follow":"follow","max-snippet":"max-snippet:-1","max-image-preview":"max-image-preview:large","max-video-preview":"max-video-preview:-1"},"canonical":"https:\/\/isf.fo\/en\/utbugving\/stig-1-skei\u00f0-um-itrott-fyri-b\u00f8rn-og-ung\/","og_locale":"en_US","og_type":"article","og_title":"Stig 1: \u00cdtr\u00f3ttur fyri b\u00f8rn og ung - \u00cdtr\u00f3ttasamband F\u00f8roya","og_description":"Evni: &#8211;\u00a0\u00a0 \u00a0\u00edtr\u00f3ttap\u00e6dagogikkur &#8211;\u00a0\u00a0 \u00a0\u00cdtr\u00f3ttaumhv\u00f8rvi &#8211;\u00a0\u00a0 \u00a0Menning hj\u00e1 b\u00f8rnum &#8211;\u00a0\u00a0 \u00a0Venjing &#8211;\u00a0\u00a0 \u00a0Trygd og \u00e1byrgd &#8211;\u00a0\u00a0 \u00a0Etikkur og moralur Skei\u00f0i\u00f0 [&hellip;]","og_url":"https:\/\/isf.fo\/en\/utbugving\/stig-1-skei\u00f0-um-itrott-fyri-b\u00f8rn-og-ung\/","og_site_name":"\u00cdtr\u00f3ttasamband F\u00f8roya","article_publisher":"https:\/\/www.facebook.com\/itrottasambandid","twitter_card":"summary_large_image","twitter_misc":{"Est. reading time":"1 minute"},"schema":{"@context":"https:\/\/schema.org","@graph":[{"@type":"WebPage","@id":"https:\/\/isf.fo\/utbugving\/stig-1-skei%c3%b0-um-itrott-fyri-b%c3%b8rn-og-ung\/","url":"https:\/\/isf.fo\/utbugving\/stig-1-skei%c3%b0-um-itrott-fyri-b%c3%b8rn-og-ung\/","name":"Stig 1: \u00cdtr\u00f3ttur fyri b\u00f8rn og ung - \u00cdtr\u00f3ttasamband F\u00f8roya","isPartOf":{"@id":"https:\/\/isf.fo\/#website"},"datePublished":"2010-01-18T13:35:58+00:00","breadcrumb":{"@id":"https:\/\/isf.fo\/utbugving\/stig-1-skei%c3%b0-um-itrott-fyri-b%c3%b8rn-og-ung\/#breadcrumb"},"inLanguage":"en-US","potentialAction":[{"@type":"ReadAction","target":["https:\/\/isf.fo\/utbugving\/stig-1-skei%c3%b0-um-itrott-fyri-b%c3%b8rn-og-ung\/"]}]},{"@type":"BreadcrumbList","@id":"https:\/\/isf.fo\/utbugving\/stig-1-skei%c3%b0-um-itrott-fyri-b%c3%b8rn-og-ung\/#breadcrumb","itemListElement":[{"@type":"ListItem","position":1,"name":"Home","item":"https:\/\/isf.fo\/"},{"@type":"ListItem","position":2,"name":"\u00datb\u00fagving","item":"https:\/\/isf.fo\/utbugving\/"},{"@type":"ListItem","position":3,"name":"Stig 1: \u00cdtr\u00f3ttur fyri b\u00f8rn og ung"}]},{"@type":"WebSite","@id":"https:\/\/isf.fo\/#website","url":"https:\/\/isf.fo\/","name":"\u00cdtr\u00f3ttasamband F\u00f8roya","description":"","publisher":{"@id":"https:\/\/isf.fo\/#organization"},"potentialAction":[{"@type":"SearchAction","target":{"@type":"EntryPoint","urlTemplate":"https:\/\/isf.fo\/?s={search_term_string}"},"query-input":{"@type":"PropertyValueSpecification","valueRequired":true,"valueName":"search_term_string"}}],"inLanguage":"en-US"},{"@type":"Organization","@id":"https:\/\/isf.fo\/#organization","name":"\u00cdtr\u00f3ttasamband F\u00f8roya","url":"https:\/\/isf.fo\/","logo":{"@type":"ImageObject","inLanguage":"en-US","@id":"https:\/\/isf.fo\/#\/schema\/logo\/image\/","url":"https:\/\/isf.fo\/wp-content\/uploads\/2025\/06\/ISF_Olympic-Committee-logo.png","contentUrl":"https:\/\/isf.fo\/wp-content\/uploads\/2025\/06\/ISF_Olympic-Committee-logo.png","width":618,"height":121,"caption":"\u00cdtr\u00f3ttasamband F\u00f8roya"},"image":{"@id":"https:\/\/isf.fo\/#\/schema\/logo\/image\/"},"sameAs":["https:\/\/www.facebook.com\/itrottasambandid"]}]}},"_links":{"self":[{"href":"https:\/\/isf.fo\/en\/wp-json\/wp\/v2\/pages\/1316","targetHints":{"allow":["GET"]}}],"collection":[{"href":"https:\/\/isf.fo\/en\/wp-json\/wp\/v2\/pages"}],"about":[{"href":"https:\/\/isf.fo\/en\/wp-json\/wp\/v2\/types\/page"}],"author":[{"embeddable":true,"href":"https:\/\/isf.fo\/en\/wp-json\/wp\/v2\/users\/6"}],"replies":[{"embeddable":true,"href":"https:\/\/isf.fo\/en\/wp-json\/wp\/v2\/comments?post=1316"}],"version-history":[{"count":1,"href":"https:\/\/isf.fo\/en\/wp-json\/wp\/v2\/pages\/1316\/revisions"}],"predecessor-version":[{"id":5321,"href":"https:\/\/isf.fo\/en\/wp-json\/wp\/v2\/pages\/1316\/revisions\/5321"}],"up":[{"embeddable":true,"href":"https:\/\/isf.fo\/en\/wp-json\/wp\/v2\/pages\/1246"}],"wp:attachment":[{"href":"https:\/\/isf.fo\/en\/wp-json\/wp\/v2\/media?parent=1316"}],"curies":[{"name":"wp","href":"https:\/\/api.w.org\/{rel}","templated":true}]}}