{"id":1816,"date":"2011-02-03T13:10:31","date_gmt":"2011-02-03T12:10:31","guid":{"rendered":"https:\/\/isf.fo\/?page_id=1816"},"modified":"2017-03-31T15:29:35","modified_gmt":"2017-03-31T15:29:35","slug":"jorgen-pettersson","status":"publish","type":"page","link":"https:\/\/isf.fo\/en\/itrotturin-eg\/jorgen-pettersson\/","title":{"rendered":"J\u00f6rgen Pettersson"},"content":{"rendered":"<p><a href=\"https:\/\/d21ockg4ri0hhk.cloudfront.net\/wp-content\/uploads\/2011\/02\/30193242\/jorgen_grein3.jpg\" rel=\"attachment wp-att-4730\"><img decoding=\"async\" class=\"alignright size-medium wp-image-4730 lazyload\" data-src=\"https:\/\/d21ockg4ri0hhk.cloudfront.net\/wp-content\/uploads\/2011\/02\/30193242\/jorgen_grein3-300x172.jpg\" alt=\"\" width=\"300\" height=\"172\" data-srcset=\"https:\/\/d21ockg4ri0hhk.cloudfront.net\/wp-content\/uploads\/2011\/02\/30193242\/jorgen_grein3-300x172.jpg 300w, https:\/\/d21ockg4ri0hhk.cloudfront.net\/wp-content\/uploads\/2011\/02\/30193242\/jorgen_grein3.jpg 604w\" data-sizes=\"(max-width: 300px) 100vw, 300px\" src=\"data:image\/svg+xml;base64,PHN2ZyB3aWR0aD0iMSIgaGVpZ2h0PSIxIiB4bWxucz0iaHR0cDovL3d3dy53My5vcmcvMjAwMC9zdmciPjwvc3ZnPg==\" style=\"--smush-placeholder-width: 300px; --smush-placeholder-aspect-ratio: 300\/172;\" \/><\/a>Heimas\u00ed\u00f0an hj\u00e1 \u00cdSF setir kendum f\u00f3lki spurningar um \u00edtr\u00f3tt og r\u00f8rslu:<br \/>\n<em>&#8211; Hvat gert t\u00fa fyri at halda teg \u00ed form?<br \/>\n<\/em><em>&#8211; Ert t\u00fa limur \u00ed \u00edtr\u00f3ttarfelag?<br \/>\n<\/em><em>&#8211; \u00cd\u00f0ka\u00f0i t\u00fa \u00edtr\u00f3tt sum barn?<br \/>\n&#8211; Hv\u00f8nn t\u00fddning hevur \u00edtr\u00f3ttur og r\u00f8rsla fyri teg og samfelagi\u00f0?<\/em><\/p>\n<h2><strong>\u00c6tlar at r\u00f3gva gj\u00f8gnum alt Evropa<\/strong><\/h2>\n<p><strong>\u00c1lendingurin <\/strong><strong>J\u00f6rgen Pettersson er forseti fyri altj\u00f3\u00f0a oyggjaleikafelagsskapin IIGA, International Islands Games Association. Hann var \u00ed fleiri \u00e1r fastur ma\u00f0ur \u00e1 \u00e1lendska oyggjaleikali\u00f0num \u00ed flogb\u00f3lti, og vann 4 gullhei\u00f0ursmerki og eitt silvur \u00e1 teimum seks oyggjaleikunum, hann lutt\u00f3k \u00ed sum aktivur \u00ed\u00f0kandi. Hann er f\u00f8ddur \u00ed 1965,<\/strong> <strong>er \u00fatb\u00fagvin journalistur, og starvast sum t\u00ed\u00f0indalei\u00f0ari \u00e1 \u00c5lands Tidningen<\/strong><\/p>\n<p>\u201cEftir at eg gavst vi\u00f0 flogb\u00f3ltinum eri eg byrja\u00f0ur at r\u00f3gva. Hetta er ein \u00edtr\u00f3tt, sum passar m\u00e6r \u00f3gvuliga v\u00e6l. Fyri ta\u00f0 mesta haldi eg kondina vi\u00f0 l\u00edka vi\u00f0 at r\u00f3gva \u00e1 maskinum, men eg r\u00f3gvi eisini vi\u00f0 t\u00farb\u00e1tum. Eg og ein vinma\u00f0ur m\u00edn hava ein b\u00e1t, sum vit hava r\u00f3\u00f0 vi\u00f0 \u00far \u00c1landi til Stockholms og v\u00ed\u00f0ari gj\u00f8gnum G\u00f6ta kanalina til G\u00f6teborg. B\u00e1turin liggur n\u00fa \u00ed G\u00f6teborg, men vit hava eina villa \u00e6tlan um at r\u00f3gva ni\u00f0ur gj\u00f8gnum evropeisku kanalirnar og \u00e1irnar, og ikki helma \u00ed fyrr enn vit eru n\u00e1ddir Kaspiska Havi\u00f0. T\u00e1 vit r\u00f3\u00f0u tv\u00f8rtur um Sv\u00f8r\u00edki, t\u00f3ku vit ta\u00f0 \u00ed sm\u00e1um teinum \u00ed vikuskiftunum, solei\u00f0is kunnu vit kanska eisini gera ni\u00f0ur gj\u00f8gnum Evropa. Vit f\u00e1a at s\u00edggja. Umframt r\u00f3gvingina, so telvi eg eisini\u201d.<\/p>\n<p>\u201cEg eri limur \u00ed IFK Mariehamn\u201d.<\/p>\n<p>\u201cSum barn royndi eg ein h\u00f3p av \u00edtr\u00f3ttagreinum, so sum f\u00f3tb\u00f3lt, bor\u00f0tennis, badminton, tennis, flogb\u00f3lt og talv. Eg sp\u00e6ldi heilt n\u00f3gv f\u00f3tb\u00f3lt, til ein ska\u00f0i \u00ed kn\u00e6num ste\u00f0ga\u00f0i m\u00e6r sum 13 \u00e1ra gamal. Ta\u00f0 v\u00edsti seg at vera Schlatters-sj\u00faka, sum ikki er so \u00f3vanlig hj\u00e1 b\u00f8rnum \u00ed v\u00f8kstri. Eg gavst heilt vi\u00f0 at \u00ed\u00f0ka kropsligan \u00edtr\u00f3tt, og telva\u00f0i bara \u00ed \u00e1runum fr\u00e1 13 til 18 \u00e1r. H\u00f3ast eg ikki hev\u00f0i rokna\u00f0 vi\u00f0 at kunnu hoppa aftur, so royndi eg flogb\u00f3lt aftur sum 18 \u00e1ra gamal, og ta\u00f0 rigga\u00f0i. Eg kendi einki til breki\u00f0 \u00ed kn\u00e6num, og eftir hetta gj\u00f8rdist flogb\u00f3lturin m\u00edn \u00edtr\u00f3ttur, saman vi\u00f0 talvi\u201d.<\/p>\n<p>\u201c\u00cdtr\u00f3tturin hevur \u00f3metaligan t\u00fddning fyri einstaklingin og fyri samfelagi\u00f0 eftir m\u00ednari meining. Sum einstaklingur l\u00e6rir t\u00fa at kempa og fylgja reglum, og t\u00fa l\u00e6rir eisini, at t\u00fa ikki skalt gevast. Ta\u00f0 er so t\u00fddningarmiki\u00f0, at ta\u00f0 \u00ed \u00edtr\u00f3ttinum er pl\u00e1ss fyri \u00f8llum \u2013 eisini teimum, sum ikki koma heilt upp \u00ed oddin. \u00cdtr\u00f3tturin hevur br\u00fak fyri \u00f8llum, og t\u00ed eiga \u00f8ll at f\u00e1a h\u00f8vi til at royna seg \u00ed \u00edtr\u00f3ttinum. Samfelagi\u00f0 kann kann hinvegin eisini l\u00e6ra n\u00f3gv av \u00edtr\u00f3ttinum\u201d.<\/p>","protected":false},"excerpt":{"rendered":"<p>Heimas\u00ed\u00f0an hj\u00e1 \u00cdSF setir kendum f\u00f3lki spurningar um \u00edtr\u00f3tt og r\u00f8rslu: &#8211; Hvat gert t\u00fa fyri at halda teg \u00ed [&hellip;]<\/p>\n","protected":false},"author":6,"featured_media":0,"parent":1251,"menu_order":15,"comment_status":"open","ping_status":"closed","template":"","meta":{"_acf_changed":false,"_relevanssi_hide_post":"","_relevanssi_hide_content":"","_relevanssi_pin_for_all":"","_relevanssi_pin_keywords":"","_relevanssi_unpin_keywords":"","_relevanssi_related_keywords":"","_relevanssi_related_include_ids":"","_relevanssi_related_exclude_ids":"","_relevanssi_related_no_append":"","_relevanssi_related_not_related":"","_relevanssi_related_posts":"","_relevanssi_noindex_reason":"","inline_featured_image":false,"footnotes":""},"class_list":["post-1816","page","type-page","status-publish","hentry"],"acf":[],"yoast_head":"<!-- This site is optimized with the Yoast SEO plugin v27.5 - https:\/\/yoast.com\/product\/yoast-seo-wordpress\/ -->\n<title>J\u00f6rgen Pettersson - \u00cdtr\u00f3ttasamband F\u00f8roya<\/title>\n<meta name=\"robots\" content=\"index, follow, max-snippet:-1, max-image-preview:large, max-video-preview:-1\" \/>\n<link rel=\"canonical\" href=\"https:\/\/isf.fo\/en\/itrotturin-eg\/jorgen-pettersson\/\" \/>\n<meta property=\"og:locale\" content=\"en_US\" \/>\n<meta property=\"og:type\" content=\"article\" \/>\n<meta property=\"og:title\" content=\"J\u00f6rgen Pettersson - \u00cdtr\u00f3ttasamband F\u00f8roya\" \/>\n<meta property=\"og:description\" content=\"Heimas\u00ed\u00f0an hj\u00e1 \u00cdSF setir kendum f\u00f3lki spurningar um \u00edtr\u00f3tt og r\u00f8rslu: &#8211; Hvat gert t\u00fa fyri at halda teg \u00ed [&hellip;]\" \/>\n<meta property=\"og:url\" content=\"https:\/\/isf.fo\/en\/itrotturin-eg\/jorgen-pettersson\/\" \/>\n<meta property=\"og:site_name\" content=\"\u00cdtr\u00f3ttasamband F\u00f8roya\" \/>\n<meta property=\"article:publisher\" content=\"https:\/\/www.facebook.com\/itrottasambandid\" \/>\n<meta property=\"article:modified_time\" content=\"2017-03-31T15:29:35+00:00\" \/>\n<meta property=\"og:image\" content=\"https:\/\/isf.fo\/wp-content\/uploads\/2011\/02\/jorgen_grein3-300x172.jpg\" \/>\n<meta name=\"twitter:card\" content=\"summary_large_image\" \/>\n<meta name=\"twitter:label1\" content=\"Est. reading time\" \/>\n\t<meta name=\"twitter:data1\" content=\"3 minutes\" \/>\n<script type=\"application\/ld+json\" class=\"yoast-schema-graph\">{\"@context\":\"https:\\\/\\\/schema.org\",\"@graph\":[{\"@type\":\"WebPage\",\"@id\":\"https:\\\/\\\/isf.fo\\\/itrotturin-eg\\\/jorgen-pettersson\\\/\",\"url\":\"https:\\\/\\\/isf.fo\\\/itrotturin-eg\\\/jorgen-pettersson\\\/\",\"name\":\"J\u00f6rgen Pettersson - \u00cdtr\u00f3ttasamband F\u00f8roya\",\"isPartOf\":{\"@id\":\"https:\\\/\\\/isf.fo\\\/#website\"},\"primaryImageOfPage\":{\"@id\":\"https:\\\/\\\/isf.fo\\\/itrotturin-eg\\\/jorgen-pettersson\\\/#primaryimage\"},\"image\":{\"@id\":\"https:\\\/\\\/isf.fo\\\/itrotturin-eg\\\/jorgen-pettersson\\\/#primaryimage\"},\"thumbnailUrl\":\"https:\\\/\\\/isf.fo\\\/wp-content\\\/uploads\\\/2011\\\/02\\\/jorgen_grein3-300x172.jpg\",\"datePublished\":\"2011-02-03T12:10:31+00:00\",\"dateModified\":\"2017-03-31T15:29:35+00:00\",\"breadcrumb\":{\"@id\":\"https:\\\/\\\/isf.fo\\\/itrotturin-eg\\\/jorgen-pettersson\\\/#breadcrumb\"},\"inLanguage\":\"en-US\",\"potentialAction\":[{\"@type\":\"ReadAction\",\"target\":[\"https:\\\/\\\/isf.fo\\\/itrotturin-eg\\\/jorgen-pettersson\\\/\"]}]},{\"@type\":\"ImageObject\",\"inLanguage\":\"en-US\",\"@id\":\"https:\\\/\\\/isf.fo\\\/itrotturin-eg\\\/jorgen-pettersson\\\/#primaryimage\",\"url\":\"https:\\\/\\\/isf.fo\\\/wp-content\\\/uploads\\\/2011\\\/02\\\/jorgen_grein3-300x172.jpg\",\"contentUrl\":\"https:\\\/\\\/isf.fo\\\/wp-content\\\/uploads\\\/2011\\\/02\\\/jorgen_grein3-300x172.jpg\"},{\"@type\":\"BreadcrumbList\",\"@id\":\"https:\\\/\\\/isf.fo\\\/itrotturin-eg\\\/jorgen-pettersson\\\/#breadcrumb\",\"itemListElement\":[{\"@type\":\"ListItem\",\"position\":1,\"name\":\"Home\",\"item\":\"https:\\\/\\\/isf.fo\\\/\"},{\"@type\":\"ListItem\",\"position\":2,\"name\":\"\u00cdtr\u00f3tturin &#038; eg\",\"item\":\"https:\\\/\\\/isf.fo\\\/itrotturin-eg\\\/\"},{\"@type\":\"ListItem\",\"position\":3,\"name\":\"J\u00f6rgen Pettersson\"}]},{\"@type\":\"WebSite\",\"@id\":\"https:\\\/\\\/isf.fo\\\/#website\",\"url\":\"https:\\\/\\\/isf.fo\\\/\",\"name\":\"\u00cdtr\u00f3ttasamband F\u00f8roya\",\"description\":\"\",\"publisher\":{\"@id\":\"https:\\\/\\\/isf.fo\\\/#organization\"},\"potentialAction\":[{\"@type\":\"SearchAction\",\"target\":{\"@type\":\"EntryPoint\",\"urlTemplate\":\"https:\\\/\\\/isf.fo\\\/?s={search_term_string}\"},\"query-input\":{\"@type\":\"PropertyValueSpecification\",\"valueRequired\":true,\"valueName\":\"search_term_string\"}}],\"inLanguage\":\"en-US\"},{\"@type\":\"Organization\",\"@id\":\"https:\\\/\\\/isf.fo\\\/#organization\",\"name\":\"\u00cdtr\u00f3ttasamband F\u00f8roya\",\"url\":\"https:\\\/\\\/isf.fo\\\/\",\"logo\":{\"@type\":\"ImageObject\",\"inLanguage\":\"en-US\",\"@id\":\"https:\\\/\\\/isf.fo\\\/#\\\/schema\\\/logo\\\/image\\\/\",\"url\":\"https:\\\/\\\/isf.fo\\\/wp-content\\\/uploads\\\/2025\\\/06\\\/ISF_Olympic-Committee-logo.png\",\"contentUrl\":\"https:\\\/\\\/isf.fo\\\/wp-content\\\/uploads\\\/2025\\\/06\\\/ISF_Olympic-Committee-logo.png\",\"width\":618,\"height\":121,\"caption\":\"\u00cdtr\u00f3ttasamband F\u00f8roya\"},\"image\":{\"@id\":\"https:\\\/\\\/isf.fo\\\/#\\\/schema\\\/logo\\\/image\\\/\"},\"sameAs\":[\"https:\\\/\\\/www.facebook.com\\\/itrottasambandid\"]}]}<\/script>\n<!-- \/ Yoast SEO plugin. -->","yoast_head_json":{"title":"J\u00f6rgen Pettersson - \u00cdtr\u00f3ttasamband F\u00f8roya","robots":{"index":"index","follow":"follow","max-snippet":"max-snippet:-1","max-image-preview":"max-image-preview:large","max-video-preview":"max-video-preview:-1"},"canonical":"https:\/\/isf.fo\/en\/itrotturin-eg\/jorgen-pettersson\/","og_locale":"en_US","og_type":"article","og_title":"J\u00f6rgen Pettersson - \u00cdtr\u00f3ttasamband F\u00f8roya","og_description":"Heimas\u00ed\u00f0an hj\u00e1 \u00cdSF setir kendum f\u00f3lki spurningar um \u00edtr\u00f3tt og r\u00f8rslu: &#8211; Hvat gert t\u00fa fyri at halda teg \u00ed [&hellip;]","og_url":"https:\/\/isf.fo\/en\/itrotturin-eg\/jorgen-pettersson\/","og_site_name":"\u00cdtr\u00f3ttasamband F\u00f8roya","article_publisher":"https:\/\/www.facebook.com\/itrottasambandid","article_modified_time":"2017-03-31T15:29:35+00:00","og_image":[{"url":"https:\/\/isf.fo\/wp-content\/uploads\/2011\/02\/jorgen_grein3-300x172.jpg","type":"","width":"","height":""}],"twitter_card":"summary_large_image","twitter_misc":{"Est. reading time":"3 minutes"},"schema":{"@context":"https:\/\/schema.org","@graph":[{"@type":"WebPage","@id":"https:\/\/isf.fo\/itrotturin-eg\/jorgen-pettersson\/","url":"https:\/\/isf.fo\/itrotturin-eg\/jorgen-pettersson\/","name":"J\u00f6rgen Pettersson - \u00cdtr\u00f3ttasamband F\u00f8roya","isPartOf":{"@id":"https:\/\/isf.fo\/#website"},"primaryImageOfPage":{"@id":"https:\/\/isf.fo\/itrotturin-eg\/jorgen-pettersson\/#primaryimage"},"image":{"@id":"https:\/\/isf.fo\/itrotturin-eg\/jorgen-pettersson\/#primaryimage"},"thumbnailUrl":"https:\/\/isf.fo\/wp-content\/uploads\/2011\/02\/jorgen_grein3-300x172.jpg","datePublished":"2011-02-03T12:10:31+00:00","dateModified":"2017-03-31T15:29:35+00:00","breadcrumb":{"@id":"https:\/\/isf.fo\/itrotturin-eg\/jorgen-pettersson\/#breadcrumb"},"inLanguage":"en-US","potentialAction":[{"@type":"ReadAction","target":["https:\/\/isf.fo\/itrotturin-eg\/jorgen-pettersson\/"]}]},{"@type":"ImageObject","inLanguage":"en-US","@id":"https:\/\/isf.fo\/itrotturin-eg\/jorgen-pettersson\/#primaryimage","url":"https:\/\/isf.fo\/wp-content\/uploads\/2011\/02\/jorgen_grein3-300x172.jpg","contentUrl":"https:\/\/isf.fo\/wp-content\/uploads\/2011\/02\/jorgen_grein3-300x172.jpg"},{"@type":"BreadcrumbList","@id":"https:\/\/isf.fo\/itrotturin-eg\/jorgen-pettersson\/#breadcrumb","itemListElement":[{"@type":"ListItem","position":1,"name":"Home","item":"https:\/\/isf.fo\/"},{"@type":"ListItem","position":2,"name":"\u00cdtr\u00f3tturin &#038; eg","item":"https:\/\/isf.fo\/itrotturin-eg\/"},{"@type":"ListItem","position":3,"name":"J\u00f6rgen Pettersson"}]},{"@type":"WebSite","@id":"https:\/\/isf.fo\/#website","url":"https:\/\/isf.fo\/","name":"\u00cdtr\u00f3ttasamband F\u00f8roya","description":"","publisher":{"@id":"https:\/\/isf.fo\/#organization"},"potentialAction":[{"@type":"SearchAction","target":{"@type":"EntryPoint","urlTemplate":"https:\/\/isf.fo\/?s={search_term_string}"},"query-input":{"@type":"PropertyValueSpecification","valueRequired":true,"valueName":"search_term_string"}}],"inLanguage":"en-US"},{"@type":"Organization","@id":"https:\/\/isf.fo\/#organization","name":"\u00cdtr\u00f3ttasamband F\u00f8roya","url":"https:\/\/isf.fo\/","logo":{"@type":"ImageObject","inLanguage":"en-US","@id":"https:\/\/isf.fo\/#\/schema\/logo\/image\/","url":"https:\/\/isf.fo\/wp-content\/uploads\/2025\/06\/ISF_Olympic-Committee-logo.png","contentUrl":"https:\/\/isf.fo\/wp-content\/uploads\/2025\/06\/ISF_Olympic-Committee-logo.png","width":618,"height":121,"caption":"\u00cdtr\u00f3ttasamband F\u00f8roya"},"image":{"@id":"https:\/\/isf.fo\/#\/schema\/logo\/image\/"},"sameAs":["https:\/\/www.facebook.com\/itrottasambandid"]}]}},"_links":{"self":[{"href":"https:\/\/isf.fo\/en\/wp-json\/wp\/v2\/pages\/1816","targetHints":{"allow":["GET"]}}],"collection":[{"href":"https:\/\/isf.fo\/en\/wp-json\/wp\/v2\/pages"}],"about":[{"href":"https:\/\/isf.fo\/en\/wp-json\/wp\/v2\/types\/page"}],"author":[{"embeddable":true,"href":"https:\/\/isf.fo\/en\/wp-json\/wp\/v2\/users\/6"}],"replies":[{"embeddable":true,"href":"https:\/\/isf.fo\/en\/wp-json\/wp\/v2\/comments?post=1816"}],"version-history":[{"count":2,"href":"https:\/\/isf.fo\/en\/wp-json\/wp\/v2\/pages\/1816\/revisions"}],"predecessor-version":[{"id":5405,"href":"https:\/\/isf.fo\/en\/wp-json\/wp\/v2\/pages\/1816\/revisions\/5405"}],"up":[{"embeddable":true,"href":"https:\/\/isf.fo\/en\/wp-json\/wp\/v2\/pages\/1251"}],"wp:attachment":[{"href":"https:\/\/isf.fo\/en\/wp-json\/wp\/v2\/media?parent=1816"}],"curies":[{"name":"wp","href":"https:\/\/api.w.org\/{rel}","templated":true}]}}