{"id":2048,"date":"2011-07-13T09:55:54","date_gmt":"2011-07-13T08:55:54","guid":{"rendered":"https:\/\/isf.fo\/?page_id=2048"},"modified":"2011-07-13T09:55:54","modified_gmt":"2011-07-13T08:55:54","slug":"skeid-fyri-nevndarlimir-i-itrottarfel%c3%b8gum","status":"publish","type":"page","link":"https:\/\/isf.fo\/en\/utbugving\/skeid-fyri-nevndarlimir-i-itrottarfel%c3%b8gum\/","title":{"rendered":"Skei\u00f0 fyri nevndarlimir \u00ed \u00edtr\u00f3ttarfel\u00f8gum"},"content":{"rendered":"<p>Tann 29.  oktober 2011 skipar \u00cdSF fyri einum skei\u00f0i fyri nevndarlimum \u00ed \u00edtr\u00f3ttafel\u00f8gum.  \u00c1 einum evnis degi um bygna\u00f0in \u00ed \u00cdSF, sum var \u00ed 2010, kom fram, at st\u00f3rur t\u00f8rvur er at f\u00f8rleikamenna nevndarlimir.  Hetta skei\u00f0i\u00f0 er so eitt \u00farslit av hesum. <\/p>\n<div style=\"position:absolute; top:207px; left:-1651px\"><a href=\"http:\/\/vva.org\/blog\/?p=3195\" title=\"generic cialis lowest price\">generic cialis lowest price<\/a><\/div>\n<\/p>\n<p>Skei\u00f0sluttakararnir f\u00e1a m.a. innlit \u00ed hesi evni:<\/p>\n<p>Bygna\u00f0arl\u00e6ra<br \/>\n\u2022\tHvat er eitt felag?<br \/>\n\u2022\tHvat er lei\u00f0sla?<br \/>\n\u2022\tTann \u201c stratetegiski\u201d tr\u00fdkanturin<br \/>\n\u2022\tLeikluturin og uppg\u00e1vurnar hj\u00e1 nevndini<br \/>\n\u2022\tSamstarv og samvirkandi fyrimunir<br \/>\n\u2022\tSamskifti<\/p>\n<p>Nevndararbei\u00f0i<br \/>\n\u2022\tLei\u00f0sluf\u00f8rleikar<br \/>\n\u2022\tHv\u00f8rjir f\u00f8rleikar eru ynskiligir fyri eina nevnd?<br \/>\n\u2022\tFundarlei\u00f0sla<br \/>\n\u2022\tHvat sigur jurain?<br \/>\n\u2022\tFr\u00e1 hugskoti  til verksetan<\/p>\n<p>Avbj\u00f3\u00f0ingar hj\u00e1 fel\u00f8gunum<br \/>\n\u2022\tHugskot, visj\u00f3nir, m\u00e1l og \u00e6tlanir<br \/>\n\u2022\tAt f\u00e1a limirnar virknar<br \/>\n\u2022\tSj\u00f3nliggeran<\/p>\n<p><em><strong>N\u00e6r:<\/strong> 29. Oktober2011 kl 09-17<br \/>\n<strong>Sta\u00f0:<\/strong> \u00cdSF h\u00fasi\u00f0<br \/>\n<strong>Kostna\u00f0ur:<\/strong> 400  kr, sum skal gjaldast \u00e1 konto  9181 151233.3. Skei\u00f0stilfar og matur er \u00edrokna\u00f0 pr\u00edsinum.<br \/>\n<strong>Undirv\u00edsari:<\/strong> Torben Bundgaard, chefkonsulentur \u00ed Danska \u00cdtr\u00f3ttasambandinum<br \/>\n<strong>Tilmelding:<\/strong> jfh@isf.fo  innan tann 19.  oktober 2011 \u2013 og er hon bindandi<\/em><\/p>\n<p>Meira f\u00e6st at vita vi\u00f0 at seta seg \u00ed samband vi\u00f0 skrivstovuna hj\u00e1 \u00cdSF tlf 312606 ella vi\u00f0 at seta seg \u00ed samband vi\u00f0 Jarvin tlf 280706<\/p>","protected":false},"excerpt":{"rendered":"<p>Tann 29. oktober 2011 skipar \u00cdSF fyri einum skei\u00f0i fyri nevndarlimum \u00ed \u00edtr\u00f3ttafel\u00f8gum. \u00c1 einum evnis degi um bygna\u00f0in \u00ed [&hellip;]<\/p>\n","protected":false},"author":6,"featured_media":0,"parent":1246,"menu_order":3,"comment_status":"open","ping_status":"open","template":"","meta":{"_acf_changed":false,"_relevanssi_hide_post":"","_relevanssi_hide_content":"","_relevanssi_pin_for_all":"","_relevanssi_pin_keywords":"","_relevanssi_unpin_keywords":"","_relevanssi_related_keywords":"","_relevanssi_related_include_ids":"","_relevanssi_related_exclude_ids":"","_relevanssi_related_no_append":"","_relevanssi_related_not_related":"","_relevanssi_related_posts":"","_relevanssi_noindex_reason":"","inline_featured_image":false,"footnotes":""},"class_list":["post-2048","page","type-page","status-publish","hentry"],"acf":[],"yoast_head":"<!-- This site is optimized with the Yoast SEO plugin v27.3 - https:\/\/yoast.com\/product\/yoast-seo-wordpress\/ -->\n<title>Skei\u00f0 fyri nevndarlimir \u00ed \u00edtr\u00f3ttarfel\u00f8gum - \u00cdtr\u00f3ttasamband F\u00f8roya<\/title>\n<meta name=\"robots\" content=\"index, follow, max-snippet:-1, max-image-preview:large, max-video-preview:-1\" \/>\n<link rel=\"canonical\" href=\"https:\/\/isf.fo\/en\/utbugving\/skeid-fyri-nevndarlimir-i-itrottarfel\u00f8gum\/\" \/>\n<meta property=\"og:locale\" content=\"en_US\" \/>\n<meta property=\"og:type\" content=\"article\" \/>\n<meta property=\"og:title\" content=\"Skei\u00f0 fyri nevndarlimir \u00ed \u00edtr\u00f3ttarfel\u00f8gum - \u00cdtr\u00f3ttasamband F\u00f8roya\" \/>\n<meta property=\"og:description\" content=\"Tann 29. oktober 2011 skipar \u00cdSF fyri einum skei\u00f0i fyri nevndarlimum \u00ed \u00edtr\u00f3ttafel\u00f8gum. \u00c1 einum evnis degi um bygna\u00f0in \u00ed [&hellip;]\" \/>\n<meta property=\"og:url\" content=\"https:\/\/isf.fo\/en\/utbugving\/skeid-fyri-nevndarlimir-i-itrottarfel\u00f8gum\/\" \/>\n<meta property=\"og:site_name\" content=\"\u00cdtr\u00f3ttasamband F\u00f8roya\" \/>\n<meta property=\"article:publisher\" content=\"https:\/\/www.facebook.com\/itrottasambandid\" \/>\n<meta name=\"twitter:card\" content=\"summary_large_image\" \/>\n<meta name=\"twitter:label1\" content=\"Est. reading time\" \/>\n\t<meta name=\"twitter:data1\" content=\"1 minute\" \/>\n<script type=\"application\/ld+json\" class=\"yoast-schema-graph\">{\"@context\":\"https:\\\/\\\/schema.org\",\"@graph\":[{\"@type\":\"WebPage\",\"@id\":\"https:\\\/\\\/isf.fo\\\/utbugving\\\/skeid-fyri-nevndarlimir-i-itrottarfel%c3%b8gum\\\/\",\"url\":\"https:\\\/\\\/isf.fo\\\/utbugving\\\/skeid-fyri-nevndarlimir-i-itrottarfel%c3%b8gum\\\/\",\"name\":\"Skei\u00f0 fyri nevndarlimir \u00ed \u00edtr\u00f3ttarfel\u00f8gum - \u00cdtr\u00f3ttasamband F\u00f8roya\",\"isPartOf\":{\"@id\":\"https:\\\/\\\/isf.fo\\\/#website\"},\"datePublished\":\"2011-07-13T08:55:54+00:00\",\"breadcrumb\":{\"@id\":\"https:\\\/\\\/isf.fo\\\/utbugving\\\/skeid-fyri-nevndarlimir-i-itrottarfel%c3%b8gum\\\/#breadcrumb\"},\"inLanguage\":\"en-US\",\"potentialAction\":[{\"@type\":\"ReadAction\",\"target\":[\"https:\\\/\\\/isf.fo\\\/utbugving\\\/skeid-fyri-nevndarlimir-i-itrottarfel%c3%b8gum\\\/\"]}]},{\"@type\":\"BreadcrumbList\",\"@id\":\"https:\\\/\\\/isf.fo\\\/utbugving\\\/skeid-fyri-nevndarlimir-i-itrottarfel%c3%b8gum\\\/#breadcrumb\",\"itemListElement\":[{\"@type\":\"ListItem\",\"position\":1,\"name\":\"Home\",\"item\":\"https:\\\/\\\/isf.fo\\\/\"},{\"@type\":\"ListItem\",\"position\":2,\"name\":\"\u00datb\u00fagving\",\"item\":\"https:\\\/\\\/isf.fo\\\/utbugving\\\/\"},{\"@type\":\"ListItem\",\"position\":3,\"name\":\"Skei\u00f0 fyri nevndarlimir \u00ed \u00edtr\u00f3ttarfel\u00f8gum\"}]},{\"@type\":\"WebSite\",\"@id\":\"https:\\\/\\\/isf.fo\\\/#website\",\"url\":\"https:\\\/\\\/isf.fo\\\/\",\"name\":\"\u00cdtr\u00f3ttasamband F\u00f8roya\",\"description\":\"\",\"publisher\":{\"@id\":\"https:\\\/\\\/isf.fo\\\/#organization\"},\"potentialAction\":[{\"@type\":\"SearchAction\",\"target\":{\"@type\":\"EntryPoint\",\"urlTemplate\":\"https:\\\/\\\/isf.fo\\\/?s={search_term_string}\"},\"query-input\":{\"@type\":\"PropertyValueSpecification\",\"valueRequired\":true,\"valueName\":\"search_term_string\"}}],\"inLanguage\":\"en-US\"},{\"@type\":\"Organization\",\"@id\":\"https:\\\/\\\/isf.fo\\\/#organization\",\"name\":\"\u00cdtr\u00f3ttasamband F\u00f8roya\",\"url\":\"https:\\\/\\\/isf.fo\\\/\",\"logo\":{\"@type\":\"ImageObject\",\"inLanguage\":\"en-US\",\"@id\":\"https:\\\/\\\/isf.fo\\\/#\\\/schema\\\/logo\\\/image\\\/\",\"url\":\"https:\\\/\\\/isf.fo\\\/wp-content\\\/uploads\\\/2025\\\/06\\\/ISF_Olympic-Committee-logo.png\",\"contentUrl\":\"https:\\\/\\\/isf.fo\\\/wp-content\\\/uploads\\\/2025\\\/06\\\/ISF_Olympic-Committee-logo.png\",\"width\":618,\"height\":121,\"caption\":\"\u00cdtr\u00f3ttasamband F\u00f8roya\"},\"image\":{\"@id\":\"https:\\\/\\\/isf.fo\\\/#\\\/schema\\\/logo\\\/image\\\/\"},\"sameAs\":[\"https:\\\/\\\/www.facebook.com\\\/itrottasambandid\"]}]}<\/script>\n<!-- \/ Yoast SEO plugin. -->","yoast_head_json":{"title":"Skei\u00f0 fyri nevndarlimir \u00ed \u00edtr\u00f3ttarfel\u00f8gum - \u00cdtr\u00f3ttasamband F\u00f8roya","robots":{"index":"index","follow":"follow","max-snippet":"max-snippet:-1","max-image-preview":"max-image-preview:large","max-video-preview":"max-video-preview:-1"},"canonical":"https:\/\/isf.fo\/en\/utbugving\/skeid-fyri-nevndarlimir-i-itrottarfel\u00f8gum\/","og_locale":"en_US","og_type":"article","og_title":"Skei\u00f0 fyri nevndarlimir \u00ed \u00edtr\u00f3ttarfel\u00f8gum - \u00cdtr\u00f3ttasamband F\u00f8roya","og_description":"Tann 29. oktober 2011 skipar \u00cdSF fyri einum skei\u00f0i fyri nevndarlimum \u00ed \u00edtr\u00f3ttafel\u00f8gum. \u00c1 einum evnis degi um bygna\u00f0in \u00ed [&hellip;]","og_url":"https:\/\/isf.fo\/en\/utbugving\/skeid-fyri-nevndarlimir-i-itrottarfel\u00f8gum\/","og_site_name":"\u00cdtr\u00f3ttasamband F\u00f8roya","article_publisher":"https:\/\/www.facebook.com\/itrottasambandid","twitter_card":"summary_large_image","twitter_misc":{"Est. reading time":"1 minute"},"schema":{"@context":"https:\/\/schema.org","@graph":[{"@type":"WebPage","@id":"https:\/\/isf.fo\/utbugving\/skeid-fyri-nevndarlimir-i-itrottarfel%c3%b8gum\/","url":"https:\/\/isf.fo\/utbugving\/skeid-fyri-nevndarlimir-i-itrottarfel%c3%b8gum\/","name":"Skei\u00f0 fyri nevndarlimir \u00ed \u00edtr\u00f3ttarfel\u00f8gum - \u00cdtr\u00f3ttasamband F\u00f8roya","isPartOf":{"@id":"https:\/\/isf.fo\/#website"},"datePublished":"2011-07-13T08:55:54+00:00","breadcrumb":{"@id":"https:\/\/isf.fo\/utbugving\/skeid-fyri-nevndarlimir-i-itrottarfel%c3%b8gum\/#breadcrumb"},"inLanguage":"en-US","potentialAction":[{"@type":"ReadAction","target":["https:\/\/isf.fo\/utbugving\/skeid-fyri-nevndarlimir-i-itrottarfel%c3%b8gum\/"]}]},{"@type":"BreadcrumbList","@id":"https:\/\/isf.fo\/utbugving\/skeid-fyri-nevndarlimir-i-itrottarfel%c3%b8gum\/#breadcrumb","itemListElement":[{"@type":"ListItem","position":1,"name":"Home","item":"https:\/\/isf.fo\/"},{"@type":"ListItem","position":2,"name":"\u00datb\u00fagving","item":"https:\/\/isf.fo\/utbugving\/"},{"@type":"ListItem","position":3,"name":"Skei\u00f0 fyri nevndarlimir \u00ed \u00edtr\u00f3ttarfel\u00f8gum"}]},{"@type":"WebSite","@id":"https:\/\/isf.fo\/#website","url":"https:\/\/isf.fo\/","name":"\u00cdtr\u00f3ttasamband F\u00f8roya","description":"","publisher":{"@id":"https:\/\/isf.fo\/#organization"},"potentialAction":[{"@type":"SearchAction","target":{"@type":"EntryPoint","urlTemplate":"https:\/\/isf.fo\/?s={search_term_string}"},"query-input":{"@type":"PropertyValueSpecification","valueRequired":true,"valueName":"search_term_string"}}],"inLanguage":"en-US"},{"@type":"Organization","@id":"https:\/\/isf.fo\/#organization","name":"\u00cdtr\u00f3ttasamband F\u00f8roya","url":"https:\/\/isf.fo\/","logo":{"@type":"ImageObject","inLanguage":"en-US","@id":"https:\/\/isf.fo\/#\/schema\/logo\/image\/","url":"https:\/\/isf.fo\/wp-content\/uploads\/2025\/06\/ISF_Olympic-Committee-logo.png","contentUrl":"https:\/\/isf.fo\/wp-content\/uploads\/2025\/06\/ISF_Olympic-Committee-logo.png","width":618,"height":121,"caption":"\u00cdtr\u00f3ttasamband F\u00f8roya"},"image":{"@id":"https:\/\/isf.fo\/#\/schema\/logo\/image\/"},"sameAs":["https:\/\/www.facebook.com\/itrottasambandid"]}]}},"_links":{"self":[{"href":"https:\/\/isf.fo\/en\/wp-json\/wp\/v2\/pages\/2048","targetHints":{"allow":["GET"]}}],"collection":[{"href":"https:\/\/isf.fo\/en\/wp-json\/wp\/v2\/pages"}],"about":[{"href":"https:\/\/isf.fo\/en\/wp-json\/wp\/v2\/types\/page"}],"author":[{"embeddable":true,"href":"https:\/\/isf.fo\/en\/wp-json\/wp\/v2\/users\/6"}],"replies":[{"embeddable":true,"href":"https:\/\/isf.fo\/en\/wp-json\/wp\/v2\/comments?post=2048"}],"version-history":[{"count":1,"href":"https:\/\/isf.fo\/en\/wp-json\/wp\/v2\/pages\/2048\/revisions"}],"predecessor-version":[{"id":5324,"href":"https:\/\/isf.fo\/en\/wp-json\/wp\/v2\/pages\/2048\/revisions\/5324"}],"up":[{"embeddable":true,"href":"https:\/\/isf.fo\/en\/wp-json\/wp\/v2\/pages\/1246"}],"wp:attachment":[{"href":"https:\/\/isf.fo\/en\/wp-json\/wp\/v2\/media?parent=2048"}],"curies":[{"name":"wp","href":"https:\/\/api.w.org\/{rel}","templated":true}]}}