{"id":2547,"date":"2012-09-21T09:52:19","date_gmt":"2012-09-21T08:52:19","guid":{"rendered":"https:\/\/isf.fo\/?page_id=2547"},"modified":"2012-09-21T09:52:19","modified_gmt":"2012-09-21T08:52:19","slug":"bjorn-kalso","status":"publish","type":"page","link":"https:\/\/isf.fo\/en\/itrotturin-eg\/bjorn-kalso\/","title":{"rendered":"Bj\u00f8rn Kals\u00f8"},"content":{"rendered":"<p><a href=\"https:\/\/d21ockg4ri0hhk.cloudfront.net\/wp-content\/uploads\/2012\/09\/30193254\/bjorn_k_grein.jpg\"><img decoding=\"async\" data-src=\"https:\/\/d21ockg4ri0hhk.cloudfront.net\/wp-content\/uploads\/2012\/09\/30193254\/bjorn_k_grein.jpg\" alt=\"\" title=\"bjorn_k_grein\" width=\"600\" height=\"345\" class=\"alignnone size-full wp-image-2545 lazyload\" src=\"data:image\/svg+xml;base64,PHN2ZyB3aWR0aD0iMSIgaGVpZ2h0PSIxIiB4bWxucz0iaHR0cDovL3d3dy53My5vcmcvMjAwMC9zdmciPjwvc3ZnPg==\" style=\"--smush-placeholder-width: 600px; --smush-placeholder-aspect-ratio: 600\/345;\" \/><\/a><br \/>\nHeimas\u00ed\u00f0an hj\u00e1 \u00cdSF setir kendum f\u00f3lki spurningar um \u00edtr\u00f3tt og r\u00f8rslu:<\/p>\n<p><em>Hvat gert t\u00fa fyri at halda teg \u00ed form?<\/em><br \/>\nEin partur av t\u00ed at halda meg \u00ed form er komi\u00f0 mest sum av s\u00e6r sj\u00e1lvum, vi\u00f0 ta\u00f0 at eg eri b\u00f3ndi, og m\u00e6r d\u00e1mar sera v\u00e6l at f\u00e1ast vi\u00f0 sey\u00f0 og at ganga \u00ed haganum. N\u00f3gv anna\u00f0 kropsligt arbei\u00f0i fylgir eisini nat\u00farliga vi\u00f0 b\u00f3ndastarvinum.<\/p>\n<p>T\u00e1 stundirnar ikki eru so g\u00f3\u00f0ar til hagan og arbei\u00f0i\u00f0 \u00e1 gar\u00f0inum, orsaka\u00f0 av t\u00ed\u00f0arkrevjandi politiskum arbei\u00f0i, haldi eg meg \u00ed form vi\u00f0 at renna. <\/p>\n<p><em>Ert t\u00fa limur \u00ed \u00edtr\u00f3ttarfelag?<\/em><br \/>\nEg eri limur \u00ed \u00edtr\u00f3ttafelag og gongufelag.<\/p>\n<p><em>\u00cd\u00f0ka\u00f0i t\u00fa \u00edtr\u00f3tt sum barn?<\/em><br \/>\nHavi \u00ed\u00f0ka\u00f0 n\u00f3gvan \u00edtr\u00f3tt sum barn, men byrja\u00f0i  ikki av \u00e1lvara at luttaka \u00ed \u00edtr\u00f3ttakappingum fyrr enn um 12 &#8211; 13 \u00e1ra aldur.<\/p>\n<p>Havi annars sp\u00e6lt flogb\u00f3lt vi\u00f0 Mj\u00f8lni, har ta\u00f0 eydna\u00f0ist at vinna fleiri FM-heiti, b\u00e6\u00f0i \u00ed yngri- og \u00ed fremstu deildini. Flogb\u00f3lturin var \u00edtr\u00f3ttagreinin, eg gj\u00f8rdi mest vi\u00f0 sum vaksin, men eg havi eisini sp\u00e6lt f\u00f3tb\u00f3lt vi\u00f0 K\u00cd og hondb\u00f3lt vi\u00f0 Stj\u00f8rnuni. Eisini \u00ed hesum greinum vunnu vit FM-heiti, men hetta var \u00ed yngru deildunum.  Kappr\u00f3\u00f0urin havi eg eisini roynt vi\u00f0 F\u00edpuni F\u00f8gru og fimleikin vi\u00f0 Klaksv\u00edkar Fimleikafelag. M\u00e6r hevur eisini d\u00e1mt sera v\u00e6l at svimja.<\/p>\n<p><em>Hv\u00f8nn t\u00fddning hevur \u00edtr\u00f3ttur og r\u00f8rsla fyri teg og samfelagi\u00f0?<\/em><br \/>\n\u00cdtr\u00f3ttur og r\u00f8rsla hevur st\u00f3ran t\u00fddning fyri meg, sj\u00e1lvt um eg ikki longur eri virkin \u00ed kappinga\u00edtr\u00f3tti. M\u00e6r d\u00e1mar v\u00e6l at fylgja vi\u00f0 gongdini innan flestu \u00edtr\u00f3ttagreinum og hyggi m.a. eftir f\u00f3tb\u00f3lti, flogb\u00f3lti, hondb\u00f3lti, kappr\u00f3\u00f0ri og fimleiki.<\/p>\n<p>Synirnir f\u00e1ast vi\u00f0 \u00edtr\u00f3tt, og er ta\u00f0 serliga, t\u00e1 teir sp\u00e6la, at eg hyggi, um ta\u00f0 \u00e1 nakran h\u00e1tt ber til.<br \/>\n\u00cdtr\u00f3tturin er  vi\u00f0 til at eggja f\u00f3lki til at halda seg \u00ed venjing, ein kemur nat\u00farliga \u00ed samband vi\u00f0 n\u00f3gv f\u00f3lk um landi\u00f0, fr\u00edt\u00ed\u00f0in f\u00e6r innihald, og familjan kann savnast um felags \u00e1hugam\u00e1l.<\/p>\n<p>Samfelagi\u00f0 f\u00e6r eisini gagn av \u00f8llum t\u00ed st\u00f3ra sj\u00e1lvbodna arbei\u00f0i, i\u00f0 ver\u00f0ur lagt \u00ed \u00edtr\u00f3ttin av elds\u00e1lum, sum \u00edtr\u00f3ttafel\u00f8gini ikki h\u00f8vdu kunna\u00f0 veri\u00f0 fyri uttan.  T\u00ed vi\u00f0 \u00edtr\u00f3ttinum ver\u00f0ur fr\u00edt\u00ed\u00f0in hj\u00e1 ungd\u00f3mi  n\u00fdtt til naka\u00f0, i\u00f0 er  mennandi og  gevur meining.<\/p>\n<p>\u00cdtr\u00f3tturin ger eisini f\u00f3lk tilvita\u00f0 um at liva sunnari og er uttan iva vi\u00f0 til at minka um l\u00f3garbrot millum ung. Vi\u00f0 hesum vinnur samfelagi\u00f0 n\u00f3gv. <\/p>\n<p>Samfelagi\u00f0 hevur t\u00ed eisini st\u00f3rt gagn av t\u00ed n\u00f3gva sj\u00e1lvbodna arbei\u00f0inum \u00ed n\u00f3gvu \u00edtr\u00f3ttafel\u00f8gunum kring landi\u00f0. <\/p>\n<p>Eitt anna\u00f0, sum hevur sera st\u00f3ran samfelagsligan t\u00fddning er, at \u00edtr\u00f3tturin og n\u00f3gv av okkara fram\u00far g\u00f3\u00f0u \u00edtr\u00f3ttaf\u00f3lkum, umbo\u00f0a okkum \u00fati \u00ed heimi vi\u00f0 g\u00f3\u00f0um \u00farslitum. Sl\u00edkt er vi\u00f0 til at styrkja okkara samleika sum tj\u00f3\u00f0 og er samstundis vi\u00f0 til at gera F\u00f8royar kendar \u00fati \u00ed heimi. <\/p>\n<p>Ta\u00f0 var eisini nemandi at vera \u00ed London og s\u00edggja Paralympisku Leikirnar \u00ed summar. Sl\u00edk uppliving sl\u00e6r bara enn fastari t\u00fddningin, i\u00f0 \u00edtr\u00f3tturin hevur! <\/p>","protected":false},"excerpt":{"rendered":"<p>Heimas\u00ed\u00f0an hj\u00e1 \u00cdSF setir kendum f\u00f3lki spurningar um \u00edtr\u00f3tt og r\u00f8rslu: Hvat gert t\u00fa fyri at halda teg \u00ed form? [&hellip;]<\/p>\n","protected":false},"author":6,"featured_media":0,"parent":1251,"menu_order":18,"comment_status":"open","ping_status":"closed","template":"","meta":{"_acf_changed":false,"_relevanssi_hide_post":"","_relevanssi_hide_content":"","_relevanssi_pin_for_all":"","_relevanssi_pin_keywords":"","_relevanssi_unpin_keywords":"","_relevanssi_related_keywords":"","_relevanssi_related_include_ids":"","_relevanssi_related_exclude_ids":"","_relevanssi_related_no_append":"","_relevanssi_related_not_related":"","_relevanssi_related_posts":"","_relevanssi_noindex_reason":"","inline_featured_image":false,"footnotes":""},"class_list":["post-2547","page","type-page","status-publish","hentry"],"acf":[],"yoast_head":"<!-- This site is optimized with the Yoast SEO plugin v27.5 - https:\/\/yoast.com\/product\/yoast-seo-wordpress\/ -->\n<title>Bj\u00f8rn Kals\u00f8 - \u00cdtr\u00f3ttasamband F\u00f8roya<\/title>\n<meta name=\"robots\" content=\"index, follow, max-snippet:-1, max-image-preview:large, max-video-preview:-1\" \/>\n<link rel=\"canonical\" href=\"https:\/\/isf.fo\/en\/itrotturin-eg\/bjorn-kalso\/\" \/>\n<meta property=\"og:locale\" content=\"en_US\" \/>\n<meta property=\"og:type\" content=\"article\" \/>\n<meta property=\"og:title\" content=\"Bj\u00f8rn Kals\u00f8 - \u00cdtr\u00f3ttasamband F\u00f8roya\" \/>\n<meta property=\"og:description\" content=\"Heimas\u00ed\u00f0an hj\u00e1 \u00cdSF setir kendum f\u00f3lki spurningar um \u00edtr\u00f3tt og r\u00f8rslu: Hvat gert t\u00fa fyri at halda teg \u00ed form? [&hellip;]\" \/>\n<meta property=\"og:url\" content=\"https:\/\/isf.fo\/en\/itrotturin-eg\/bjorn-kalso\/\" \/>\n<meta property=\"og:site_name\" content=\"\u00cdtr\u00f3ttasamband F\u00f8roya\" \/>\n<meta property=\"article:publisher\" content=\"https:\/\/www.facebook.com\/itrottasambandid\" \/>\n<meta property=\"og:image\" content=\"https:\/\/isf.fo\/wp-content\/uploads\/2012\/09\/bjorn_k_grein.jpg\" \/>\n<meta name=\"twitter:card\" content=\"summary_large_image\" \/>\n<meta name=\"twitter:label1\" content=\"Est. reading time\" \/>\n\t<meta name=\"twitter:data1\" content=\"3 minutes\" \/>\n<script type=\"application\/ld+json\" class=\"yoast-schema-graph\">{\"@context\":\"https:\\\/\\\/schema.org\",\"@graph\":[{\"@type\":\"WebPage\",\"@id\":\"https:\\\/\\\/isf.fo\\\/itrotturin-eg\\\/bjorn-kalso\\\/\",\"url\":\"https:\\\/\\\/isf.fo\\\/itrotturin-eg\\\/bjorn-kalso\\\/\",\"name\":\"Bj\u00f8rn Kals\u00f8 - \u00cdtr\u00f3ttasamband F\u00f8roya\",\"isPartOf\":{\"@id\":\"https:\\\/\\\/isf.fo\\\/#website\"},\"primaryImageOfPage\":{\"@id\":\"https:\\\/\\\/isf.fo\\\/itrotturin-eg\\\/bjorn-kalso\\\/#primaryimage\"},\"image\":{\"@id\":\"https:\\\/\\\/isf.fo\\\/itrotturin-eg\\\/bjorn-kalso\\\/#primaryimage\"},\"thumbnailUrl\":\"https:\\\/\\\/isf.fo\\\/wp-content\\\/uploads\\\/2012\\\/09\\\/bjorn_k_grein.jpg\",\"datePublished\":\"2012-09-21T08:52:19+00:00\",\"breadcrumb\":{\"@id\":\"https:\\\/\\\/isf.fo\\\/itrotturin-eg\\\/bjorn-kalso\\\/#breadcrumb\"},\"inLanguage\":\"en-US\",\"potentialAction\":[{\"@type\":\"ReadAction\",\"target\":[\"https:\\\/\\\/isf.fo\\\/itrotturin-eg\\\/bjorn-kalso\\\/\"]}]},{\"@type\":\"ImageObject\",\"inLanguage\":\"en-US\",\"@id\":\"https:\\\/\\\/isf.fo\\\/itrotturin-eg\\\/bjorn-kalso\\\/#primaryimage\",\"url\":\"https:\\\/\\\/isf.fo\\\/wp-content\\\/uploads\\\/2012\\\/09\\\/bjorn_k_grein.jpg\",\"contentUrl\":\"https:\\\/\\\/isf.fo\\\/wp-content\\\/uploads\\\/2012\\\/09\\\/bjorn_k_grein.jpg\"},{\"@type\":\"BreadcrumbList\",\"@id\":\"https:\\\/\\\/isf.fo\\\/itrotturin-eg\\\/bjorn-kalso\\\/#breadcrumb\",\"itemListElement\":[{\"@type\":\"ListItem\",\"position\":1,\"name\":\"Home\",\"item\":\"https:\\\/\\\/isf.fo\\\/\"},{\"@type\":\"ListItem\",\"position\":2,\"name\":\"\u00cdtr\u00f3tturin &#038; eg\",\"item\":\"https:\\\/\\\/isf.fo\\\/itrotturin-eg\\\/\"},{\"@type\":\"ListItem\",\"position\":3,\"name\":\"Bj\u00f8rn Kals\u00f8\"}]},{\"@type\":\"WebSite\",\"@id\":\"https:\\\/\\\/isf.fo\\\/#website\",\"url\":\"https:\\\/\\\/isf.fo\\\/\",\"name\":\"\u00cdtr\u00f3ttasamband F\u00f8roya\",\"description\":\"\",\"publisher\":{\"@id\":\"https:\\\/\\\/isf.fo\\\/#organization\"},\"potentialAction\":[{\"@type\":\"SearchAction\",\"target\":{\"@type\":\"EntryPoint\",\"urlTemplate\":\"https:\\\/\\\/isf.fo\\\/?s={search_term_string}\"},\"query-input\":{\"@type\":\"PropertyValueSpecification\",\"valueRequired\":true,\"valueName\":\"search_term_string\"}}],\"inLanguage\":\"en-US\"},{\"@type\":\"Organization\",\"@id\":\"https:\\\/\\\/isf.fo\\\/#organization\",\"name\":\"\u00cdtr\u00f3ttasamband F\u00f8roya\",\"url\":\"https:\\\/\\\/isf.fo\\\/\",\"logo\":{\"@type\":\"ImageObject\",\"inLanguage\":\"en-US\",\"@id\":\"https:\\\/\\\/isf.fo\\\/#\\\/schema\\\/logo\\\/image\\\/\",\"url\":\"https:\\\/\\\/isf.fo\\\/wp-content\\\/uploads\\\/2025\\\/06\\\/ISF_Olympic-Committee-logo.png\",\"contentUrl\":\"https:\\\/\\\/isf.fo\\\/wp-content\\\/uploads\\\/2025\\\/06\\\/ISF_Olympic-Committee-logo.png\",\"width\":618,\"height\":121,\"caption\":\"\u00cdtr\u00f3ttasamband F\u00f8roya\"},\"image\":{\"@id\":\"https:\\\/\\\/isf.fo\\\/#\\\/schema\\\/logo\\\/image\\\/\"},\"sameAs\":[\"https:\\\/\\\/www.facebook.com\\\/itrottasambandid\"]}]}<\/script>\n<!-- \/ Yoast SEO plugin. -->","yoast_head_json":{"title":"Bj\u00f8rn Kals\u00f8 - \u00cdtr\u00f3ttasamband F\u00f8roya","robots":{"index":"index","follow":"follow","max-snippet":"max-snippet:-1","max-image-preview":"max-image-preview:large","max-video-preview":"max-video-preview:-1"},"canonical":"https:\/\/isf.fo\/en\/itrotturin-eg\/bjorn-kalso\/","og_locale":"en_US","og_type":"article","og_title":"Bj\u00f8rn Kals\u00f8 - \u00cdtr\u00f3ttasamband F\u00f8roya","og_description":"Heimas\u00ed\u00f0an hj\u00e1 \u00cdSF setir kendum f\u00f3lki spurningar um \u00edtr\u00f3tt og r\u00f8rslu: Hvat gert t\u00fa fyri at halda teg \u00ed form? [&hellip;]","og_url":"https:\/\/isf.fo\/en\/itrotturin-eg\/bjorn-kalso\/","og_site_name":"\u00cdtr\u00f3ttasamband F\u00f8roya","article_publisher":"https:\/\/www.facebook.com\/itrottasambandid","og_image":[{"url":"https:\/\/isf.fo\/wp-content\/uploads\/2012\/09\/bjorn_k_grein.jpg","type":"","width":"","height":""}],"twitter_card":"summary_large_image","twitter_misc":{"Est. reading time":"3 minutes"},"schema":{"@context":"https:\/\/schema.org","@graph":[{"@type":"WebPage","@id":"https:\/\/isf.fo\/itrotturin-eg\/bjorn-kalso\/","url":"https:\/\/isf.fo\/itrotturin-eg\/bjorn-kalso\/","name":"Bj\u00f8rn Kals\u00f8 - \u00cdtr\u00f3ttasamband F\u00f8roya","isPartOf":{"@id":"https:\/\/isf.fo\/#website"},"primaryImageOfPage":{"@id":"https:\/\/isf.fo\/itrotturin-eg\/bjorn-kalso\/#primaryimage"},"image":{"@id":"https:\/\/isf.fo\/itrotturin-eg\/bjorn-kalso\/#primaryimage"},"thumbnailUrl":"https:\/\/isf.fo\/wp-content\/uploads\/2012\/09\/bjorn_k_grein.jpg","datePublished":"2012-09-21T08:52:19+00:00","breadcrumb":{"@id":"https:\/\/isf.fo\/itrotturin-eg\/bjorn-kalso\/#breadcrumb"},"inLanguage":"en-US","potentialAction":[{"@type":"ReadAction","target":["https:\/\/isf.fo\/itrotturin-eg\/bjorn-kalso\/"]}]},{"@type":"ImageObject","inLanguage":"en-US","@id":"https:\/\/isf.fo\/itrotturin-eg\/bjorn-kalso\/#primaryimage","url":"https:\/\/isf.fo\/wp-content\/uploads\/2012\/09\/bjorn_k_grein.jpg","contentUrl":"https:\/\/isf.fo\/wp-content\/uploads\/2012\/09\/bjorn_k_grein.jpg"},{"@type":"BreadcrumbList","@id":"https:\/\/isf.fo\/itrotturin-eg\/bjorn-kalso\/#breadcrumb","itemListElement":[{"@type":"ListItem","position":1,"name":"Home","item":"https:\/\/isf.fo\/"},{"@type":"ListItem","position":2,"name":"\u00cdtr\u00f3tturin &#038; eg","item":"https:\/\/isf.fo\/itrotturin-eg\/"},{"@type":"ListItem","position":3,"name":"Bj\u00f8rn Kals\u00f8"}]},{"@type":"WebSite","@id":"https:\/\/isf.fo\/#website","url":"https:\/\/isf.fo\/","name":"\u00cdtr\u00f3ttasamband F\u00f8roya","description":"","publisher":{"@id":"https:\/\/isf.fo\/#organization"},"potentialAction":[{"@type":"SearchAction","target":{"@type":"EntryPoint","urlTemplate":"https:\/\/isf.fo\/?s={search_term_string}"},"query-input":{"@type":"PropertyValueSpecification","valueRequired":true,"valueName":"search_term_string"}}],"inLanguage":"en-US"},{"@type":"Organization","@id":"https:\/\/isf.fo\/#organization","name":"\u00cdtr\u00f3ttasamband F\u00f8roya","url":"https:\/\/isf.fo\/","logo":{"@type":"ImageObject","inLanguage":"en-US","@id":"https:\/\/isf.fo\/#\/schema\/logo\/image\/","url":"https:\/\/isf.fo\/wp-content\/uploads\/2025\/06\/ISF_Olympic-Committee-logo.png","contentUrl":"https:\/\/isf.fo\/wp-content\/uploads\/2025\/06\/ISF_Olympic-Committee-logo.png","width":618,"height":121,"caption":"\u00cdtr\u00f3ttasamband F\u00f8roya"},"image":{"@id":"https:\/\/isf.fo\/#\/schema\/logo\/image\/"},"sameAs":["https:\/\/www.facebook.com\/itrottasambandid"]}]}},"_links":{"self":[{"href":"https:\/\/isf.fo\/en\/wp-json\/wp\/v2\/pages\/2547","targetHints":{"allow":["GET"]}}],"collection":[{"href":"https:\/\/isf.fo\/en\/wp-json\/wp\/v2\/pages"}],"about":[{"href":"https:\/\/isf.fo\/en\/wp-json\/wp\/v2\/types\/page"}],"author":[{"embeddable":true,"href":"https:\/\/isf.fo\/en\/wp-json\/wp\/v2\/users\/6"}],"replies":[{"embeddable":true,"href":"https:\/\/isf.fo\/en\/wp-json\/wp\/v2\/comments?post=2547"}],"version-history":[{"count":1,"href":"https:\/\/isf.fo\/en\/wp-json\/wp\/v2\/pages\/2547\/revisions"}],"predecessor-version":[{"id":5249,"href":"https:\/\/isf.fo\/en\/wp-json\/wp\/v2\/pages\/2547\/revisions\/5249"}],"up":[{"embeddable":true,"href":"https:\/\/isf.fo\/en\/wp-json\/wp\/v2\/pages\/1251"}],"wp:attachment":[{"href":"https:\/\/isf.fo\/en\/wp-json\/wp\/v2\/media?parent=2547"}],"curies":[{"name":"wp","href":"https:\/\/api.w.org\/{rel}","templated":true}]}}