{"id":2563,"date":"2012-10-18T11:11:03","date_gmt":"2012-10-18T10:11:03","guid":{"rendered":"https:\/\/isf.fo\/?page_id=2563"},"modified":"2012-10-18T11:11:03","modified_gmt":"2012-10-18T10:11:03","slug":"sigrun-wardum","status":"publish","type":"page","link":"https:\/\/isf.fo\/en\/itrotturin-eg\/sigrun-wardum\/","title":{"rendered":"Sigrun Wardum"},"content":{"rendered":"<p><a href=\"https:\/\/d21ockg4ri0hhk.cloudfront.net\/wp-content\/uploads\/2012\/10\/30193254\/Sigrun-Wardum-grein.jpg\"><img decoding=\"async\" data-src=\"https:\/\/d21ockg4ri0hhk.cloudfront.net\/wp-content\/uploads\/2012\/10\/30193254\/Sigrun-Wardum-grein.jpg\" alt=\"\" title=\"Sigrun Wardum grein\" width=\"600\" height=\"345\" class=\"alignnone size-full wp-image-2561 lazyload\" src=\"data:image\/svg+xml;base64,PHN2ZyB3aWR0aD0iMSIgaGVpZ2h0PSIxIiB4bWxucz0iaHR0cDovL3d3dy53My5vcmcvMjAwMC9zdmciPjwvc3ZnPg==\" style=\"--smush-placeholder-width: 600px; --smush-placeholder-aspect-ratio: 600\/345;\" \/><\/a><br \/>\n<em>Heimas\u00ed\u00f0an hj\u00e1 \u00cdSF setir kendum f\u00f3lki spurningar um \u00edtr\u00f3tt og r\u00f8rslu:<br \/>\nSigrun Wardum er forkvinna \u00ed felagnum Javna<\/em><\/p>\n<p><strong>Hvat gert t\u00fa fyri at halda teg \u00ed form?<\/strong><br \/>\nEg royni at halda meg \u00ed form vi\u00f0 kosti, sum ikki inniheldur sukur, hveiti og mj\u00f3lk. Harumframt eti eg n\u00f3gv gr\u00f8nmeti, \u00f8kologiskt t\u00e1 ta\u00f0 er m\u00f8guligt. Og so royni eg at br\u00faka g\u00f3\u00f0a r\u00e1v\u00f8ru og gera so n\u00f3gv av matinum sum gj\u00f8rligt fr\u00e1 grundini. <\/p>\n<p>Eg havi trupult vi\u00f0 at f\u00e1a gj\u00f8rt n\u00f3g miki\u00f0 av \u00edtr\u00f3tti. Men eg f\u00e1i t\u00f8rn har eg svimji og \u00ed\u00f0ki \u00ed fitness nakrar fer\u00f0ir um vikuna. M\u00e6r d\u00e1mar eisini v\u00e6l at ganga t\u00farar.<\/p>\n<p><strong>Ert t\u00fa limur \u00ed \u00edtr\u00f3ttarfelag?<\/strong><br \/>\nEg eri stu\u00f0ulslimur \u00ed tveimum \u00edtr\u00f3ttarfel\u00f8gum. Sm\u00e6runi, Neistanum og V\u00edkingi, men ikki \u00ed\u00f0kandi limur.<\/p>\n<p><strong>\u00cd\u00f0ka\u00f0i t\u00fa \u00edtr\u00f3tt sum barn?<\/strong><br \/>\nSum barn og ung sp\u00e6ldi eg hondb\u00f3lt vi\u00f0 G\u00cd. Harumframt d\u00e1mdi m\u00e6r v\u00e6l at svimja. T\u00e1 var ongin innandura svimjih\u00f8ll, so svomi\u00f0 var\u00f0 \u00ed einum svimjihyli omanfyri sk\u00falan vi\u00f0 G\u00f8tugj\u00f3gv og \u00e1 sandinum \u00ed  Sy\u00f0rug\u00f8tu. <\/p>\n<p><strong>Hv\u00f8nn t\u00fddning hevur \u00edtr\u00f3ttur og r\u00f8rsla fyri teg og samfelagi\u00f0?<\/strong><br \/>\nTa\u00f0 er ongin ivi um, at likamsr\u00f8rsla er av alst\u00f3rum t\u00fddningi fyri heilsuna hj\u00e1 okkum menniskjum. <\/p>\n<p>Eftirsum at flestu okkara r\u00f8ra okkum ov l\u00edti\u00f0 \u00ed okkara arbei\u00f0i og gerandisl\u00edvi annars, er ta\u00f0 av sera st\u00f3rum t\u00fddningi at \u00ed\u00f0ka okkurt slag av \u00edtr\u00f3tti. <\/p>\n<p>Ta\u00f0 betrar um bl\u00f3\u00f0umlopi\u00f0 og gevur harvi\u00f0 meira f\u00f8\u00f0slu og s\u00farevni \u00fat \u00ed allar partar av kroppinum. Ta\u00f0 vi\u00f0f\u00f8rir, at vit ver\u00f0a betri fyri upp\u00e1 allar m\u00e1tar.<\/p>\n<p>Eg f\u00f8li v\u00e6l munin \u00edmillum, t\u00e1 i\u00f0 eg \u00ed\u00f0ki og t\u00e1 i\u00f0 eg ikki \u00ed\u00f0ki. Alt gerst l\u00e6ttari. <\/p>\n<p>Samfelagsligi \u00e1g\u00f3\u00f0in er til at f\u00e1a eyga \u00e1. Vit f\u00e1a gla\u00f0ari f\u00f3lk. Og so f\u00e1a vit eisini fr\u00edskari f\u00f3lk, t\u00e1 i\u00f0 s\u00e6\u00f0 ver\u00f0ur burtur fr\u00e1 \u00edtr\u00f3ttarska\u00f0um. Fr\u00edskari f\u00f3lk skulu s\u00e6st aftur \u00ed l\u00e6kka\u00f0um \u00fatrei\u00f0slum til heilsuverki\u00f0.<\/p>","protected":false},"excerpt":{"rendered":"<p>Heimas\u00ed\u00f0an hj\u00e1 \u00cdSF setir kendum f\u00f3lki spurningar um \u00edtr\u00f3tt og r\u00f8rslu: Sigrun Wardum er forkvinna \u00ed felagnum Javna Hvat gert [&hellip;]<\/p>\n","protected":false},"author":6,"featured_media":0,"parent":1251,"menu_order":19,"comment_status":"open","ping_status":"closed","template":"","meta":{"_acf_changed":false,"_relevanssi_hide_post":"","_relevanssi_hide_content":"","_relevanssi_pin_for_all":"","_relevanssi_pin_keywords":"","_relevanssi_unpin_keywords":"","_relevanssi_related_keywords":"","_relevanssi_related_include_ids":"","_relevanssi_related_exclude_ids":"","_relevanssi_related_no_append":"","_relevanssi_related_not_related":"","_relevanssi_related_posts":"","_relevanssi_noindex_reason":"","inline_featured_image":false,"footnotes":""},"class_list":["post-2563","page","type-page","status-publish","hentry"],"acf":[],"yoast_head":"<!-- This site is optimized with the Yoast SEO plugin v27.5 - https:\/\/yoast.com\/product\/yoast-seo-wordpress\/ -->\n<title>Sigrun Wardum - \u00cdtr\u00f3ttasamband F\u00f8roya<\/title>\n<meta name=\"robots\" content=\"index, follow, max-snippet:-1, max-image-preview:large, max-video-preview:-1\" \/>\n<link rel=\"canonical\" href=\"https:\/\/isf.fo\/en\/itrotturin-eg\/sigrun-wardum\/\" \/>\n<meta property=\"og:locale\" content=\"en_US\" \/>\n<meta property=\"og:type\" content=\"article\" \/>\n<meta property=\"og:title\" content=\"Sigrun Wardum - \u00cdtr\u00f3ttasamband F\u00f8roya\" \/>\n<meta property=\"og:description\" content=\"Heimas\u00ed\u00f0an hj\u00e1 \u00cdSF setir kendum f\u00f3lki spurningar um \u00edtr\u00f3tt og r\u00f8rslu: Sigrun Wardum er forkvinna \u00ed felagnum Javna Hvat gert [&hellip;]\" \/>\n<meta property=\"og:url\" content=\"https:\/\/isf.fo\/en\/itrotturin-eg\/sigrun-wardum\/\" \/>\n<meta property=\"og:site_name\" content=\"\u00cdtr\u00f3ttasamband F\u00f8roya\" \/>\n<meta property=\"article:publisher\" content=\"https:\/\/www.facebook.com\/itrottasambandid\" \/>\n<meta property=\"og:image\" content=\"https:\/\/isf.fo\/wp-content\/uploads\/2012\/10\/Sigrun-Wardum-grein.jpg\" \/>\n<meta name=\"twitter:card\" content=\"summary_large_image\" \/>\n<meta name=\"twitter:label1\" content=\"Est. reading time\" \/>\n\t<meta name=\"twitter:data1\" content=\"2 minutes\" \/>\n<script type=\"application\/ld+json\" class=\"yoast-schema-graph\">{\"@context\":\"https:\\\/\\\/schema.org\",\"@graph\":[{\"@type\":\"WebPage\",\"@id\":\"https:\\\/\\\/isf.fo\\\/itrotturin-eg\\\/sigrun-wardum\\\/\",\"url\":\"https:\\\/\\\/isf.fo\\\/itrotturin-eg\\\/sigrun-wardum\\\/\",\"name\":\"Sigrun Wardum - \u00cdtr\u00f3ttasamband F\u00f8roya\",\"isPartOf\":{\"@id\":\"https:\\\/\\\/isf.fo\\\/#website\"},\"primaryImageOfPage\":{\"@id\":\"https:\\\/\\\/isf.fo\\\/itrotturin-eg\\\/sigrun-wardum\\\/#primaryimage\"},\"image\":{\"@id\":\"https:\\\/\\\/isf.fo\\\/itrotturin-eg\\\/sigrun-wardum\\\/#primaryimage\"},\"thumbnailUrl\":\"https:\\\/\\\/isf.fo\\\/wp-content\\\/uploads\\\/2012\\\/10\\\/Sigrun-Wardum-grein.jpg\",\"datePublished\":\"2012-10-18T10:11:03+00:00\",\"breadcrumb\":{\"@id\":\"https:\\\/\\\/isf.fo\\\/itrotturin-eg\\\/sigrun-wardum\\\/#breadcrumb\"},\"inLanguage\":\"en-US\",\"potentialAction\":[{\"@type\":\"ReadAction\",\"target\":[\"https:\\\/\\\/isf.fo\\\/itrotturin-eg\\\/sigrun-wardum\\\/\"]}]},{\"@type\":\"ImageObject\",\"inLanguage\":\"en-US\",\"@id\":\"https:\\\/\\\/isf.fo\\\/itrotturin-eg\\\/sigrun-wardum\\\/#primaryimage\",\"url\":\"https:\\\/\\\/isf.fo\\\/wp-content\\\/uploads\\\/2012\\\/10\\\/Sigrun-Wardum-grein.jpg\",\"contentUrl\":\"https:\\\/\\\/isf.fo\\\/wp-content\\\/uploads\\\/2012\\\/10\\\/Sigrun-Wardum-grein.jpg\"},{\"@type\":\"BreadcrumbList\",\"@id\":\"https:\\\/\\\/isf.fo\\\/itrotturin-eg\\\/sigrun-wardum\\\/#breadcrumb\",\"itemListElement\":[{\"@type\":\"ListItem\",\"position\":1,\"name\":\"Home\",\"item\":\"https:\\\/\\\/isf.fo\\\/\"},{\"@type\":\"ListItem\",\"position\":2,\"name\":\"\u00cdtr\u00f3tturin &#038; eg\",\"item\":\"https:\\\/\\\/isf.fo\\\/itrotturin-eg\\\/\"},{\"@type\":\"ListItem\",\"position\":3,\"name\":\"Sigrun Wardum\"}]},{\"@type\":\"WebSite\",\"@id\":\"https:\\\/\\\/isf.fo\\\/#website\",\"url\":\"https:\\\/\\\/isf.fo\\\/\",\"name\":\"\u00cdtr\u00f3ttasamband F\u00f8roya\",\"description\":\"\",\"publisher\":{\"@id\":\"https:\\\/\\\/isf.fo\\\/#organization\"},\"potentialAction\":[{\"@type\":\"SearchAction\",\"target\":{\"@type\":\"EntryPoint\",\"urlTemplate\":\"https:\\\/\\\/isf.fo\\\/?s={search_term_string}\"},\"query-input\":{\"@type\":\"PropertyValueSpecification\",\"valueRequired\":true,\"valueName\":\"search_term_string\"}}],\"inLanguage\":\"en-US\"},{\"@type\":\"Organization\",\"@id\":\"https:\\\/\\\/isf.fo\\\/#organization\",\"name\":\"\u00cdtr\u00f3ttasamband F\u00f8roya\",\"url\":\"https:\\\/\\\/isf.fo\\\/\",\"logo\":{\"@type\":\"ImageObject\",\"inLanguage\":\"en-US\",\"@id\":\"https:\\\/\\\/isf.fo\\\/#\\\/schema\\\/logo\\\/image\\\/\",\"url\":\"https:\\\/\\\/isf.fo\\\/wp-content\\\/uploads\\\/2025\\\/06\\\/ISF_Olympic-Committee-logo.png\",\"contentUrl\":\"https:\\\/\\\/isf.fo\\\/wp-content\\\/uploads\\\/2025\\\/06\\\/ISF_Olympic-Committee-logo.png\",\"width\":618,\"height\":121,\"caption\":\"\u00cdtr\u00f3ttasamband F\u00f8roya\"},\"image\":{\"@id\":\"https:\\\/\\\/isf.fo\\\/#\\\/schema\\\/logo\\\/image\\\/\"},\"sameAs\":[\"https:\\\/\\\/www.facebook.com\\\/itrottasambandid\"]}]}<\/script>\n<!-- \/ Yoast SEO plugin. -->","yoast_head_json":{"title":"Sigrun Wardum - \u00cdtr\u00f3ttasamband F\u00f8roya","robots":{"index":"index","follow":"follow","max-snippet":"max-snippet:-1","max-image-preview":"max-image-preview:large","max-video-preview":"max-video-preview:-1"},"canonical":"https:\/\/isf.fo\/en\/itrotturin-eg\/sigrun-wardum\/","og_locale":"en_US","og_type":"article","og_title":"Sigrun Wardum - \u00cdtr\u00f3ttasamband F\u00f8roya","og_description":"Heimas\u00ed\u00f0an hj\u00e1 \u00cdSF setir kendum f\u00f3lki spurningar um \u00edtr\u00f3tt og r\u00f8rslu: Sigrun Wardum er forkvinna \u00ed felagnum Javna Hvat gert [&hellip;]","og_url":"https:\/\/isf.fo\/en\/itrotturin-eg\/sigrun-wardum\/","og_site_name":"\u00cdtr\u00f3ttasamband F\u00f8roya","article_publisher":"https:\/\/www.facebook.com\/itrottasambandid","og_image":[{"url":"https:\/\/isf.fo\/wp-content\/uploads\/2012\/10\/Sigrun-Wardum-grein.jpg","type":"","width":"","height":""}],"twitter_card":"summary_large_image","twitter_misc":{"Est. reading time":"2 minutes"},"schema":{"@context":"https:\/\/schema.org","@graph":[{"@type":"WebPage","@id":"https:\/\/isf.fo\/itrotturin-eg\/sigrun-wardum\/","url":"https:\/\/isf.fo\/itrotturin-eg\/sigrun-wardum\/","name":"Sigrun Wardum - \u00cdtr\u00f3ttasamband F\u00f8roya","isPartOf":{"@id":"https:\/\/isf.fo\/#website"},"primaryImageOfPage":{"@id":"https:\/\/isf.fo\/itrotturin-eg\/sigrun-wardum\/#primaryimage"},"image":{"@id":"https:\/\/isf.fo\/itrotturin-eg\/sigrun-wardum\/#primaryimage"},"thumbnailUrl":"https:\/\/isf.fo\/wp-content\/uploads\/2012\/10\/Sigrun-Wardum-grein.jpg","datePublished":"2012-10-18T10:11:03+00:00","breadcrumb":{"@id":"https:\/\/isf.fo\/itrotturin-eg\/sigrun-wardum\/#breadcrumb"},"inLanguage":"en-US","potentialAction":[{"@type":"ReadAction","target":["https:\/\/isf.fo\/itrotturin-eg\/sigrun-wardum\/"]}]},{"@type":"ImageObject","inLanguage":"en-US","@id":"https:\/\/isf.fo\/itrotturin-eg\/sigrun-wardum\/#primaryimage","url":"https:\/\/isf.fo\/wp-content\/uploads\/2012\/10\/Sigrun-Wardum-grein.jpg","contentUrl":"https:\/\/isf.fo\/wp-content\/uploads\/2012\/10\/Sigrun-Wardum-grein.jpg"},{"@type":"BreadcrumbList","@id":"https:\/\/isf.fo\/itrotturin-eg\/sigrun-wardum\/#breadcrumb","itemListElement":[{"@type":"ListItem","position":1,"name":"Home","item":"https:\/\/isf.fo\/"},{"@type":"ListItem","position":2,"name":"\u00cdtr\u00f3tturin &#038; eg","item":"https:\/\/isf.fo\/itrotturin-eg\/"},{"@type":"ListItem","position":3,"name":"Sigrun Wardum"}]},{"@type":"WebSite","@id":"https:\/\/isf.fo\/#website","url":"https:\/\/isf.fo\/","name":"\u00cdtr\u00f3ttasamband F\u00f8roya","description":"","publisher":{"@id":"https:\/\/isf.fo\/#organization"},"potentialAction":[{"@type":"SearchAction","target":{"@type":"EntryPoint","urlTemplate":"https:\/\/isf.fo\/?s={search_term_string}"},"query-input":{"@type":"PropertyValueSpecification","valueRequired":true,"valueName":"search_term_string"}}],"inLanguage":"en-US"},{"@type":"Organization","@id":"https:\/\/isf.fo\/#organization","name":"\u00cdtr\u00f3ttasamband F\u00f8roya","url":"https:\/\/isf.fo\/","logo":{"@type":"ImageObject","inLanguage":"en-US","@id":"https:\/\/isf.fo\/#\/schema\/logo\/image\/","url":"https:\/\/isf.fo\/wp-content\/uploads\/2025\/06\/ISF_Olympic-Committee-logo.png","contentUrl":"https:\/\/isf.fo\/wp-content\/uploads\/2025\/06\/ISF_Olympic-Committee-logo.png","width":618,"height":121,"caption":"\u00cdtr\u00f3ttasamband F\u00f8roya"},"image":{"@id":"https:\/\/isf.fo\/#\/schema\/logo\/image\/"},"sameAs":["https:\/\/www.facebook.com\/itrottasambandid"]}]}},"_links":{"self":[{"href":"https:\/\/isf.fo\/en\/wp-json\/wp\/v2\/pages\/2563","targetHints":{"allow":["GET"]}}],"collection":[{"href":"https:\/\/isf.fo\/en\/wp-json\/wp\/v2\/pages"}],"about":[{"href":"https:\/\/isf.fo\/en\/wp-json\/wp\/v2\/types\/page"}],"author":[{"embeddable":true,"href":"https:\/\/isf.fo\/en\/wp-json\/wp\/v2\/users\/6"}],"replies":[{"embeddable":true,"href":"https:\/\/isf.fo\/en\/wp-json\/wp\/v2\/comments?post=2563"}],"version-history":[{"count":1,"href":"https:\/\/isf.fo\/en\/wp-json\/wp\/v2\/pages\/2563\/revisions"}],"predecessor-version":[{"id":5250,"href":"https:\/\/isf.fo\/en\/wp-json\/wp\/v2\/pages\/2563\/revisions\/5250"}],"up":[{"embeddable":true,"href":"https:\/\/isf.fo\/en\/wp-json\/wp\/v2\/pages\/1251"}],"wp:attachment":[{"href":"https:\/\/isf.fo\/en\/wp-json\/wp\/v2\/media?parent=2563"}],"curies":[{"name":"wp","href":"https:\/\/api.w.org\/{rel}","templated":true}]}}