{"id":3012,"date":"2013-04-30T11:36:47","date_gmt":"2013-04-30T10:36:47","guid":{"rendered":"https:\/\/isf.fo\/?page_id=3012"},"modified":"2017-03-31T15:25:36","modified_gmt":"2017-03-31T15:25:36","slug":"barbara-holm","status":"publish","type":"page","link":"https:\/\/isf.fo\/en\/itrotturin-eg\/barbara-holm\/","title":{"rendered":"Barbara Holm"},"content":{"rendered":"<p><em><a href=\"https:\/\/d21ockg4ri0hhk.cloudfront.net\/wp-content\/uploads\/2009\/12\/30193202\/barbara-holm.png\" rel=\"attachment wp-att-5381\"><img decoding=\"async\" class=\"alignright size-medium wp-image-5381 lazyload\" data-src=\"https:\/\/d21ockg4ri0hhk.cloudfront.net\/wp-content\/uploads\/2009\/12\/30193202\/barbara-holm-265x300.png\" alt=\"\" width=\"265\" height=\"300\" data-srcset=\"https:\/\/d21ockg4ri0hhk.cloudfront.net\/wp-content\/uploads\/2009\/12\/30193202\/barbara-holm-265x300.png 265w, https:\/\/d21ockg4ri0hhk.cloudfront.net\/wp-content\/uploads\/2009\/12\/30193202\/barbara-holm.png 305w\" data-sizes=\"(max-width: 265px) 100vw, 265px\" src=\"data:image\/svg+xml;base64,PHN2ZyB3aWR0aD0iMSIgaGVpZ2h0PSIxIiB4bWxucz0iaHR0cDovL3d3dy53My5vcmcvMjAwMC9zdmciPjwvc3ZnPg==\" style=\"--smush-placeholder-width: 265px; --smush-placeholder-aspect-ratio: 265\/300;\" \/><\/a>Heimas\u00ed\u00f0an hj\u00e1 \u00cdSF setir kendum f\u00f3lki spurningar um \u00edtr\u00f3tt og r\u00f8rslu:<br \/>\nHesa fer\u00f0 er gesturin Barbara Holm, mi\u00f0laf\u00f3lk<\/em><\/p>\n<p><strong>Hvat gert t\u00fa fyri at halda teg \u00ed form?<\/strong><br \/>\n\u00cd l\u00f8tuni venji eg eitt program, sum eitur Insanity. Ta\u00f0 merkir, at eg venji seks dagar um vikuna. Annars plagi eg at venja n\u00f3gv \u00ed Fitness World, og har er ta\u00f0 alt fr\u00e1 spinning til styrkivenjingar. Haraftrat royni eg at eta sunt. Eg skal vi\u00f0ganga, at eg sn\u00fdti ofta, og m\u00e6r d\u00e1mar v\u00e6l grillmat o.s.fr., men eg royni hv\u00f8nn dag at eta minni enn eg forbrenni.<\/p>\n<p><strong>&#8211; Ert t\u00fa limur \u00ed \u00edtr\u00f3ttarfelag?<\/strong><br \/>\nNei, ta\u00f0 eri eg ikki.<\/p>\n<p><strong>&#8211; \u00cd\u00f0ka\u00f0i t\u00fa \u00edtr\u00f3tt sum barn?<\/strong><br \/>\nT\u00e1 man veksur upp \u00ed einari \u00edtr\u00f3ttarbygd, sum V\u00e1gur er, so roynir man seg sj\u00e1lvandi innan t\u00e6r \u00edt\u00f3ttargreinar, sum bygdin hevur at bj\u00f3\u00f0a. So eg sp\u00e6ldi hondb\u00f3lt, f\u00f3tb\u00f3lt og svam, t\u00e1 i\u00f0 eg var yngri, men eg kann erligt vi\u00f0ganga, at \u00edtr\u00f3ttur ikki er m\u00edn sterka s\u00ed\u00f0a :).<\/p>\n<p><strong>&#8211; Hv\u00f8nn t\u00fddning hevur \u00edtr\u00f3ttur og r\u00f8rsla fyri teg og samfelagi\u00f0?<\/strong><br \/>\nFyri meg er ta\u00f0 blivi\u00f0 r\u00e6ttiliga umr\u00e1\u00f0andi at venja fleiri fer\u00f0ir um vikuna. Eg havi ikki alt\u00ed\u00f0 vant, men s\u00ed\u00f0ani eg byrja\u00f0i fyri n\u00f8krum \u00e1rum s\u00ed\u00f0ani, eri eg blivin sera gla\u00f0 fyri ta\u00f0, og onkursvegna &#8220;avhengig&#8221; av t\u00ed. Eg haldi ta\u00f0 er t\u00fddningarmiki\u00f0 fyri alt samfelagi\u00f0 at r\u00f8ra seg, og at hugsa um heilsuna. Vit liva \u00ed einum samfelag har v\u00e6lfer\u00f0arsj\u00fakurnar \u00ed veruleikanum eru st\u00f8rsta h\u00f3ttanin m\u00f3ti okkara heilsu. Vit r\u00f8ra okkum ov l\u00edti\u00f0 og eta ov n\u00f3gv. T\u00ed haldi eg, at r\u00f8rsla hevur n\u00f3gv at siga &#8211; \u00f3ans\u00e6\u00f0 um talan er um at sp\u00e6la vi\u00f0urkendan \u00edtr\u00f3tt, ella um talan er um fitness ella a\u00f0rar l\u00edknandi venjingar. Og so haldi eg eisini, at ta\u00f0 er sera t\u00fddningarmiki\u00f0 at hugsa um hvat ein etur \u00ed gerandisdegnum.<\/p>","protected":false},"excerpt":{"rendered":"<p>Heimas\u00ed\u00f0an hj\u00e1 \u00cdSF setir kendum f\u00f3lki spurningar um \u00edtr\u00f3tt og r\u00f8rslu: Hesa fer\u00f0 er gesturin Barbara Holm, mi\u00f0laf\u00f3lk Hvat gert [&hellip;]<\/p>\n","protected":false},"author":6,"featured_media":0,"parent":1251,"menu_order":27,"comment_status":"open","ping_status":"closed","template":"","meta":{"_acf_changed":false,"_relevanssi_hide_post":"","_relevanssi_hide_content":"","_relevanssi_pin_for_all":"","_relevanssi_pin_keywords":"","_relevanssi_unpin_keywords":"","_relevanssi_related_keywords":"","_relevanssi_related_include_ids":"","_relevanssi_related_exclude_ids":"","_relevanssi_related_no_append":"","_relevanssi_related_not_related":"","_relevanssi_related_posts":"","_relevanssi_noindex_reason":"","inline_featured_image":false,"footnotes":""},"class_list":["post-3012","page","type-page","status-publish","hentry"],"acf":[],"yoast_head":"<!-- This site is optimized with the Yoast SEO plugin v27.5 - https:\/\/yoast.com\/product\/yoast-seo-wordpress\/ -->\n<title>Barbara Holm - \u00cdtr\u00f3ttasamband F\u00f8roya<\/title>\n<meta name=\"robots\" content=\"index, follow, max-snippet:-1, max-image-preview:large, max-video-preview:-1\" \/>\n<link rel=\"canonical\" href=\"https:\/\/isf.fo\/en\/itrotturin-eg\/barbara-holm\/\" \/>\n<meta property=\"og:locale\" content=\"en_US\" \/>\n<meta property=\"og:type\" content=\"article\" \/>\n<meta property=\"og:title\" content=\"Barbara Holm - \u00cdtr\u00f3ttasamband F\u00f8roya\" \/>\n<meta property=\"og:description\" content=\"Heimas\u00ed\u00f0an hj\u00e1 \u00cdSF setir kendum f\u00f3lki spurningar um \u00edtr\u00f3tt og r\u00f8rslu: Hesa fer\u00f0 er gesturin Barbara Holm, mi\u00f0laf\u00f3lk Hvat gert [&hellip;]\" \/>\n<meta property=\"og:url\" content=\"https:\/\/isf.fo\/en\/itrotturin-eg\/barbara-holm\/\" \/>\n<meta property=\"og:site_name\" content=\"\u00cdtr\u00f3ttasamband F\u00f8roya\" \/>\n<meta property=\"article:publisher\" content=\"https:\/\/www.facebook.com\/itrottasambandid\" \/>\n<meta property=\"article:modified_time\" content=\"2017-03-31T15:25:36+00:00\" \/>\n<meta property=\"og:image\" content=\"https:\/\/isf.fo\/wp-content\/uploads\/2009\/12\/barbara-holm-265x300.png\" \/>\n<meta name=\"twitter:card\" content=\"summary_large_image\" \/>\n<meta name=\"twitter:label1\" content=\"Est. reading time\" \/>\n\t<meta name=\"twitter:data1\" content=\"2 minutes\" \/>\n<script type=\"application\/ld+json\" class=\"yoast-schema-graph\">{\"@context\":\"https:\\\/\\\/schema.org\",\"@graph\":[{\"@type\":\"WebPage\",\"@id\":\"https:\\\/\\\/isf.fo\\\/itrotturin-eg\\\/barbara-holm\\\/\",\"url\":\"https:\\\/\\\/isf.fo\\\/itrotturin-eg\\\/barbara-holm\\\/\",\"name\":\"Barbara Holm - \u00cdtr\u00f3ttasamband F\u00f8roya\",\"isPartOf\":{\"@id\":\"https:\\\/\\\/isf.fo\\\/#website\"},\"primaryImageOfPage\":{\"@id\":\"https:\\\/\\\/isf.fo\\\/itrotturin-eg\\\/barbara-holm\\\/#primaryimage\"},\"image\":{\"@id\":\"https:\\\/\\\/isf.fo\\\/itrotturin-eg\\\/barbara-holm\\\/#primaryimage\"},\"thumbnailUrl\":\"https:\\\/\\\/isf.fo\\\/wp-content\\\/uploads\\\/2009\\\/12\\\/barbara-holm-265x300.png\",\"datePublished\":\"2013-04-30T10:36:47+00:00\",\"dateModified\":\"2017-03-31T15:25:36+00:00\",\"breadcrumb\":{\"@id\":\"https:\\\/\\\/isf.fo\\\/itrotturin-eg\\\/barbara-holm\\\/#breadcrumb\"},\"inLanguage\":\"en-US\",\"potentialAction\":[{\"@type\":\"ReadAction\",\"target\":[\"https:\\\/\\\/isf.fo\\\/itrotturin-eg\\\/barbara-holm\\\/\"]}]},{\"@type\":\"ImageObject\",\"inLanguage\":\"en-US\",\"@id\":\"https:\\\/\\\/isf.fo\\\/itrotturin-eg\\\/barbara-holm\\\/#primaryimage\",\"url\":\"https:\\\/\\\/isf.fo\\\/wp-content\\\/uploads\\\/2009\\\/12\\\/barbara-holm-265x300.png\",\"contentUrl\":\"https:\\\/\\\/isf.fo\\\/wp-content\\\/uploads\\\/2009\\\/12\\\/barbara-holm-265x300.png\"},{\"@type\":\"BreadcrumbList\",\"@id\":\"https:\\\/\\\/isf.fo\\\/itrotturin-eg\\\/barbara-holm\\\/#breadcrumb\",\"itemListElement\":[{\"@type\":\"ListItem\",\"position\":1,\"name\":\"Home\",\"item\":\"https:\\\/\\\/isf.fo\\\/\"},{\"@type\":\"ListItem\",\"position\":2,\"name\":\"\u00cdtr\u00f3tturin &#038; eg\",\"item\":\"https:\\\/\\\/isf.fo\\\/itrotturin-eg\\\/\"},{\"@type\":\"ListItem\",\"position\":3,\"name\":\"Barbara Holm\"}]},{\"@type\":\"WebSite\",\"@id\":\"https:\\\/\\\/isf.fo\\\/#website\",\"url\":\"https:\\\/\\\/isf.fo\\\/\",\"name\":\"\u00cdtr\u00f3ttasamband F\u00f8roya\",\"description\":\"\",\"publisher\":{\"@id\":\"https:\\\/\\\/isf.fo\\\/#organization\"},\"potentialAction\":[{\"@type\":\"SearchAction\",\"target\":{\"@type\":\"EntryPoint\",\"urlTemplate\":\"https:\\\/\\\/isf.fo\\\/?s={search_term_string}\"},\"query-input\":{\"@type\":\"PropertyValueSpecification\",\"valueRequired\":true,\"valueName\":\"search_term_string\"}}],\"inLanguage\":\"en-US\"},{\"@type\":\"Organization\",\"@id\":\"https:\\\/\\\/isf.fo\\\/#organization\",\"name\":\"\u00cdtr\u00f3ttasamband F\u00f8roya\",\"url\":\"https:\\\/\\\/isf.fo\\\/\",\"logo\":{\"@type\":\"ImageObject\",\"inLanguage\":\"en-US\",\"@id\":\"https:\\\/\\\/isf.fo\\\/#\\\/schema\\\/logo\\\/image\\\/\",\"url\":\"https:\\\/\\\/isf.fo\\\/wp-content\\\/uploads\\\/2025\\\/06\\\/ISF_Olympic-Committee-logo.png\",\"contentUrl\":\"https:\\\/\\\/isf.fo\\\/wp-content\\\/uploads\\\/2025\\\/06\\\/ISF_Olympic-Committee-logo.png\",\"width\":618,\"height\":121,\"caption\":\"\u00cdtr\u00f3ttasamband F\u00f8roya\"},\"image\":{\"@id\":\"https:\\\/\\\/isf.fo\\\/#\\\/schema\\\/logo\\\/image\\\/\"},\"sameAs\":[\"https:\\\/\\\/www.facebook.com\\\/itrottasambandid\"]}]}<\/script>\n<!-- \/ Yoast SEO plugin. -->","yoast_head_json":{"title":"Barbara Holm - \u00cdtr\u00f3ttasamband F\u00f8roya","robots":{"index":"index","follow":"follow","max-snippet":"max-snippet:-1","max-image-preview":"max-image-preview:large","max-video-preview":"max-video-preview:-1"},"canonical":"https:\/\/isf.fo\/en\/itrotturin-eg\/barbara-holm\/","og_locale":"en_US","og_type":"article","og_title":"Barbara Holm - \u00cdtr\u00f3ttasamband F\u00f8roya","og_description":"Heimas\u00ed\u00f0an hj\u00e1 \u00cdSF setir kendum f\u00f3lki spurningar um \u00edtr\u00f3tt og r\u00f8rslu: Hesa fer\u00f0 er gesturin Barbara Holm, mi\u00f0laf\u00f3lk Hvat gert [&hellip;]","og_url":"https:\/\/isf.fo\/en\/itrotturin-eg\/barbara-holm\/","og_site_name":"\u00cdtr\u00f3ttasamband F\u00f8roya","article_publisher":"https:\/\/www.facebook.com\/itrottasambandid","article_modified_time":"2017-03-31T15:25:36+00:00","og_image":[{"url":"https:\/\/isf.fo\/wp-content\/uploads\/2009\/12\/barbara-holm-265x300.png","type":"","width":"","height":""}],"twitter_card":"summary_large_image","twitter_misc":{"Est. reading time":"2 minutes"},"schema":{"@context":"https:\/\/schema.org","@graph":[{"@type":"WebPage","@id":"https:\/\/isf.fo\/itrotturin-eg\/barbara-holm\/","url":"https:\/\/isf.fo\/itrotturin-eg\/barbara-holm\/","name":"Barbara Holm - \u00cdtr\u00f3ttasamband F\u00f8roya","isPartOf":{"@id":"https:\/\/isf.fo\/#website"},"primaryImageOfPage":{"@id":"https:\/\/isf.fo\/itrotturin-eg\/barbara-holm\/#primaryimage"},"image":{"@id":"https:\/\/isf.fo\/itrotturin-eg\/barbara-holm\/#primaryimage"},"thumbnailUrl":"https:\/\/isf.fo\/wp-content\/uploads\/2009\/12\/barbara-holm-265x300.png","datePublished":"2013-04-30T10:36:47+00:00","dateModified":"2017-03-31T15:25:36+00:00","breadcrumb":{"@id":"https:\/\/isf.fo\/itrotturin-eg\/barbara-holm\/#breadcrumb"},"inLanguage":"en-US","potentialAction":[{"@type":"ReadAction","target":["https:\/\/isf.fo\/itrotturin-eg\/barbara-holm\/"]}]},{"@type":"ImageObject","inLanguage":"en-US","@id":"https:\/\/isf.fo\/itrotturin-eg\/barbara-holm\/#primaryimage","url":"https:\/\/isf.fo\/wp-content\/uploads\/2009\/12\/barbara-holm-265x300.png","contentUrl":"https:\/\/isf.fo\/wp-content\/uploads\/2009\/12\/barbara-holm-265x300.png"},{"@type":"BreadcrumbList","@id":"https:\/\/isf.fo\/itrotturin-eg\/barbara-holm\/#breadcrumb","itemListElement":[{"@type":"ListItem","position":1,"name":"Home","item":"https:\/\/isf.fo\/"},{"@type":"ListItem","position":2,"name":"\u00cdtr\u00f3tturin &#038; eg","item":"https:\/\/isf.fo\/itrotturin-eg\/"},{"@type":"ListItem","position":3,"name":"Barbara Holm"}]},{"@type":"WebSite","@id":"https:\/\/isf.fo\/#website","url":"https:\/\/isf.fo\/","name":"\u00cdtr\u00f3ttasamband F\u00f8roya","description":"","publisher":{"@id":"https:\/\/isf.fo\/#organization"},"potentialAction":[{"@type":"SearchAction","target":{"@type":"EntryPoint","urlTemplate":"https:\/\/isf.fo\/?s={search_term_string}"},"query-input":{"@type":"PropertyValueSpecification","valueRequired":true,"valueName":"search_term_string"}}],"inLanguage":"en-US"},{"@type":"Organization","@id":"https:\/\/isf.fo\/#organization","name":"\u00cdtr\u00f3ttasamband F\u00f8roya","url":"https:\/\/isf.fo\/","logo":{"@type":"ImageObject","inLanguage":"en-US","@id":"https:\/\/isf.fo\/#\/schema\/logo\/image\/","url":"https:\/\/isf.fo\/wp-content\/uploads\/2025\/06\/ISF_Olympic-Committee-logo.png","contentUrl":"https:\/\/isf.fo\/wp-content\/uploads\/2025\/06\/ISF_Olympic-Committee-logo.png","width":618,"height":121,"caption":"\u00cdtr\u00f3ttasamband F\u00f8roya"},"image":{"@id":"https:\/\/isf.fo\/#\/schema\/logo\/image\/"},"sameAs":["https:\/\/www.facebook.com\/itrottasambandid"]}]}},"_links":{"self":[{"href":"https:\/\/isf.fo\/en\/wp-json\/wp\/v2\/pages\/3012","targetHints":{"allow":["GET"]}}],"collection":[{"href":"https:\/\/isf.fo\/en\/wp-json\/wp\/v2\/pages"}],"about":[{"href":"https:\/\/isf.fo\/en\/wp-json\/wp\/v2\/types\/page"}],"author":[{"embeddable":true,"href":"https:\/\/isf.fo\/en\/wp-json\/wp\/v2\/users\/6"}],"replies":[{"embeddable":true,"href":"https:\/\/isf.fo\/en\/wp-json\/wp\/v2\/comments?post=3012"}],"version-history":[{"count":2,"href":"https:\/\/isf.fo\/en\/wp-json\/wp\/v2\/pages\/3012\/revisions"}],"predecessor-version":[{"id":5404,"href":"https:\/\/isf.fo\/en\/wp-json\/wp\/v2\/pages\/3012\/revisions\/5404"}],"up":[{"embeddable":true,"href":"https:\/\/isf.fo\/en\/wp-json\/wp\/v2\/pages\/1251"}],"wp:attachment":[{"href":"https:\/\/isf.fo\/en\/wp-json\/wp\/v2\/media?parent=3012"}],"curies":[{"name":"wp","href":"https:\/\/api.w.org\/{rel}","templated":true}]}}