{"id":411,"date":"2008-06-16T14:58:47","date_gmt":"2008-06-16T13:58:47","guid":{"rendered":"http:\/\/www.solvihansen.com\/isf\/?page_id=33"},"modified":"2024-09-12T12:33:17","modified_gmt":"2024-09-12T12:33:17","slug":"nevndir","status":"publish","type":"page","link":"https:\/\/isf.fo\/en\/bygnadur\/nevndir\/","title":{"rendered":"Nevndir"},"content":{"rendered":"<p><strong>OLYMPISKA NEVND F\u00d8ROYA<\/strong><\/p>\n<p>Elin He\u00f0insd\u00f3ttir Joensen, forseti<br \/>\nMagnus Tausen, varaforseti<br \/>\nAnna Maria Toftegaard, nevndarlimur<br \/>\nEva Vilhelm, nevndarlimur<br \/>\nKerstin Laks\u00e1foss, nevndarlimur<br \/>\nEdna Maria Debes, umbo\u00f0andi \u00cd\u00f0karanevndina<\/p>\n<p>Endam\u00e1li\u00f0 er at vinna f\u00f8royskum \u00edtr\u00f3tti olympiska vi\u00f0urkenning, so f\u00f8royingar kunnu taka lut \u00ed olympiskum leikum, sum eru millum h\u00e6gst virdu kappingar \u00ed heiminum.<\/p>\n<p>&#8212;<\/p>\n<p><strong>\u00cd\u00d0KARANEVNDIN<\/strong><\/p>\n<p>Edna Maria Debes, forf\u00f3lk<br \/>\nTorkil Veye, varaforf\u00f3lk<br \/>\nH\u00e1vard Vatnhamar, nevndarlimur<br \/>\nGunnva K. Jacobsen, nevndarlimur,<br \/>\nS\u00e1ra Maria Johansen, nevndarlimur<\/p>\n<p>Nevndin skal umbo\u00f0a sj\u00f3narmi\u00f0ini hj\u00e1 teimum aktivu \u00ed\u00f0karunum og er r\u00e1\u00f0gevandi hj\u00e1 starvsnevnd og undirnevndum \u00cdSF og \u00darval \u00ed vi\u00f0urskiftum hj\u00e1 \u00farvals\u00ed\u00f0karum.<\/p>\n<p>&#8212;<\/p>\n<p><strong>F\u00cdGGJARNEVNDIN<\/strong><\/p>\n<p>Elin He\u00f0insd\u00f3ttir Joensen, forf\u00f3lk<br \/>\nEva Vilhelm, nevndarlimur<br \/>\n\u00d3lavur \u00d3lavsson, nevndarlimur<\/p>\n<p>F\u00edggjarnevndin hevur m.a. til uppg\u00e1vu at gera uppskot um b\u00fdtislykil fyri f\u00edggjarstu\u00f0ul til sersambondini, gera uppskot um f\u00edggjar\u00e6tlan fyri \u00cdSF eftir regluger\u00f0, sum Starvsnevndin hevur samtykt.<\/p>\n<p>&#8212;<\/p>\n<p><strong>UNGD\u00d3MS- OG MENNINGARNEVNDIN<\/strong><\/p>\n<p>Kerstin Laks\u00e1foss, forf\u00f3lk<br \/>\nGu\u00f0run Jacobsen, nevndarlimur<br \/>\nMagnus Debess Madsen, nevndarlimur<\/p>\n<p>Nevndin skipar seg sj\u00e1lv. Nevndin hevur m.a. til uppg\u00e1vu at samskipa f\u00f8rleikamenning (\u00fatb\u00fagving og skei\u00f0) breiddar\u00edtr\u00f3tt og \u00farvals\u00edtr\u00f3tt eftir regluger\u00f0, sum starvsnevndin hevur samtykt.<\/p>\n<p>Umsitingin hj\u00e1 \u00cdSF virkar sum skrivari hj\u00e1 nevndini.<\/p>\n<p>&#8212;<\/p>\n<p><strong>Spf. \u00cdTR\u00d3TTARVEDDING<\/strong><\/p>\n<p>Magnus Tausen, forf\u00f3lk<br \/>\nR\u00f3i Poulsen, varaforf\u00f3lk<br \/>\nHj\u00f8rdis Gaard, nevndarlimur<br \/>\nGudrun Mortansd\u00f3ttir Nols\u00f8e, nevndarlimur<br \/>\nKerstin Laks\u00e1foss, nevndarlimur<br \/>\nJohn Kj\u00e6r, nevndarlimur<br \/>\nAnna Maria Toftegaard, nevndarlimur<\/p>\n<p>Stj\u00f3ri \u00ed Spf. \u00cdtr\u00f3ttarvedding er: Elin He\u00f0insd\u00f3ttir Joensen<\/p>\n<p>\u00cdtr\u00f3ttasamband F\u00f8roya, F\u00f8roya Landst\u00fdri og F\u00f8roya Ungd\u00f3msr\u00e1\u00f0 eru partaeigarar \u00ed Spf. \u00cdtr\u00f3ttarvedding.<\/p>\n<p>Uppg\u00e1van hj\u00e1 \u00cdtr\u00f3ttarvedding er millum anna\u00f0 at b\u00fdta peningin, sum koma til F\u00f8roya fr\u00e1 Dansk Tipstjeneste. Peningurin ver\u00f0ur b\u00fdttur solei\u00f0is, eftir at peningur er avsettur til umsiting:<\/p>\n<p>60% til \u00cdSF, 20% til FUR, 5% til MBF og 15 % Landsst\u00fdrismannin \u00ed mentam\u00e1lum. Hesin peningur skal samb\u00e6rt regluger\u00f0 n\u00fdtast til barna- og ungd\u00f3msendam\u00e1l.<\/p>\n<p>&#8212;<\/p>\n<p><strong>\u00cdTR\u00d3TTAD\u00d3MST\u00d3LUR<\/strong><\/p>\n<p>Anna Rein, forf\u00f3lk<br \/>\nSissal Kjartansd\u00f3ttir Kristiansen, nevndarlimur<br \/>\nHe\u00f0in Joensen, nevndarlimur<br \/>\nJ\u00f3han Lamhauge, nevndarlimur<br \/>\nMagnus Dam, nevndarlimur<\/p>\n<p>J\u00f3han E. Simonsen, varalimur<br \/>\nAnita Fugl\u00f8, varalimur<br \/>\nAnja Kristina \u00d8ster, varalimur<\/p>\n<p>Grein 15<br \/>\nStj\u00f3rnin velur 5 limir og 3 varalimir \u00ed \u00cdtr\u00f3ttad\u00f3mst\u00f3lin. Minst 3 \u00edtr\u00f3ttad\u00f3marar og 2 varad\u00f3marar skulu vera l\u00f3gk\u00f8nir. \u00cdtr\u00f3ttad\u00f3marar og varad\u00f3marar ver\u00f0a valdir, t\u00e1 skei\u00f0i\u00f0 hj\u00e1 sitandi d\u00f3marum er \u00fati, fyri eitt 2-\u00e1ra skei\u00f0, solei\u00f0is at tveir \u00edtr\u00f3ttad\u00f3marar og tveir varad\u00f3marar ver\u00f0a valdir anna\u00f0hv\u00f8rt \u00e1r og tr\u00edggir d\u00f3marar og ein varad\u00f3mari anna\u00f0hv\u00f8rt. At f\u00e1a skei\u00f0i\u00f0 at passa, kann \u00edtr\u00f3ttad\u00f3mari ella varad\u00f3mari ver\u00f0a valdur fyri styttri skei\u00f0.<\/p>\n<p>\u00cdtr\u00f3ttard\u00f3mari ella varalimur kann ikki samstundis ver\u00f0a limur \u00ed n\u00f8krum meginstovni ella \u00f8\u00f0rum stovni \u00ed ella undir \u00cdtr\u00f3ttasambandi F\u00f8roya.<\/p>\n<p>\u00cdtr\u00f3ttad\u00f3mst\u00f3lurin skipar seg sj\u00e1lvan vi\u00f0 formanni og einum n\u00e6stformanni, sum b\u00e1\u00f0ir skulu vera l\u00f3gk\u00f8nir.<\/p>\n<p>Stj\u00f3rnin samtykkir regluger\u00f0 fyri \u00cdtr\u00f3ttad\u00f3mst\u00f3lin.<\/p>\n<p>Hv\u00f8rt sersamband hevur skyldu at seta d\u00f3msnevnd at vi\u00f0ger\u00f0a k\u00e6rur fr\u00e1 landsstevnum, FM-kappingum og m\u00e1l, sum vi\u00f0v\u00edkja sergreinum.<\/p>\n<p>&#8212;<\/p>\n<p><strong>DOPINGNEVND<\/strong><\/p>\n<p>J\u00f3nfinn Thomsen, forf\u00f3lk<br \/>\nJ\u00f3hanna Arge, nevndarlimur<br \/>\nP\u00e1l Weihe, nevndarlimur<\/p>\n<p>Majbritt Lamhauge, varalimur<\/p>\n<p>Grein 24 B<br \/>\nD\u00f3ping merkir, at \u00ed mannakroppinum eru evni til sta\u00f0ar, i\u00f0 eru banna\u00f0 samb\u00e6rt Altj\u00f3\u00f0a Olympisku Nevndini (IOC) og\/ella samb\u00e6rt altj\u00f3\u00f0a listanum hj\u00e1 altj\u00f3\u00f0a sersambondum yvir \u00f3l\u00f8glig evni.<\/p>\n<p>D\u00f3pingnevndin ver\u00f0ur vald av stj\u00f3rn \u00cdSF og er manna\u00f0 vi\u00f0 formanni og tveimum nevndarlimum, og einum varalimi.<\/p>\n<p>Forma\u00f0urin og ein av nevndarliminum skulu hava l\u00f8gfr\u00f8\u00f0isliga ella tilsvarandi \u00fatb\u00fagving. Hin nevndarlimurin skal hava l\u00e6knaliga \u00fatb\u00fagving.<\/p>\n<p>Nevnarlimirnir og varalimurin ver\u00f0a valdir eftir t\u00f8rni fyri eitt 3-\u00e1ra skei\u00f0 og varalimurin ver\u00f0ur valdur fyri eitt 1-\u00e1ra skei\u00f0.<\/p>\n<p>Nevndar- og varalimirmir \u00ed Dopingnevndini kunnu ikki ver\u00f0a stj\u00f3rnarlimir og\/ella nevndarlimir \u00ed sersambandi\/deildarsambandi innan \u00cdtr\u00f3ttasamband F\u00f8roya.<\/p>\n<p>Dopingnevnding tekur s\u00e6r av \u00f8llum m\u00e1lum har Dopingregluger\u00f0in hj\u00e1 \u00cdtr\u00f3ttasambandi F\u00f8roya ikki ver\u00f0ur hildin v.m.<\/p>\n<p>&#8212;<\/p>\n<p><strong>ANTIDOPINGST\u00ddRI\u00d0<\/strong><\/p>\n<p>J\u00f3nas T\u00f3r N\u00e6s, forf\u00f3lk<br \/>\nKatrin Rubek Nielsen<br \/>\nJ\u00f3annes Guttesen<\/p>\n<p>Arbei\u00f0i\u00f0 vi\u00f0v\u00edkjandi antidoping \u00ed F\u00f8royum ver\u00f0ur riki\u00f0 av einum antidopingst\u00fdri, sum er sett av starvsnevnd \u00cdSF. Antidopingst\u00fdri\u00f0 virkar sum \u00e1k\u00e6rumyndugleiki \u00ed dopingm\u00e1lum, sum ver\u00f0a reist samb\u00e6rt dopingregluger\u00f0ini hj\u00e1 \u00cdSF.<\/p>\n<p>Antidopingst\u00fdri\u00f0 hevur tr\u00edggjar limir. Av hesum skal ein hava \u00fatb\u00fagving innan l\u00f8gfr\u00f8\u00f0i og ein l\u00e6knafakliga \u00fatb\u00fagving. Nevndin skipar seg sj\u00e1lv.<\/p>\n<p><strong>&#8212;<\/strong><\/p>\n<p><strong>F\u00f8roya \u00cdtr\u00f3ttasavn<\/strong><\/p>\n<p>Marjun Hanusard\u00f3ttir, nevndarlimur<br \/>\nPalli Ziskason, kassameistari<br \/>\nAndrass Mortensen, nevndarlimur<br \/>\nHelena Dam \u00e1 Neystab\u00f8, nevndarlimur<br \/>\nKristian Johansen, nevndarlimur<\/p>\n<p>&#8212;<br \/>\n<strong><br \/>\n\u00daRVAL<\/strong><\/p>\n<p>Ragnar Joensen, forf\u00f3lk<br \/>\nJ\u00f3hanna \u00e1 Bergi, nevndarlimur<br \/>\nKatrin Olsen, nevndarlimur<br \/>\nRannv\u00e1 S\u00f3lheim, nevndarlimur (vald av UMMR)<br \/>\nP\u00e1ll Isholm, nevndarlimur<br \/>\nPetur Mitt\u00fan, skrivari<\/p>\n<p>\u00darvalsnevndin skal umsita \u00farvalsskipan \u00cdSF og umsitur pengingin, i\u00f0 skipanin f\u00e6r fr\u00e1 sponsorum og vi\u00f0 j\u00e1ttan \u00e1 l\u00f8gtingsf\u00edggjarl\u00f3gini. \u00darvalsnevndin virkar eftir regluger\u00f0 sum a\u00f0alfundurin hevur samtykt eftir tilm\u00e6li fr\u00e1 Starvsnevndini.<\/p>\n<p>&#8212;<br \/>\n<strong><br \/>\nHEI\u00d0URSSKJAL POUL E. PETERSEN<\/strong><\/p>\n<p>Anna Rein<br \/>\n\u00d3li Holm<br \/>\nHe\u00f0in Mortensen<br \/>\nMarjun Kals\u00f8<br \/>\nSignar \u00e1 Br\u00fanni<br \/>\nGunv\u00e1 vi\u00f0 Keldu<\/p>","protected":false},"excerpt":{"rendered":"<p>OLYMPISKA NEVND F\u00d8ROYA Elin He\u00f0insd\u00f3ttir Joensen, forseti Magnus Tausen, varaforseti Anna Maria Toftegaard, nevndarlimur Eva Vilhelm, nevndarlimur Kerstin Laks\u00e1foss, nevndarlimur [&hellip;]<\/p>\n","protected":false},"author":6,"featured_media":0,"parent":402,"menu_order":3,"comment_status":"closed","ping_status":"closed","template":"","meta":{"_acf_changed":false,"_relevanssi_hide_post":"","_relevanssi_hide_content":"","_relevanssi_pin_for_all":"","_relevanssi_pin_keywords":"","_relevanssi_unpin_keywords":"","_relevanssi_related_keywords":"","_relevanssi_related_include_ids":"","_relevanssi_related_exclude_ids":"","_relevanssi_related_no_append":"","_relevanssi_related_not_related":"","_relevanssi_related_posts":"4060,3661,475,1484,3628,2939","_relevanssi_noindex_reason":"","inline_featured_image":false,"footnotes":""},"class_list":["post-411","page","type-page","status-publish","hentry"],"acf":[],"yoast_head":"<!-- This site is optimized with the Yoast SEO plugin v27.5 - https:\/\/yoast.com\/product\/yoast-seo-wordpress\/ -->\n<title>Nevndir - \u00cdtr\u00f3ttasamband F\u00f8roya<\/title>\n<meta name=\"robots\" content=\"index, follow, max-snippet:-1, max-image-preview:large, max-video-preview:-1\" \/>\n<link rel=\"canonical\" href=\"https:\/\/isf.fo\/en\/bygnadur\/nevndir\/\" \/>\n<meta property=\"og:locale\" content=\"en_US\" \/>\n<meta property=\"og:type\" content=\"article\" \/>\n<meta property=\"og:title\" content=\"Nevndir - \u00cdtr\u00f3ttasamband F\u00f8roya\" \/>\n<meta property=\"og:description\" content=\"OLYMPISKA NEVND F\u00d8ROYA Elin He\u00f0insd\u00f3ttir Joensen, forseti Magnus Tausen, varaforseti Anna Maria Toftegaard, nevndarlimur Eva Vilhelm, nevndarlimur Kerstin Laks\u00e1foss, nevndarlimur [&hellip;]\" \/>\n<meta property=\"og:url\" content=\"https:\/\/isf.fo\/en\/bygnadur\/nevndir\/\" \/>\n<meta property=\"og:site_name\" content=\"\u00cdtr\u00f3ttasamband F\u00f8roya\" \/>\n<meta property=\"article:publisher\" content=\"https:\/\/www.facebook.com\/itrottasambandid\" \/>\n<meta property=\"article:modified_time\" content=\"2024-09-12T12:33:17+00:00\" \/>\n<meta name=\"twitter:card\" content=\"summary_large_image\" \/>\n<meta name=\"twitter:label1\" content=\"Est. reading time\" \/>\n\t<meta name=\"twitter:data1\" content=\"4 minutes\" \/>\n<script type=\"application\/ld+json\" class=\"yoast-schema-graph\">{\"@context\":\"https:\\\/\\\/schema.org\",\"@graph\":[{\"@type\":\"WebPage\",\"@id\":\"https:\\\/\\\/isf.fo\\\/bygnadur\\\/nevndir\\\/\",\"url\":\"https:\\\/\\\/isf.fo\\\/bygnadur\\\/nevndir\\\/\",\"name\":\"Nevndir - \u00cdtr\u00f3ttasamband F\u00f8roya\",\"isPartOf\":{\"@id\":\"https:\\\/\\\/isf.fo\\\/#website\"},\"datePublished\":\"2008-06-16T13:58:47+00:00\",\"dateModified\":\"2024-09-12T12:33:17+00:00\",\"breadcrumb\":{\"@id\":\"https:\\\/\\\/isf.fo\\\/bygnadur\\\/nevndir\\\/#breadcrumb\"},\"inLanguage\":\"en-US\",\"potentialAction\":[{\"@type\":\"ReadAction\",\"target\":[\"https:\\\/\\\/isf.fo\\\/bygnadur\\\/nevndir\\\/\"]}]},{\"@type\":\"BreadcrumbList\",\"@id\":\"https:\\\/\\\/isf.fo\\\/bygnadur\\\/nevndir\\\/#breadcrumb\",\"itemListElement\":[{\"@type\":\"ListItem\",\"position\":1,\"name\":\"Home\",\"item\":\"https:\\\/\\\/isf.fo\\\/\"},{\"@type\":\"ListItem\",\"position\":2,\"name\":\"Bygna\u00f0ur\",\"item\":\"https:\\\/\\\/isf.fo\\\/bygnadur\\\/\"},{\"@type\":\"ListItem\",\"position\":3,\"name\":\"Nevndir\"}]},{\"@type\":\"WebSite\",\"@id\":\"https:\\\/\\\/isf.fo\\\/#website\",\"url\":\"https:\\\/\\\/isf.fo\\\/\",\"name\":\"\u00cdtr\u00f3ttasamband F\u00f8roya\",\"description\":\"\",\"publisher\":{\"@id\":\"https:\\\/\\\/isf.fo\\\/#organization\"},\"potentialAction\":[{\"@type\":\"SearchAction\",\"target\":{\"@type\":\"EntryPoint\",\"urlTemplate\":\"https:\\\/\\\/isf.fo\\\/?s={search_term_string}\"},\"query-input\":{\"@type\":\"PropertyValueSpecification\",\"valueRequired\":true,\"valueName\":\"search_term_string\"}}],\"inLanguage\":\"en-US\"},{\"@type\":\"Organization\",\"@id\":\"https:\\\/\\\/isf.fo\\\/#organization\",\"name\":\"\u00cdtr\u00f3ttasamband F\u00f8roya\",\"url\":\"https:\\\/\\\/isf.fo\\\/\",\"logo\":{\"@type\":\"ImageObject\",\"inLanguage\":\"en-US\",\"@id\":\"https:\\\/\\\/isf.fo\\\/#\\\/schema\\\/logo\\\/image\\\/\",\"url\":\"https:\\\/\\\/isf.fo\\\/wp-content\\\/uploads\\\/2025\\\/06\\\/ISF_Olympic-Committee-logo.png\",\"contentUrl\":\"https:\\\/\\\/isf.fo\\\/wp-content\\\/uploads\\\/2025\\\/06\\\/ISF_Olympic-Committee-logo.png\",\"width\":618,\"height\":121,\"caption\":\"\u00cdtr\u00f3ttasamband F\u00f8roya\"},\"image\":{\"@id\":\"https:\\\/\\\/isf.fo\\\/#\\\/schema\\\/logo\\\/image\\\/\"},\"sameAs\":[\"https:\\\/\\\/www.facebook.com\\\/itrottasambandid\"]}]}<\/script>\n<!-- \/ Yoast SEO plugin. -->","yoast_head_json":{"title":"Nevndir - \u00cdtr\u00f3ttasamband F\u00f8roya","robots":{"index":"index","follow":"follow","max-snippet":"max-snippet:-1","max-image-preview":"max-image-preview:large","max-video-preview":"max-video-preview:-1"},"canonical":"https:\/\/isf.fo\/en\/bygnadur\/nevndir\/","og_locale":"en_US","og_type":"article","og_title":"Nevndir - \u00cdtr\u00f3ttasamband F\u00f8roya","og_description":"OLYMPISKA NEVND F\u00d8ROYA Elin He\u00f0insd\u00f3ttir Joensen, forseti Magnus Tausen, varaforseti Anna Maria Toftegaard, nevndarlimur Eva Vilhelm, nevndarlimur Kerstin Laks\u00e1foss, nevndarlimur [&hellip;]","og_url":"https:\/\/isf.fo\/en\/bygnadur\/nevndir\/","og_site_name":"\u00cdtr\u00f3ttasamband F\u00f8roya","article_publisher":"https:\/\/www.facebook.com\/itrottasambandid","article_modified_time":"2024-09-12T12:33:17+00:00","twitter_card":"summary_large_image","twitter_misc":{"Est. reading time":"4 minutes"},"schema":{"@context":"https:\/\/schema.org","@graph":[{"@type":"WebPage","@id":"https:\/\/isf.fo\/bygnadur\/nevndir\/","url":"https:\/\/isf.fo\/bygnadur\/nevndir\/","name":"Nevndir - \u00cdtr\u00f3ttasamband F\u00f8roya","isPartOf":{"@id":"https:\/\/isf.fo\/#website"},"datePublished":"2008-06-16T13:58:47+00:00","dateModified":"2024-09-12T12:33:17+00:00","breadcrumb":{"@id":"https:\/\/isf.fo\/bygnadur\/nevndir\/#breadcrumb"},"inLanguage":"en-US","potentialAction":[{"@type":"ReadAction","target":["https:\/\/isf.fo\/bygnadur\/nevndir\/"]}]},{"@type":"BreadcrumbList","@id":"https:\/\/isf.fo\/bygnadur\/nevndir\/#breadcrumb","itemListElement":[{"@type":"ListItem","position":1,"name":"Home","item":"https:\/\/isf.fo\/"},{"@type":"ListItem","position":2,"name":"Bygna\u00f0ur","item":"https:\/\/isf.fo\/bygnadur\/"},{"@type":"ListItem","position":3,"name":"Nevndir"}]},{"@type":"WebSite","@id":"https:\/\/isf.fo\/#website","url":"https:\/\/isf.fo\/","name":"\u00cdtr\u00f3ttasamband F\u00f8roya","description":"","publisher":{"@id":"https:\/\/isf.fo\/#organization"},"potentialAction":[{"@type":"SearchAction","target":{"@type":"EntryPoint","urlTemplate":"https:\/\/isf.fo\/?s={search_term_string}"},"query-input":{"@type":"PropertyValueSpecification","valueRequired":true,"valueName":"search_term_string"}}],"inLanguage":"en-US"},{"@type":"Organization","@id":"https:\/\/isf.fo\/#organization","name":"\u00cdtr\u00f3ttasamband F\u00f8roya","url":"https:\/\/isf.fo\/","logo":{"@type":"ImageObject","inLanguage":"en-US","@id":"https:\/\/isf.fo\/#\/schema\/logo\/image\/","url":"https:\/\/isf.fo\/wp-content\/uploads\/2025\/06\/ISF_Olympic-Committee-logo.png","contentUrl":"https:\/\/isf.fo\/wp-content\/uploads\/2025\/06\/ISF_Olympic-Committee-logo.png","width":618,"height":121,"caption":"\u00cdtr\u00f3ttasamband F\u00f8roya"},"image":{"@id":"https:\/\/isf.fo\/#\/schema\/logo\/image\/"},"sameAs":["https:\/\/www.facebook.com\/itrottasambandid"]}]}},"_links":{"self":[{"href":"https:\/\/isf.fo\/en\/wp-json\/wp\/v2\/pages\/411","targetHints":{"allow":["GET"]}}],"collection":[{"href":"https:\/\/isf.fo\/en\/wp-json\/wp\/v2\/pages"}],"about":[{"href":"https:\/\/isf.fo\/en\/wp-json\/wp\/v2\/types\/page"}],"author":[{"embeddable":true,"href":"https:\/\/isf.fo\/en\/wp-json\/wp\/v2\/users\/6"}],"replies":[{"embeddable":true,"href":"https:\/\/isf.fo\/en\/wp-json\/wp\/v2\/comments?post=411"}],"version-history":[{"count":42,"href":"https:\/\/isf.fo\/en\/wp-json\/wp\/v2\/pages\/411\/revisions"}],"predecessor-version":[{"id":11846,"href":"https:\/\/isf.fo\/en\/wp-json\/wp\/v2\/pages\/411\/revisions\/11846"}],"up":[{"embeddable":true,"href":"https:\/\/isf.fo\/en\/wp-json\/wp\/v2\/pages\/402"}],"wp:attachment":[{"href":"https:\/\/isf.fo\/en\/wp-json\/wp\/v2\/media?parent=411"}],"curies":[{"name":"wp","href":"https:\/\/api.w.org\/{rel}","templated":true}]}}