{"id":415,"date":"2008-06-16T15:00:23","date_gmt":"2008-06-16T14:00:23","guid":{"rendered":"http:\/\/www.solvihansen.com\/isf\/?page_id=38"},"modified":"2018-09-06T12:24:25","modified_gmt":"2018-09-06T12:24:25","slug":"gullmerki","status":"publish","type":"page","link":"https:\/\/isf.fo\/en\/bygnadur\/soga\/gullmerki\/","title":{"rendered":"Gullmerki"},"content":{"rendered":"<p><strong>Gullmerki \u00cdSF<\/strong>\u00a0ver\u00f0ur lati\u00f0 teimum, sum hava siti\u00f0 sum formenn\/forkvinnur \u00ed sersambandi undir \u00cdSF \u00ed fimm \u00e1r.<\/p>\n<p>Gullmerki \u00cdSF&#8217;s ver\u00f0ur eisini lati\u00f0 f\u00f8royingum og \u00fatlendingum, sum hava gj\u00f8rt munagott arbei\u00f0i f\u00f8royskari \u00edtr\u00f3tt til frama.<\/p>\n<p>Starvsnevndin tekur avger\u00f0 um hetta. M\u00f8guleiki er hj\u00e1 sersambandi at tilm\u00e6la pers\u00f3nar.<\/p>\n\n<table id=\"tablepress-5\" class=\"tablepress tablepress-id-5\">\n<thead>\n<tr class=\"row-1\">\n\t<th class=\"column-1\">Nr.<\/th><th class=\"column-2\">Dagf.<\/th><th class=\"column-3\">Navn<\/th>\n<\/tr>\n<\/thead>\n<tbody class=\"row-striping row-hover\">\n<tr class=\"row-2\">\n\t<td class=\"column-1\">1<\/td><td class=\"column-2\">4. mai 1982<\/td><td class=\"column-3\">\u00d3lavur Lambaa<\/td>\n<\/tr>\n<tr class=\"row-3\">\n\t<td class=\"column-1\">2<\/td><td class=\"column-2\">4. mai 1982<\/td><td class=\"column-3\">Erhard N\u00e6s<\/td>\n<\/tr>\n<tr class=\"row-4\">\n\t<td class=\"column-1\">3<\/td><td class=\"column-2\">4. mai 1982<\/td><td class=\"column-3\">L\u00edggjas Joensen<\/td>\n<\/tr>\n<tr class=\"row-5\">\n\t<td class=\"column-1\">4<\/td><td class=\"column-2\">4. mai 1982<\/td><td class=\"column-3\">J\u00f3gvan Arge<\/td>\n<\/tr>\n<tr class=\"row-6\">\n\t<td class=\"column-1\">5<\/td><td class=\"column-2\">4. mai 1982<\/td><td class=\"column-3\">He\u00f0in Mortensen<\/td>\n<\/tr>\n<tr class=\"row-7\">\n\t<td class=\"column-1\">6<\/td><td class=\"column-2\">14. mai 1982<\/td><td class=\"column-3\">Sverre Midjord<\/td>\n<\/tr>\n<tr class=\"row-8\">\n\t<td class=\"column-1\">7<\/td><td class=\"column-2\">25. nov 1983<\/td><td class=\"column-3\">Pauli Ellefsen, l\u00f8gma\u00f0ur<\/td>\n<\/tr>\n<tr class=\"row-9\">\n\t<td class=\"column-1\">8<\/td><td class=\"column-2\">1. mars 1985<\/td><td class=\"column-3\">Atli P. Dam, l\u00f8gma\u00f0ur<\/td>\n<\/tr>\n<tr class=\"row-10\">\n\t<td class=\"column-1\">9<\/td><td class=\"column-2\">13. apr\u00edl 1985<\/td><td class=\"column-3\">Herman Lindberg<\/td>\n<\/tr>\n<tr class=\"row-11\">\n\t<td class=\"column-1\">10<\/td><td class=\"column-2\">14. apr\u00edl 1985<\/td><td class=\"column-3\">J\u00f3gvan Jensen<\/td>\n<\/tr>\n<tr class=\"row-12\">\n\t<td class=\"column-1\">11<\/td><td class=\"column-2\">18. mai 1985<\/td><td class=\"column-3\">Haldgr\u00edm Gregersen<\/td>\n<\/tr>\n<tr class=\"row-13\">\n\t<td class=\"column-1\">12<\/td><td class=\"column-2\">12. des. 1986<\/td><td class=\"column-3\">Torleif Sigur\u00f0sson<\/td>\n<\/tr>\n<tr class=\"row-14\">\n\t<td class=\"column-1\">13<\/td><td class=\"column-2\">13. feb. 1987<\/td><td class=\"column-3\">Niels Nattestad<\/td>\n<\/tr>\n<tr class=\"row-15\">\n\t<td class=\"column-1\">14<\/td><td class=\"column-2\">2. okt. 1987<\/td><td class=\"column-3\">Hartvig Hansen<\/td>\n<\/tr>\n<tr class=\"row-16\">\n\t<td class=\"column-1\">15<\/td><td class=\"column-2\">2. okt. 1987<\/td><td class=\"column-3\">B\u00f8rge B. Hansen<\/td>\n<\/tr>\n<tr class=\"row-17\">\n\t<td class=\"column-1\">16<\/td><td class=\"column-2\">5. jan. 1989<\/td><td class=\"column-3\">Hjalmar Joensen<\/td>\n<\/tr>\n<tr class=\"row-18\">\n\t<td class=\"column-1\">17<\/td><td class=\"column-2\">5. jan. 1989<\/td><td class=\"column-3\">Hans Holm<\/td>\n<\/tr>\n<tr class=\"row-19\">\n\t<td class=\"column-1\">18<\/td><td class=\"column-2\">5. jan 1989<\/td><td class=\"column-3\">Bjarni Wilhelm<\/td>\n<\/tr>\n<tr class=\"row-20\">\n\t<td class=\"column-1\">19<\/td><td class=\"column-2\">18. jan. 1989<\/td><td class=\"column-3\">J\u00f3gvan Sundstein, l\u00f8gma\u00f0ur<\/td>\n<\/tr>\n<tr class=\"row-21\">\n\t<td class=\"column-1\">20<\/td><td class=\"column-2\">8. apr\u00edl 1989<\/td><td class=\"column-3\">Leif Waagstein<\/td>\n<\/tr>\n<tr class=\"row-22\">\n\t<td class=\"column-1\">21<\/td><td class=\"column-2\">8. apr\u00edl 1989<\/td><td class=\"column-3\">Oliver Dam<\/td>\n<\/tr>\n<tr class=\"row-23\">\n\t<td class=\"column-1\">22<\/td><td class=\"column-2\">8. apr\u00edl 1989<\/td><td class=\"column-3\">Martin Kruse<\/td>\n<\/tr>\n<tr class=\"row-24\">\n\t<td class=\"column-1\">23<\/td><td class=\"column-2\">8. apr\u00edl 1989<\/td><td class=\"column-3\">Mortan Winther<\/td>\n<\/tr>\n<tr class=\"row-25\">\n\t<td class=\"column-1\">24<\/td><td class=\"column-2\">8. apr\u00edl 1989<\/td><td class=\"column-3\">Poul Michelsen<\/td>\n<\/tr>\n<tr class=\"row-26\">\n\t<td class=\"column-1\">25<\/td><td class=\"column-2\">25. nov. 1989<\/td><td class=\"column-3\">Karl Frithofson<\/td>\n<\/tr>\n<tr class=\"row-27\">\n\t<td class=\"column-1\">26<\/td><td class=\"column-2\">1990<\/td><td class=\"column-3\">Svein Bj\u00f8rnsson, forseti ISI<\/td>\n<\/tr>\n<tr class=\"row-28\">\n\t<td class=\"column-1\">27<\/td><td class=\"column-2\">1. mai 1990<\/td><td class=\"column-3\">John Kj\u00e6r<\/td>\n<\/tr>\n<tr class=\"row-29\">\n\t<td class=\"column-1\">28<\/td><td class=\"column-2\">17. jan. 1992<\/td><td class=\"column-3\">Katrin Holm<\/td>\n<\/tr>\n<tr class=\"row-30\">\n\t<td class=\"column-1\">29<\/td><td class=\"column-2\">18. jan. 1993<\/td><td class=\"column-3\">Marita Petersen, l\u00f8gma\u00f0ur<\/td>\n<\/tr>\n<tr class=\"row-31\">\n\t<td class=\"column-1\">30<\/td><td class=\"column-2\">1994<\/td><td class=\"column-3\">Edmund Joensen, l\u00f8gma\u00f0ur<\/td>\n<\/tr>\n<tr class=\"row-32\">\n\t<td class=\"column-1\">31<\/td><td class=\"column-2\">1994<\/td><td class=\"column-3\">Kristin Vestergaard<\/td>\n<\/tr>\n<tr class=\"row-33\">\n\t<td class=\"column-1\">32<\/td><td class=\"column-2\">5. okt. 1996<\/td><td class=\"column-3\">Jon Hestoy<\/td>\n<\/tr>\n<tr class=\"row-34\">\n\t<td class=\"column-1\">33<\/td><td class=\"column-2\">6. sept. 1997<\/td><td class=\"column-3\">Allan Simonsen, landsli\u00f0svenjari FSF<\/td>\n<\/tr>\n<tr class=\"row-35\">\n\t<td class=\"column-1\">34<\/td><td class=\"column-2\">12. sept. 1997<\/td><td class=\"column-3\">Sofus Johannesen<\/td>\n<\/tr>\n<tr class=\"row-36\">\n\t<td class=\"column-1\">35<\/td><td class=\"column-2\">12. sept. 1997<\/td><td class=\"column-3\">Hans Jacob Stenberg<\/td>\n<\/tr>\n<tr class=\"row-37\">\n\t<td class=\"column-1\">36<\/td><td class=\"column-2\">12. sept. 1997<\/td><td class=\"column-3\">Johannes Joensen<\/td>\n<\/tr>\n<tr class=\"row-38\">\n\t<td class=\"column-1\">37<\/td><td class=\"column-2\">12. sept. 1997<\/td><td class=\"column-3\">Bengt Sevelius, Sv\u00f8r\u00edki<\/td>\n<\/tr>\n<tr class=\"row-39\">\n\t<td class=\"column-1\">38<\/td><td class=\"column-2\">1. apr\u00edl 1998<\/td><td class=\"column-3\">Johan Samuelsen<\/td>\n<\/tr>\n<tr class=\"row-40\">\n\t<td class=\"column-1\">39<\/td><td class=\"column-2\">1. mai 1998<\/td><td class=\"column-3\">Anfinn Kallsberg<\/td>\n<\/tr>\n<tr class=\"row-41\">\n\t<td class=\"column-1\">40<\/td><td class=\"column-2\">12. des. 1998<\/td><td class=\"column-3\">Sigrid Dam<\/td>\n<\/tr>\n<tr class=\"row-42\">\n\t<td class=\"column-1\">41<\/td><td class=\"column-2\">30. jan. 1999<\/td><td class=\"column-3\">D\u00e1njal Andreasen<\/td>\n<\/tr>\n<tr class=\"row-43\">\n\t<td class=\"column-1\">42<\/td><td class=\"column-2\">30. jan. 1999<\/td><td class=\"column-3\">\u00d3li Holm<\/td>\n<\/tr>\n<tr class=\"row-44\">\n\t<td class=\"column-1\">43<\/td><td class=\"column-2\">30. jan. 1999<\/td><td class=\"column-3\">Jens Erik Magnussen<\/td>\n<\/tr>\n<tr class=\"row-45\">\n\t<td class=\"column-1\">44<\/td><td class=\"column-2\">30. jan. 1999<\/td><td class=\"column-3\">J\u00e1kup Simonsen<\/td>\n<\/tr>\n<tr class=\"row-46\">\n\t<td class=\"column-1\">45<\/td><td class=\"column-2\">24. mars 1999<\/td><td class=\"column-3\">J\u00f3n \u00e1 Steig<\/td>\n<\/tr>\n<tr class=\"row-47\">\n\t<td class=\"column-1\">46<\/td><td class=\"column-2\">25. feb. 1999<\/td><td class=\"column-3\">George Niclasen<\/td>\n<\/tr>\n<tr class=\"row-48\">\n\t<td class=\"column-1\">47<\/td><td class=\"column-2\">12. juli 2000<\/td><td class=\"column-3\">Peter Elias Petersen<\/td>\n<\/tr>\n<tr class=\"row-49\">\n\t<td class=\"column-1\">48<\/td><td class=\"column-2\">mei 1998<\/td><td class=\"column-3\">Signar \u00e1 Br\u00fanni, landsst\u00fdrisma\u00f0ur<\/td>\n<\/tr>\n<tr class=\"row-50\">\n\t<td class=\"column-1\">49<\/td><td class=\"column-2\">2000<\/td><td class=\"column-3\">Hans D\u00e1vid Hansen, RSF<\/td>\n<\/tr>\n<tr class=\"row-51\">\n\t<td class=\"column-1\">50<\/td><td class=\"column-2\">mars 2003<\/td><td class=\"column-3\">Michael Thielsen, Dansk Tipstjeneste<\/td>\n<\/tr>\n<tr class=\"row-52\">\n\t<td class=\"column-1\">51<\/td><td class=\"column-2\">19. august 2003<\/td><td class=\"column-3\">Ellert B. Schram, \u00cdslendska \u00cdtr\u00f3ttasambandi\u00f0<\/td>\n<\/tr>\n<tr class=\"row-53\">\n\t<td class=\"column-1\">52<\/td><td class=\"column-2\">18. sept. 2003<\/td><td class=\"column-3\">Schandorff Vang, SKF<\/td>\n<\/tr>\n<tr class=\"row-54\">\n\t<td class=\"column-1\">53<\/td><td class=\"column-2\">apr\u00edl 2003<\/td><td class=\"column-3\">Petur Ove Petersen, HSF<\/td>\n<\/tr>\n<tr class=\"row-55\">\n\t<td class=\"column-1\">54<\/td><td class=\"column-2\">5. desember 2003<\/td><td class=\"column-3\">Kai Holm, DIF<\/td>\n<\/tr>\n<tr class=\"row-56\">\n\t<td class=\"column-1\">55<\/td><td class=\"column-2\">24. mars 2004<\/td><td class=\"column-3\">J\u00f3annes Eidesgaard, l\u00f8gma\u00f0ur<\/td>\n<\/tr>\n<tr class=\"row-57\">\n\t<td class=\"column-1\">56<\/td><td class=\"column-2\">28. september 2006<\/td><td class=\"column-3\">S\u00f8lvi Reinert Hansen<\/td>\n<\/tr>\n<tr class=\"row-58\">\n\t<td class=\"column-1\">57<\/td><td class=\"column-2\">apr\u00edl 2007<\/td><td class=\"column-3\">Mogens Egholm, BSKF<\/td>\n<\/tr>\n<tr class=\"row-59\">\n\t<td class=\"column-1\">58<\/td><td class=\"column-2\">15. oktober 2008<\/td><td class=\"column-3\">Kaj Leo Johannesen, l\u00f8gma\u00f0ur<\/td>\n<\/tr>\n<tr class=\"row-60\">\n\t<td class=\"column-1\">59<\/td><td class=\"column-2\">juni 2010<\/td><td class=\"column-3\">\u00d3lafur E\u00f0var\u00f0 Rafnsson,  forseti \u00cdS\u00cd<\/td>\n<\/tr>\n<tr class=\"row-61\">\n\t<td class=\"column-1\">60<\/td><td class=\"column-2\">juni 2010<\/td><td class=\"column-3\">L\u00e1rus Rafn Bl\u00f8ndal, varaforseti \u00cdS\u00cd<\/td>\n<\/tr>\n<tr class=\"row-62\">\n\t<td class=\"column-1\">61<\/td><td class=\"column-2\">mars 2011<\/td><td class=\"column-3\">Jan Gunther, Havnar Judofelag<\/td>\n<\/tr>\n<tr class=\"row-63\">\n\t<td class=\"column-1\">62<\/td><td class=\"column-2\">mars 2011<\/td><td class=\"column-3\">Johannes Johannesen, Sunda Judofelag<\/td>\n<\/tr>\n<tr class=\"row-64\">\n\t<td class=\"column-1\">63<\/td><td class=\"column-2\">mars 2012<\/td><td class=\"column-3\">Katrin Joensen, \u00cdSF<\/td>\n<\/tr>\n<tr class=\"row-65\">\n\t<td class=\"column-1\">64<\/td><td class=\"column-2\">maj 2012<\/td><td class=\"column-3\">Simme Jacobsen, SKF<\/td>\n<\/tr>\n<tr class=\"row-66\">\n\t<td class=\"column-1\">65<\/td><td class=\"column-2\">29. november 2012<\/td><td class=\"column-3\">Vilhj\u00e1lmur Gregoriussen, BSF<\/td>\n<\/tr>\n<tr class=\"row-67\">\n\t<td class=\"column-1\">66<\/td><td class=\"column-2\">mars 2013<\/td><td class=\"column-3\">Sigurd Andreasen, AR<\/td>\n<\/tr>\n<tr class=\"row-68\">\n\t<td class=\"column-1\">67<\/td><td class=\"column-2\">september 2013<\/td><td class=\"column-3\">Nuka Kleeman, GIF<\/td>\n<\/tr>\n<tr class=\"row-69\">\n\t<td class=\"column-1\">68<\/td><td class=\"column-2\">24 apr\u00edl 2014<\/td><td class=\"column-3\">Harald Eirikstoft, DSN\u00cd<\/td>\n<\/tr>\n<tr class=\"row-70\">\n\t<td class=\"column-1\">69<\/td><td class=\"column-2\">24 apr\u00edl 2014<\/td><td class=\"column-3\">Johnhard Klettheyggj, SKF<\/td>\n<\/tr>\n<tr class=\"row-71\">\n\t<td class=\"column-1\">70<\/td><td class=\"column-2\">12 mai 2014<\/td><td class=\"column-3\">Jan Herman Hansen, RSF<\/td>\n<\/tr>\n<tr class=\"row-72\">\n\t<td class=\"column-1\">71<\/td><td class=\"column-2\">2014<\/td><td class=\"column-3\">Elin He\u00f0insd\u00f3ttir Joensen, FFS<\/td>\n<\/tr>\n<tr class=\"row-73\">\n\t<td class=\"column-1\">72<\/td><td class=\"column-2\">apr\u00edl 2015<\/td><td class=\"column-3\">Niels Nygaard, forseti DIF<\/td>\n<\/tr>\n<tr class=\"row-74\">\n\t<td class=\"column-1\">73<\/td><td class=\"column-2\">apr\u00edl 2015<\/td><td class=\"column-3\">Patrick Hickey, forseti EOC<\/td>\n<\/tr>\n<tr class=\"row-75\">\n\t<td class=\"column-1\">74<\/td><td class=\"column-2\">2015<\/td><td class=\"column-3\">Aksel V. Johannesen, l\u00f8gma\u00f0ur<\/td>\n<\/tr>\n<tr class=\"row-76\">\n\t<td class=\"column-1\">75<\/td><td class=\"column-2\">august 2017<\/td><td class=\"column-3\">Svenning Reinert, RF<\/td>\n<\/tr>\n<tr class=\"row-77\">\n\t<td class=\"column-1\">76<\/td><td class=\"column-2\">2019<\/td><td class=\"column-3\">B\u00e1r\u00f0ur \u00e1 Steig Nielsen, l\u00f8gma\u00f0ur<\/td>\n<\/tr>\n<tr class=\"row-78\">\n\t<td class=\"column-1\">77<\/td><td class=\"column-2\">30. mai 2020<\/td><td class=\"column-3\">Magnus Tausen, FBF<\/td>\n<\/tr>\n<tr class=\"row-79\">\n\t<td class=\"column-1\">78<\/td><td class=\"column-2\">30. mai 2020<\/td><td class=\"column-3\">R\u00f3kur \u00ed J\u00e1kupsstovu, SSF<\/td>\n<\/tr>\n<tr class=\"row-80\">\n\t<td class=\"column-1\">79<\/td><td class=\"column-2\">30. mai 2020<\/td><td class=\"column-3\">Hjalmar Petersen, RF<\/td>\n<\/tr>\n<tr class=\"row-81\">\n\t<td class=\"column-1\">80<\/td><td class=\"column-2\">13. juni 2020<\/td><td class=\"column-3\">Erik Engelbrecht Thomsen, BSF<\/td>\n<\/tr>\n<tr class=\"row-82\">\n\t<td class=\"column-1\">81<\/td><td class=\"column-2\">19. juli 2020<\/td><td class=\"column-3\">Brandur \u00ed Dali, RF<\/td>\n<\/tr>\n<tr class=\"row-83\">\n\t<td class=\"column-1\">82<\/td><td class=\"column-2\">8. september 2020<\/td><td class=\"column-3\">Jesper Frigast Larsen, ADD og DIF<\/td>\n<\/tr>\n<tr class=\"row-84\">\n\t<td class=\"column-1\">83<\/td><td class=\"column-2\">29. mai 2021<\/td><td class=\"column-3\">Christian F. Andreasen, FSF<\/td>\n<\/tr>\n<tr class=\"row-85\">\n\t<td class=\"column-1\">84<\/td><td class=\"column-2\">5. februar 2022<\/td><td class=\"column-3\">J\u00e1kup Mortensen, P.E.P<\/td>\n<\/tr>\n<tr class=\"row-86\">\n\t<td class=\"column-1\">85<\/td><td class=\"column-2\">9. mars 2022<\/td><td class=\"column-3\">Kjartan Egholm, SST<\/td>\n<\/tr>\n<tr class=\"row-87\">\n\t<td class=\"column-1\">86<\/td><td class=\"column-2\">21. mai 2022<\/td><td class=\"column-3\">Ingi Samuelsen, felagsumbo\u00f0 Menningarsambond<\/td>\n<\/tr>\n<tr class=\"row-88\">\n\t<td class=\"column-1\">87<\/td><td class=\"column-2\">21. mai 2022<\/td><td class=\"column-3\">J\u00f3gvan M. Andreasen, <br \/>\n BSkF<\/td>\n<\/tr>\n<tr class=\"row-89\">\n\t<td class=\"column-1\">88<\/td><td class=\"column-2\">21. mai 2022<\/td><td class=\"column-3\">Gunn Ellefsen, HSF<\/td>\n<\/tr>\n<tr class=\"row-90\">\n\t<td class=\"column-1\">89<\/td><td class=\"column-2\">24. september 2022<\/td><td class=\"column-3\">Hallur Ellingsgaard, RSF<\/td>\n<\/tr>\n<tr class=\"row-91\">\n\t<td class=\"column-1\">90<\/td><td class=\"column-2\">4. februar 2023<\/td><td class=\"column-3\">Hansina \u00e1 Pl\u00f3gv, P.E.P<\/td>\n<\/tr>\n<tr class=\"row-92\">\n\t<td class=\"column-1\">91<\/td><td class=\"column-2\">7. juli 2023<\/td><td class=\"column-3\">Heri Simonsen, fj\u00f8lmi\u00f0af\u00f3lk<\/td>\n<\/tr>\n<tr class=\"row-93\">\n\t<td class=\"column-1\">92<\/td><td class=\"column-2\">29. apr\u00edl 2023<\/td><td class=\"column-3\">Annika V. Dalsgar\u00f0, RSF<\/td>\n<\/tr>\n<tr class=\"row-94\">\n\t<td class=\"column-1\">93<\/td><td class=\"column-2\">6. mai 2023<\/td><td class=\"column-3\">Niklas Joensen, FBF<\/td>\n<\/tr>\n<tr class=\"row-95\">\n\t<td class=\"column-1\">94<\/td><td class=\"column-2\">18. juni 2024<\/td><td class=\"column-3\">Esmar Joensen, SKF<\/td>\n<\/tr>\n<tr class=\"row-96\">\n\t<td class=\"column-1\">95<\/td><td class=\"column-2\">6. juli 2024<\/td><td class=\"column-3\">Kai Roest, BTSF<\/td>\n<\/tr>\n<tr class=\"row-97\">\n\t<td class=\"column-1\">96<\/td><td class=\"column-2\">1. februar 2025<\/td><td class=\"column-3\">Niklas \u00e1 L\u00ed\u00f0arenda, P.E.P<\/td>\n<\/tr>\n<tr class=\"row-98\">\n\t<td class=\"column-1\">97<\/td><td class=\"column-2\">13. februar 2021<\/td><td class=\"column-3\">J\u00f3hanna Troest, P.E.P<\/td>\n<\/tr>\n<tr class=\"row-99\">\n\t<td class=\"column-1\">98<\/td><td class=\"column-2\">25. apr\u00edl 2025<\/td><td class=\"column-3\">Hans Petur Hansen, RSF<\/td>\n<\/tr>\n<tr class=\"row-100\">\n\t<td class=\"column-1\">99<\/td><td class=\"column-2\">30. august 2025<\/td><td class=\"column-3\">Zacharias R. Jakobsen, RF<\/td>\n<\/tr>\n<tr class=\"row-101\">\n\t<td class=\"column-1\">100<\/td><td class=\"column-2\">7. februar 2026<\/td><td class=\"column-3\">J\u00fastines Justinussen, P.E.P<\/td>\n<\/tr>\n<tr class=\"row-102\">\n\t<td class=\"column-1\">101<\/td><td class=\"column-2\">28. februar 2026<\/td><td class=\"column-3\">Petur Mitt\u00fan, \u00cdSF<\/td>\n<\/tr>\n<\/tbody>\n<\/table>\n<!-- #tablepress-5 from cache -->","protected":false},"excerpt":{"rendered":"<p>Gullmerki \u00cdSF\u00a0ver\u00f0ur lati\u00f0 teimum, sum hava siti\u00f0 sum formenn\/forkvinnur \u00ed sersambandi undir \u00cdSF \u00ed fimm \u00e1r. Gullmerki \u00cdSF&#8217;s ver\u00f0ur eisini [&hellip;]<\/p>\n","protected":false},"author":6,"featured_media":0,"parent":404,"menu_order":6,"comment_status":"open","ping_status":"closed","template":"","meta":{"_acf_changed":false,"_relevanssi_hide_post":"","_relevanssi_hide_content":"","_relevanssi_pin_for_all":"","_relevanssi_pin_keywords":"","_relevanssi_unpin_keywords":"","_relevanssi_related_keywords":"","_relevanssi_related_include_ids":"","_relevanssi_related_exclude_ids":"","_relevanssi_related_no_append":"","_relevanssi_related_not_related":"","_relevanssi_related_posts":"","_relevanssi_noindex_reason":"","inline_featured_image":false,"footnotes":""},"class_list":["post-415","page","type-page","status-publish","hentry"],"acf":[],"yoast_head":"<!-- This site is optimized with the Yoast SEO plugin v27.5 - https:\/\/yoast.com\/product\/yoast-seo-wordpress\/ -->\n<title>Gullmerki - \u00cdtr\u00f3ttasamband F\u00f8roya<\/title>\n<meta name=\"robots\" content=\"index, follow, max-snippet:-1, max-image-preview:large, max-video-preview:-1\" \/>\n<link rel=\"canonical\" href=\"https:\/\/isf.fo\/en\/bygnadur\/soga\/gullmerki\/\" \/>\n<meta property=\"og:locale\" content=\"en_US\" \/>\n<meta property=\"og:type\" content=\"article\" \/>\n<meta property=\"og:title\" content=\"Gullmerki - \u00cdtr\u00f3ttasamband F\u00f8roya\" \/>\n<meta property=\"og:description\" content=\"Gullmerki \u00cdSF\u00a0ver\u00f0ur lati\u00f0 teimum, sum hava siti\u00f0 sum formenn\/forkvinnur \u00ed sersambandi undir \u00cdSF \u00ed fimm \u00e1r. Gullmerki \u00cdSF&#8217;s ver\u00f0ur eisini [&hellip;]\" \/>\n<meta property=\"og:url\" content=\"https:\/\/isf.fo\/en\/bygnadur\/soga\/gullmerki\/\" \/>\n<meta property=\"og:site_name\" content=\"\u00cdtr\u00f3ttasamband F\u00f8roya\" \/>\n<meta property=\"article:publisher\" content=\"https:\/\/www.facebook.com\/itrottasambandid\" \/>\n<meta property=\"article:modified_time\" content=\"2018-09-06T12:24:25+00:00\" \/>\n<meta name=\"twitter:card\" content=\"summary_large_image\" \/>\n<script type=\"application\/ld+json\" class=\"yoast-schema-graph\">{\"@context\":\"https:\\\/\\\/schema.org\",\"@graph\":[{\"@type\":\"WebPage\",\"@id\":\"https:\\\/\\\/isf.fo\\\/bygnadur\\\/soga\\\/gullmerki\\\/\",\"url\":\"https:\\\/\\\/isf.fo\\\/bygnadur\\\/soga\\\/gullmerki\\\/\",\"name\":\"Gullmerki - \u00cdtr\u00f3ttasamband F\u00f8roya\",\"isPartOf\":{\"@id\":\"https:\\\/\\\/isf.fo\\\/#website\"},\"datePublished\":\"2008-06-16T14:00:23+00:00\",\"dateModified\":\"2018-09-06T12:24:25+00:00\",\"breadcrumb\":{\"@id\":\"https:\\\/\\\/isf.fo\\\/bygnadur\\\/soga\\\/gullmerki\\\/#breadcrumb\"},\"inLanguage\":\"en-US\",\"potentialAction\":[{\"@type\":\"ReadAction\",\"target\":[\"https:\\\/\\\/isf.fo\\\/bygnadur\\\/soga\\\/gullmerki\\\/\"]}]},{\"@type\":\"BreadcrumbList\",\"@id\":\"https:\\\/\\\/isf.fo\\\/bygnadur\\\/soga\\\/gullmerki\\\/#breadcrumb\",\"itemListElement\":[{\"@type\":\"ListItem\",\"position\":1,\"name\":\"Home\",\"item\":\"https:\\\/\\\/isf.fo\\\/\"},{\"@type\":\"ListItem\",\"position\":2,\"name\":\"Bygna\u00f0ur\",\"item\":\"https:\\\/\\\/isf.fo\\\/bygnadur\\\/\"},{\"@type\":\"ListItem\",\"position\":3,\"name\":\"S\u00f8ga\",\"item\":\"https:\\\/\\\/isf.fo\\\/bygnadur\\\/soga\\\/\"},{\"@type\":\"ListItem\",\"position\":4,\"name\":\"Gullmerki\"}]},{\"@type\":\"WebSite\",\"@id\":\"https:\\\/\\\/isf.fo\\\/#website\",\"url\":\"https:\\\/\\\/isf.fo\\\/\",\"name\":\"\u00cdtr\u00f3ttasamband F\u00f8roya\",\"description\":\"\",\"publisher\":{\"@id\":\"https:\\\/\\\/isf.fo\\\/#organization\"},\"potentialAction\":[{\"@type\":\"SearchAction\",\"target\":{\"@type\":\"EntryPoint\",\"urlTemplate\":\"https:\\\/\\\/isf.fo\\\/?s={search_term_string}\"},\"query-input\":{\"@type\":\"PropertyValueSpecification\",\"valueRequired\":true,\"valueName\":\"search_term_string\"}}],\"inLanguage\":\"en-US\"},{\"@type\":\"Organization\",\"@id\":\"https:\\\/\\\/isf.fo\\\/#organization\",\"name\":\"\u00cdtr\u00f3ttasamband F\u00f8roya\",\"url\":\"https:\\\/\\\/isf.fo\\\/\",\"logo\":{\"@type\":\"ImageObject\",\"inLanguage\":\"en-US\",\"@id\":\"https:\\\/\\\/isf.fo\\\/#\\\/schema\\\/logo\\\/image\\\/\",\"url\":\"https:\\\/\\\/isf.fo\\\/wp-content\\\/uploads\\\/2025\\\/06\\\/ISF_Olympic-Committee-logo.png\",\"contentUrl\":\"https:\\\/\\\/isf.fo\\\/wp-content\\\/uploads\\\/2025\\\/06\\\/ISF_Olympic-Committee-logo.png\",\"width\":618,\"height\":121,\"caption\":\"\u00cdtr\u00f3ttasamband F\u00f8roya\"},\"image\":{\"@id\":\"https:\\\/\\\/isf.fo\\\/#\\\/schema\\\/logo\\\/image\\\/\"},\"sameAs\":[\"https:\\\/\\\/www.facebook.com\\\/itrottasambandid\"]}]}<\/script>\n<!-- \/ Yoast SEO plugin. -->","yoast_head_json":{"title":"Gullmerki - \u00cdtr\u00f3ttasamband F\u00f8roya","robots":{"index":"index","follow":"follow","max-snippet":"max-snippet:-1","max-image-preview":"max-image-preview:large","max-video-preview":"max-video-preview:-1"},"canonical":"https:\/\/isf.fo\/en\/bygnadur\/soga\/gullmerki\/","og_locale":"en_US","og_type":"article","og_title":"Gullmerki - \u00cdtr\u00f3ttasamband F\u00f8roya","og_description":"Gullmerki \u00cdSF\u00a0ver\u00f0ur lati\u00f0 teimum, sum hava siti\u00f0 sum formenn\/forkvinnur \u00ed sersambandi undir \u00cdSF \u00ed fimm \u00e1r. Gullmerki \u00cdSF&#8217;s ver\u00f0ur eisini [&hellip;]","og_url":"https:\/\/isf.fo\/en\/bygnadur\/soga\/gullmerki\/","og_site_name":"\u00cdtr\u00f3ttasamband F\u00f8roya","article_publisher":"https:\/\/www.facebook.com\/itrottasambandid","article_modified_time":"2018-09-06T12:24:25+00:00","twitter_card":"summary_large_image","schema":{"@context":"https:\/\/schema.org","@graph":[{"@type":"WebPage","@id":"https:\/\/isf.fo\/bygnadur\/soga\/gullmerki\/","url":"https:\/\/isf.fo\/bygnadur\/soga\/gullmerki\/","name":"Gullmerki - \u00cdtr\u00f3ttasamband F\u00f8roya","isPartOf":{"@id":"https:\/\/isf.fo\/#website"},"datePublished":"2008-06-16T14:00:23+00:00","dateModified":"2018-09-06T12:24:25+00:00","breadcrumb":{"@id":"https:\/\/isf.fo\/bygnadur\/soga\/gullmerki\/#breadcrumb"},"inLanguage":"en-US","potentialAction":[{"@type":"ReadAction","target":["https:\/\/isf.fo\/bygnadur\/soga\/gullmerki\/"]}]},{"@type":"BreadcrumbList","@id":"https:\/\/isf.fo\/bygnadur\/soga\/gullmerki\/#breadcrumb","itemListElement":[{"@type":"ListItem","position":1,"name":"Home","item":"https:\/\/isf.fo\/"},{"@type":"ListItem","position":2,"name":"Bygna\u00f0ur","item":"https:\/\/isf.fo\/bygnadur\/"},{"@type":"ListItem","position":3,"name":"S\u00f8ga","item":"https:\/\/isf.fo\/bygnadur\/soga\/"},{"@type":"ListItem","position":4,"name":"Gullmerki"}]},{"@type":"WebSite","@id":"https:\/\/isf.fo\/#website","url":"https:\/\/isf.fo\/","name":"\u00cdtr\u00f3ttasamband F\u00f8roya","description":"","publisher":{"@id":"https:\/\/isf.fo\/#organization"},"potentialAction":[{"@type":"SearchAction","target":{"@type":"EntryPoint","urlTemplate":"https:\/\/isf.fo\/?s={search_term_string}"},"query-input":{"@type":"PropertyValueSpecification","valueRequired":true,"valueName":"search_term_string"}}],"inLanguage":"en-US"},{"@type":"Organization","@id":"https:\/\/isf.fo\/#organization","name":"\u00cdtr\u00f3ttasamband F\u00f8roya","url":"https:\/\/isf.fo\/","logo":{"@type":"ImageObject","inLanguage":"en-US","@id":"https:\/\/isf.fo\/#\/schema\/logo\/image\/","url":"https:\/\/isf.fo\/wp-content\/uploads\/2025\/06\/ISF_Olympic-Committee-logo.png","contentUrl":"https:\/\/isf.fo\/wp-content\/uploads\/2025\/06\/ISF_Olympic-Committee-logo.png","width":618,"height":121,"caption":"\u00cdtr\u00f3ttasamband F\u00f8roya"},"image":{"@id":"https:\/\/isf.fo\/#\/schema\/logo\/image\/"},"sameAs":["https:\/\/www.facebook.com\/itrottasambandid"]}]}},"_links":{"self":[{"href":"https:\/\/isf.fo\/en\/wp-json\/wp\/v2\/pages\/415","targetHints":{"allow":["GET"]}}],"collection":[{"href":"https:\/\/isf.fo\/en\/wp-json\/wp\/v2\/pages"}],"about":[{"href":"https:\/\/isf.fo\/en\/wp-json\/wp\/v2\/types\/page"}],"author":[{"embeddable":true,"href":"https:\/\/isf.fo\/en\/wp-json\/wp\/v2\/users\/6"}],"replies":[{"embeddable":true,"href":"https:\/\/isf.fo\/en\/wp-json\/wp\/v2\/comments?post=415"}],"version-history":[{"count":5,"href":"https:\/\/isf.fo\/en\/wp-json\/wp\/v2\/pages\/415\/revisions"}],"predecessor-version":[{"id":6349,"href":"https:\/\/isf.fo\/en\/wp-json\/wp\/v2\/pages\/415\/revisions\/6349"}],"up":[{"embeddable":true,"href":"https:\/\/isf.fo\/en\/wp-json\/wp\/v2\/pages\/404"}],"wp:attachment":[{"href":"https:\/\/isf.fo\/en\/wp-json\/wp\/v2\/media?parent=415"}],"curies":[{"name":"wp","href":"https:\/\/api.w.org\/{rel}","templated":true}]}}