{"id":7529,"date":"2020-06-10T11:14:17","date_gmt":"2020-06-10T11:14:17","guid":{"rendered":"https:\/\/isf.fo\/logir\/reglugerd-fyri-figgjarnevnd\/"},"modified":"2020-06-10T11:19:16","modified_gmt":"2020-06-10T11:19:16","slug":"reglugerd-fyri-figgjarnevnd","status":"publish","type":"page","link":"https:\/\/isf.fo\/en\/logir\/reglugerd-fyri-figgjarnevnd\/","title":{"rendered":"Regluger\u00f0 fyri f\u00edggjarnevnd"},"content":{"rendered":"<p style=\"text-align: center;\">Samb\u00e6rt Evstul\u00f3g fyri \u00cdSF \u00a7 29, stk. 3, hevur starvsnevnd \u00cdSF samtykt hesa<\/p>\n<p style=\"text-align: center;\"><strong>REGLUGER\u00d0 <\/strong>fyri f\u00edggjarnevndina<\/p>\n<p style=\"text-align: center;\"><strong>\u00a7 1<\/strong><\/p>\n<p>F\u00edggjarnevndin er manna\u00f0 vi\u00f0 trimum limum, sum ver\u00f0a valdir av starvsnevndini:<\/p>\n<ul>\n<li>Forseti \u00cdSF, sum er forma\u00f0ur<\/li>\n<li>Ein starvsnevndarlimur<\/li>\n<li>Ein eksternur f\u00edggjark\u00f8nur, sum samstundis eisini er skrivari \u00ed f\u00edggjarnevndini<\/li>\n<\/ul>\n<p>Limirnir \u00ed f\u00edggjarnevndini eru valdir, inntil starvsnevndin velur a\u00f0rar nevndarlimir.<\/p>\n<p style=\"text-align: center;\"><strong> \u00a7 2<\/strong><\/p>\n<p>Starvi\u00f0 hj\u00e1 f\u00edggjarnevndini fevnir m.a. um at gera uppskot um b\u00fdtislykil fyri f\u00edggjarstu\u00f0ul til sersambondini og gera uppskot um f\u00edggjar\u00e6tlan fyri \u00cdSF.<\/p>\n<p style=\"text-align: center;\"><strong>\u00a7 3<\/strong><\/p>\n<p>Fyri at kunna \u00fatinna s\u00edtt starv samb\u00e6rt \u00a7 2 hevur f\u00edggjarnevndin fund vi\u00f0 hv\u00f8rt sersamband \u00ed minsta lagi einafer\u00f0 um \u00e1ri\u00f0. \u00c1 hesum fundi luttekur f\u00edggjarnevndin og nevndin fyri hv\u00f8rt sersamband. \u00cd g\u00f3\u00f0ari t\u00ed\u00f0 undan nevnda fundi, sum n\u00e6rri \u00e1sett av f\u00edggjarnevndini, sendir sersambandi\u00f0 til f\u00edggjarnevndina fullf\u00edggja\u00f0 roknskapartilfar fyri farna \u00e1lmanakka\u00e1r, herundir fylgjandi tilfar fyri vi\u00f0komandi sersamband:<\/p>\n<ul>\n<li>Almenna \u00e1rsroknskapin<\/li>\n<li>Grannsko\u00f0anarprotokoll<\/li>\n<li>\u00c1rsroknskapin uppsettan eftir felags kontoplaninum<\/li>\n<li>F\u00edggjar\u00e6tlan fyri komandi 3 \u00e1rini<\/li>\n<li>Framt\u00ed\u00f0ar\u00e6tlanir av t\u00fddningi<\/li>\n<\/ul>\n<p>Sersambandi\u00f0 hevur skyldu at \u00fatvega meira og anna\u00f0 tilfar, \u00fatgreina tilfari\u00f0 ella svara spurningum og ivam\u00e1lum fr\u00e1 f\u00edggjarnevndini, um f\u00edggjarnevndin metir t\u00f8rv vera \u00e1 t\u00ed.<\/p>\n<p>F\u00edggjarlig skj\u00f8l og uppl\u00fdsingar, sum sersambondini lata f\u00edggjarnevndini, eru \u00ed tr\u00fana\u00f0i og eru bert t\u00f8k fyri f\u00edggjarnevndini og umsitingini hj\u00e1 \u00cdSF. V\u00edsandi til grein 32 \u00ed Evstul\u00f3g fyri \u00cdSF ver\u00f0a almennu roknskapirnir hj\u00e1 sersambondunum t\u00f3 lagdir \u00fat \u00e1 heimas\u00ed\u00f0una hj\u00e1 \u00cdSF.<\/p>\n<p style=\"text-align: center;\"><strong>\u00a7 4<\/strong><\/p>\n<p>Uppskot til b\u00fdti av f\u00edggjarstu\u00f0li til sersambond ver\u00f0ur lagt fyri starvsnevndina til g\u00f3\u00f0kenningar, s\u00ed\u00f0ani umbo\u00f0stingi\u00f0 til kunningar\/umr\u00f8\u00f0u og til seinast lagt fyri a\u00f0alfund \u00cdSF til g\u00f3\u00f0kenningar.<\/p>\n<p style=\"text-align: center;\"><strong>\u00a7 5<\/strong><\/p>\n<p>Henda regluger\u00f0 kann bert broytast vi\u00f0 samtykt av starvsnevndini.<\/p>\n<p><em>Samtykt \u00e1 starvsnevndarfundi 18. mai 2020.<\/em><\/p>\n<p><a href=\"https:\/\/d21ockg4ri0hhk.cloudfront.net\/wp-content\/uploads\/2020\/06\/30192813\/2020-03-16-Regluger%C3%B0-fyri-f%C3%ADggjarnevnd.pdf\" target=\"_blank\" rel=\"noopener noreferrer\">Regluger\u00f0 fyri f\u00edggjarnevnd<\/a> sum pdf<\/p>","protected":false},"excerpt":{"rendered":"<p>Samb\u00e6rt Evstul\u00f3g fyri \u00cdSF \u00a7 29, stk. 3, hevur starvsnevnd \u00cdSF samtykt hesa REGLUGER\u00d0 fyri f\u00edggjarnevndina \u00a7 1 F\u00edggjarnevndin er [&hellip;]<\/p>\n","protected":false},"author":7,"featured_media":0,"parent":405,"menu_order":13,"comment_status":"closed","ping_status":"closed","template":"","meta":{"_acf_changed":false,"_relevanssi_hide_post":"","_relevanssi_hide_content":"","_relevanssi_pin_for_all":"","_relevanssi_pin_keywords":"","_relevanssi_unpin_keywords":"","_relevanssi_related_keywords":"","_relevanssi_related_include_ids":"","_relevanssi_related_exclude_ids":"","_relevanssi_related_no_append":"","_relevanssi_related_not_related":"","_relevanssi_related_posts":"","_relevanssi_noindex_reason":"","inline_featured_image":false,"footnotes":""},"class_list":["post-7529","page","type-page","status-publish","hentry"],"acf":[],"yoast_head":"<!-- This site is optimized with the Yoast SEO plugin v27.5 - https:\/\/yoast.com\/product\/yoast-seo-wordpress\/ -->\n<title>Regluger\u00f0 fyri f\u00edggjarnevnd - \u00cdtr\u00f3ttasamband F\u00f8roya<\/title>\n<meta name=\"robots\" content=\"index, follow, max-snippet:-1, max-image-preview:large, max-video-preview:-1\" \/>\n<link rel=\"canonical\" href=\"https:\/\/isf.fo\/en\/logir\/reglugerd-fyri-figgjarnevnd\/\" \/>\n<meta property=\"og:locale\" content=\"en_US\" \/>\n<meta property=\"og:type\" content=\"article\" \/>\n<meta property=\"og:title\" content=\"Regluger\u00f0 fyri f\u00edggjarnevnd - \u00cdtr\u00f3ttasamband F\u00f8roya\" \/>\n<meta property=\"og:description\" content=\"Samb\u00e6rt Evstul\u00f3g fyri \u00cdSF \u00a7 29, stk. 3, hevur starvsnevnd \u00cdSF samtykt hesa REGLUGER\u00d0 fyri f\u00edggjarnevndina \u00a7 1 F\u00edggjarnevndin er [&hellip;]\" \/>\n<meta property=\"og:url\" content=\"https:\/\/isf.fo\/en\/logir\/reglugerd-fyri-figgjarnevnd\/\" \/>\n<meta property=\"og:site_name\" content=\"\u00cdtr\u00f3ttasamband F\u00f8roya\" \/>\n<meta property=\"article:publisher\" content=\"https:\/\/www.facebook.com\/itrottasambandid\" \/>\n<meta property=\"article:modified_time\" content=\"2020-06-10T11:19:16+00:00\" \/>\n<meta name=\"twitter:card\" content=\"summary_large_image\" \/>\n<meta name=\"twitter:label1\" content=\"Est. reading time\" \/>\n\t<meta name=\"twitter:data1\" content=\"2 minutes\" \/>\n<script type=\"application\/ld+json\" class=\"yoast-schema-graph\">{\"@context\":\"https:\\\/\\\/schema.org\",\"@graph\":[{\"@type\":\"WebPage\",\"@id\":\"https:\\\/\\\/isf.fo\\\/logir\\\/reglugerd-fyri-figgjarnevnd\\\/\",\"url\":\"https:\\\/\\\/isf.fo\\\/logir\\\/reglugerd-fyri-figgjarnevnd\\\/\",\"name\":\"Regluger\u00f0 fyri f\u00edggjarnevnd - \u00cdtr\u00f3ttasamband F\u00f8roya\",\"isPartOf\":{\"@id\":\"https:\\\/\\\/isf.fo\\\/#website\"},\"datePublished\":\"2020-06-10T11:14:17+00:00\",\"dateModified\":\"2020-06-10T11:19:16+00:00\",\"breadcrumb\":{\"@id\":\"https:\\\/\\\/isf.fo\\\/logir\\\/reglugerd-fyri-figgjarnevnd\\\/#breadcrumb\"},\"inLanguage\":\"en-US\",\"potentialAction\":[{\"@type\":\"ReadAction\",\"target\":[\"https:\\\/\\\/isf.fo\\\/logir\\\/reglugerd-fyri-figgjarnevnd\\\/\"]}]},{\"@type\":\"BreadcrumbList\",\"@id\":\"https:\\\/\\\/isf.fo\\\/logir\\\/reglugerd-fyri-figgjarnevnd\\\/#breadcrumb\",\"itemListElement\":[{\"@type\":\"ListItem\",\"position\":1,\"name\":\"Home\",\"item\":\"https:\\\/\\\/isf.fo\\\/\"},{\"@type\":\"ListItem\",\"position\":2,\"name\":\"L\u00f3gir\",\"item\":\"https:\\\/\\\/isf.fo\\\/logir\\\/\"},{\"@type\":\"ListItem\",\"position\":3,\"name\":\"Regluger\u00f0 fyri f\u00edggjarnevnd\"}]},{\"@type\":\"WebSite\",\"@id\":\"https:\\\/\\\/isf.fo\\\/#website\",\"url\":\"https:\\\/\\\/isf.fo\\\/\",\"name\":\"\u00cdtr\u00f3ttasamband F\u00f8roya\",\"description\":\"\",\"publisher\":{\"@id\":\"https:\\\/\\\/isf.fo\\\/#organization\"},\"potentialAction\":[{\"@type\":\"SearchAction\",\"target\":{\"@type\":\"EntryPoint\",\"urlTemplate\":\"https:\\\/\\\/isf.fo\\\/?s={search_term_string}\"},\"query-input\":{\"@type\":\"PropertyValueSpecification\",\"valueRequired\":true,\"valueName\":\"search_term_string\"}}],\"inLanguage\":\"en-US\"},{\"@type\":\"Organization\",\"@id\":\"https:\\\/\\\/isf.fo\\\/#organization\",\"name\":\"\u00cdtr\u00f3ttasamband F\u00f8roya\",\"url\":\"https:\\\/\\\/isf.fo\\\/\",\"logo\":{\"@type\":\"ImageObject\",\"inLanguage\":\"en-US\",\"@id\":\"https:\\\/\\\/isf.fo\\\/#\\\/schema\\\/logo\\\/image\\\/\",\"url\":\"https:\\\/\\\/isf.fo\\\/wp-content\\\/uploads\\\/2025\\\/06\\\/ISF_Olympic-Committee-logo.png\",\"contentUrl\":\"https:\\\/\\\/isf.fo\\\/wp-content\\\/uploads\\\/2025\\\/06\\\/ISF_Olympic-Committee-logo.png\",\"width\":618,\"height\":121,\"caption\":\"\u00cdtr\u00f3ttasamband F\u00f8roya\"},\"image\":{\"@id\":\"https:\\\/\\\/isf.fo\\\/#\\\/schema\\\/logo\\\/image\\\/\"},\"sameAs\":[\"https:\\\/\\\/www.facebook.com\\\/itrottasambandid\"]}]}<\/script>\n<!-- \/ Yoast SEO plugin. -->","yoast_head_json":{"title":"Regluger\u00f0 fyri f\u00edggjarnevnd - \u00cdtr\u00f3ttasamband F\u00f8roya","robots":{"index":"index","follow":"follow","max-snippet":"max-snippet:-1","max-image-preview":"max-image-preview:large","max-video-preview":"max-video-preview:-1"},"canonical":"https:\/\/isf.fo\/en\/logir\/reglugerd-fyri-figgjarnevnd\/","og_locale":"en_US","og_type":"article","og_title":"Regluger\u00f0 fyri f\u00edggjarnevnd - \u00cdtr\u00f3ttasamband F\u00f8roya","og_description":"Samb\u00e6rt Evstul\u00f3g fyri \u00cdSF \u00a7 29, stk. 3, hevur starvsnevnd \u00cdSF samtykt hesa REGLUGER\u00d0 fyri f\u00edggjarnevndina \u00a7 1 F\u00edggjarnevndin er [&hellip;]","og_url":"https:\/\/isf.fo\/en\/logir\/reglugerd-fyri-figgjarnevnd\/","og_site_name":"\u00cdtr\u00f3ttasamband F\u00f8roya","article_publisher":"https:\/\/www.facebook.com\/itrottasambandid","article_modified_time":"2020-06-10T11:19:16+00:00","twitter_card":"summary_large_image","twitter_misc":{"Est. reading time":"2 minutes"},"schema":{"@context":"https:\/\/schema.org","@graph":[{"@type":"WebPage","@id":"https:\/\/isf.fo\/logir\/reglugerd-fyri-figgjarnevnd\/","url":"https:\/\/isf.fo\/logir\/reglugerd-fyri-figgjarnevnd\/","name":"Regluger\u00f0 fyri f\u00edggjarnevnd - \u00cdtr\u00f3ttasamband F\u00f8roya","isPartOf":{"@id":"https:\/\/isf.fo\/#website"},"datePublished":"2020-06-10T11:14:17+00:00","dateModified":"2020-06-10T11:19:16+00:00","breadcrumb":{"@id":"https:\/\/isf.fo\/logir\/reglugerd-fyri-figgjarnevnd\/#breadcrumb"},"inLanguage":"en-US","potentialAction":[{"@type":"ReadAction","target":["https:\/\/isf.fo\/logir\/reglugerd-fyri-figgjarnevnd\/"]}]},{"@type":"BreadcrumbList","@id":"https:\/\/isf.fo\/logir\/reglugerd-fyri-figgjarnevnd\/#breadcrumb","itemListElement":[{"@type":"ListItem","position":1,"name":"Home","item":"https:\/\/isf.fo\/"},{"@type":"ListItem","position":2,"name":"L\u00f3gir","item":"https:\/\/isf.fo\/logir\/"},{"@type":"ListItem","position":3,"name":"Regluger\u00f0 fyri f\u00edggjarnevnd"}]},{"@type":"WebSite","@id":"https:\/\/isf.fo\/#website","url":"https:\/\/isf.fo\/","name":"\u00cdtr\u00f3ttasamband F\u00f8roya","description":"","publisher":{"@id":"https:\/\/isf.fo\/#organization"},"potentialAction":[{"@type":"SearchAction","target":{"@type":"EntryPoint","urlTemplate":"https:\/\/isf.fo\/?s={search_term_string}"},"query-input":{"@type":"PropertyValueSpecification","valueRequired":true,"valueName":"search_term_string"}}],"inLanguage":"en-US"},{"@type":"Organization","@id":"https:\/\/isf.fo\/#organization","name":"\u00cdtr\u00f3ttasamband F\u00f8roya","url":"https:\/\/isf.fo\/","logo":{"@type":"ImageObject","inLanguage":"en-US","@id":"https:\/\/isf.fo\/#\/schema\/logo\/image\/","url":"https:\/\/isf.fo\/wp-content\/uploads\/2025\/06\/ISF_Olympic-Committee-logo.png","contentUrl":"https:\/\/isf.fo\/wp-content\/uploads\/2025\/06\/ISF_Olympic-Committee-logo.png","width":618,"height":121,"caption":"\u00cdtr\u00f3ttasamband F\u00f8roya"},"image":{"@id":"https:\/\/isf.fo\/#\/schema\/logo\/image\/"},"sameAs":["https:\/\/www.facebook.com\/itrottasambandid"]}]}},"_links":{"self":[{"href":"https:\/\/isf.fo\/en\/wp-json\/wp\/v2\/pages\/7529","targetHints":{"allow":["GET"]}}],"collection":[{"href":"https:\/\/isf.fo\/en\/wp-json\/wp\/v2\/pages"}],"about":[{"href":"https:\/\/isf.fo\/en\/wp-json\/wp\/v2\/types\/page"}],"author":[{"embeddable":true,"href":"https:\/\/isf.fo\/en\/wp-json\/wp\/v2\/users\/7"}],"replies":[{"embeddable":true,"href":"https:\/\/isf.fo\/en\/wp-json\/wp\/v2\/comments?post=7529"}],"version-history":[{"count":2,"href":"https:\/\/isf.fo\/en\/wp-json\/wp\/v2\/pages\/7529\/revisions"}],"predecessor-version":[{"id":7532,"href":"https:\/\/isf.fo\/en\/wp-json\/wp\/v2\/pages\/7529\/revisions\/7532"}],"up":[{"embeddable":true,"href":"https:\/\/isf.fo\/en\/wp-json\/wp\/v2\/pages\/405"}],"wp:attachment":[{"href":"https:\/\/isf.fo\/en\/wp-json\/wp\/v2\/media?parent=7529"}],"curies":[{"name":"wp","href":"https:\/\/api.w.org\/{rel}","templated":true}]}}