{"id":7992,"date":"2020-11-19T13:53:25","date_gmt":"2020-11-19T13:53:25","guid":{"rendered":"https:\/\/isf.fo\/?page_id=7992"},"modified":"2021-01-21T14:20:41","modified_gmt":"2021-01-21T14:20:41","slug":"trondur-ravnsfjall","status":"publish","type":"page","link":"https:\/\/isf.fo\/en\/itrotturin-eg\/trondur-ravnsfjall\/","title":{"rendered":"Tr\u00f3ndur Ravnsfjall"},"content":{"rendered":"<p><em><img decoding=\"async\" class=\"alignnone size-medium wp-image-7967 lazyload\" data-src=\"https:\/\/d21ockg4ri0hhk.cloudfront.net\/wp-content\/uploads\/2020\/11\/30192713\/Trondur-2-239x300.jpg\" alt=\"\" width=\"239\" height=\"300\" data-srcset=\"https:\/\/d21ockg4ri0hhk.cloudfront.net\/wp-content\/uploads\/2020\/11\/30192713\/Trondur-2-239x300.jpg 239w, https:\/\/d21ockg4ri0hhk.cloudfront.net\/wp-content\/uploads\/2020\/11\/30192713\/Trondur-2-700x879.jpg 700w, https:\/\/d21ockg4ri0hhk.cloudfront.net\/wp-content\/uploads\/2020\/11\/30192713\/Trondur-2-768x965.jpg 768w, https:\/\/d21ockg4ri0hhk.cloudfront.net\/wp-content\/uploads\/2020\/11\/30192713\/Trondur-2-1223x1536.jpg 1223w, https:\/\/d21ockg4ri0hhk.cloudfront.net\/wp-content\/uploads\/2020\/11\/30192713\/Trondur-2-19x24.jpg 19w, https:\/\/d21ockg4ri0hhk.cloudfront.net\/wp-content\/uploads\/2020\/11\/30192713\/Trondur-2-29x36.jpg 29w, https:\/\/d21ockg4ri0hhk.cloudfront.net\/wp-content\/uploads\/2020\/11\/30192713\/Trondur-2-38x48.jpg 38w, https:\/\/d21ockg4ri0hhk.cloudfront.net\/wp-content\/uploads\/2020\/11\/30192713\/Trondur-2.jpg 1455w\" data-sizes=\"(max-width: 239px) 100vw, 239px\" src=\"data:image\/svg+xml;base64,PHN2ZyB3aWR0aD0iMSIgaGVpZ2h0PSIxIiB4bWxucz0iaHR0cDovL3d3dy53My5vcmcvMjAwMC9zdmciPjwvc3ZnPg==\" style=\"--smush-placeholder-width: 239px; --smush-placeholder-aspect-ratio: 239\/300;\" \/><\/em><\/p>\n<p><em>Heimas\u00ed\u00f0an hj\u00e1 \u00cdSF setir ymiskum f\u00f3lkum spurningar um \u00edtr\u00f3tt og r\u00f8rslu. Hesa fer\u00f0 er gesturin Tr\u00f3ndur Ravnsfjall \u00far Sandav\u00e1gi<\/em><\/p>\n<ul>\n<li><strong>Navn:\u00a0<\/strong>Tr\u00f3ndur Ravnsfjall<strong>\u00a0\u00a0\u00a0\u00a0\u00a0\u00a0\u00a0<\/strong><\/li>\n<li><strong>Aldur:<\/strong>\u00a045<\/li>\n<li><strong>Familjust\u00f8\u00f0a:\u00a0<\/strong>Giftur vi\u00f0 Christinu Ravnsfjall.<\/li>\n<li><strong>B\u00f8rn:<\/strong>\u00a0Nikolina 16 \u00e1r, Magnus 13 \u00e1r, Annika 10 \u00e1r.<\/li>\n<li><strong>\u00datb\u00fagving\/Starv:\u00a0<\/strong>N\u00e1msfr\u00f8\u00f0ingur, starvist sum \u00edtr\u00f3ttar\u00e1\u00f0gevi hj\u00e1 Parasport<\/li>\n<\/ul>\n<p><strong>Hvussu ofta \u00ed\u00f0kar t\u00fa \u00edtr\u00f3tt um vikuna og hv\u00f8nn \u00edtr\u00f3tt er talan um.<\/strong><\/p>\n<p>Ta\u00f0 er ymiskt hvussu ofta eg \u00ed\u00f0ki, alt ann upp\u00e1 hvussu n\u00f3gv eg havi at gera vi\u00f0 arbei\u00f0i.<br \/>\nTil t\u00ed\u00f0ir n\u00e6rum hv\u00f8nn dag, og onkunt\u00ed\u00f0 eina ella tv\u00e6r fer\u00f0ir um vikuna.<br \/>\n\u00cd mi\u00f0al bl\u00edvur ta\u00f0 helst einar 3 fer\u00f0ir um vikuna.<br \/>\nVit eru nakrir tilkomnir menn i\u00f0 hava sp\u00e6lt innanduraf\u00f3tb\u00f3lt hv\u00f8rt m\u00e1nakv\u00f8ld seinastu mongu \u00e1rini, og annars er ta\u00f0 renning, r\u00f3gving og styrkivenjing.<br \/>\nOnkur t\u00farur vi\u00f0 kajakk ella \u00ed fj\u00f8llini bl\u00edvur ta\u00f0 eisini til \u00edgj\u00f8gnum \u00e1ri\u00f0, t\u00f3 at ta\u00f0 kundu veri\u00f0 fleiri.<\/p>\n<p><strong>\u00cd\u00f0ka\u00f0i t\u00fa \u00edtr\u00f3tt sum barn?<\/strong><br \/>\nJa, eg eri uppvaksin beint vi\u00f0 s\u00ed\u00f0una av f\u00f3tb\u00f3ltsv\u00f8llinum \u00ed Sandav\u00e1gi, og byrja\u00f0i t\u00ed\u00f0liga at sp\u00e6la f\u00f3tb\u00f3lt, og havi gj\u00f8rt ta\u00f0 s\u00ed\u00f0an.<br \/>\nRoyndi meg eisini stutt vi\u00f0 hondb\u00f3lti, badminton og flogb\u00f3lti.<\/p>\n<p><strong>Hv\u00f8nn t\u00fddning hevur \u00edtr\u00f3ttur fyri teg og familjuna.<\/strong><br \/>\nEitt er ta\u00f0 at b\u00e6\u00f0i eg og konan hava \u00edtr\u00f3tt sum starv, men vit sum familja br\u00faka eisini sera n\u00f3gva t\u00ed\u00f0 upp\u00e1 \u00edtr\u00f3ttin.<br \/>\nB\u00e6\u00f0i eg og konan eru venjarar, og b\u00f8rnini sp\u00e6la f\u00f3tb\u00f3lt og f\u00e1ast eitt sindur vi\u00f0 r\u00f3gving summarh\u00e1lvuna, umframt at tey sp\u00e6la hondb\u00f3lt og flogb\u00f3lt um veturin.<br \/>\nHarafturat koma allar uppg\u00e1vurnar sum foreldur f\u00e1a \u00ed samband vi\u00f0 kappingar.<br \/>\n\u00cdtr\u00f3tturin bl\u00edvur t\u00ed eisini ta\u00f0 sta\u00f0i\u00f0 har vit hava n\u00f3gv av okkara sosiala l\u00edvi\u00f0.<\/p>\n<p><strong>Hvat heldur t\u00fa er t\u00fddningarmesta uppg\u00e1van\/avbj\u00f3\u00f0ingin hj\u00e1 f\u00f8roysku \u00edtr\u00f3ttafel\u00f8gunum?<\/strong><\/p>\n<p>Eg haldi at ta\u00f0 mangan ver\u00f0ur hugsa\u00f0 ov n\u00f3gv um tey bestu,\u00a0 og gloyma vit at \u00edtr\u00f3ttur skal ver\u00f0a fyri \u00f8ll, alt\u00ed\u00f0 \u2013 og ver\u00f0a stuttligur.<\/p>\n<p>Fr\u00e1falli\u00f0 \u00ed tann\u00e1ringa\u00e1runum er st\u00f3rt, og ein st\u00f3r avbj\u00f3\u00f0ing hj\u00e1 \u00edtr\u00f3ttarfel\u00f8gunum er at halda fleiri til \u00edtr\u00f3ttin longri.<\/p>\n<p><img decoding=\"async\" class=\"alignnone size-medium wp-image-7959 lazyload\" data-src=\"https:\/\/d21ockg4ri0hhk.cloudfront.net\/wp-content\/uploads\/2020\/11\/30192714\/20191113_230042-300x225.jpg\" alt=\"\" width=\"300\" height=\"225\" data-srcset=\"https:\/\/d21ockg4ri0hhk.cloudfront.net\/wp-content\/uploads\/2020\/11\/30192714\/20191113_230042-300x225.jpg 300w, https:\/\/d21ockg4ri0hhk.cloudfront.net\/wp-content\/uploads\/2020\/11\/30192714\/20191113_230042-700x525.jpg 700w, https:\/\/d21ockg4ri0hhk.cloudfront.net\/wp-content\/uploads\/2020\/11\/30192714\/20191113_230042-768x576.jpg 768w, https:\/\/d21ockg4ri0hhk.cloudfront.net\/wp-content\/uploads\/2020\/11\/30192714\/20191113_230042-1536x1152.jpg 1536w, https:\/\/d21ockg4ri0hhk.cloudfront.net\/wp-content\/uploads\/2020\/11\/30192714\/20191113_230042-2048x1536.jpg 2048w, https:\/\/d21ockg4ri0hhk.cloudfront.net\/wp-content\/uploads\/2020\/11\/30192714\/20191113_230042-24x18.jpg 24w, https:\/\/d21ockg4ri0hhk.cloudfront.net\/wp-content\/uploads\/2020\/11\/30192714\/20191113_230042-36x27.jpg 36w, https:\/\/d21ockg4ri0hhk.cloudfront.net\/wp-content\/uploads\/2020\/11\/30192714\/20191113_230042-48x36.jpg 48w\" data-sizes=\"(max-width: 300px) 100vw, 300px\" src=\"data:image\/svg+xml;base64,PHN2ZyB3aWR0aD0iMSIgaGVpZ2h0PSIxIiB4bWxucz0iaHR0cDovL3d3dy53My5vcmcvMjAwMC9zdmciPjwvc3ZnPg==\" style=\"--smush-placeholder-width: 300px; --smush-placeholder-aspect-ratio: 300\/225;\" \/><img decoding=\"async\" class=\"alignnone size-medium wp-image-7958 lazyload\" data-src=\"https:\/\/d21ockg4ri0hhk.cloudfront.net\/wp-content\/uploads\/2020\/11\/30192715\/20191113_230218-300x225.jpg\" alt=\"\" width=\"300\" height=\"225\" data-srcset=\"https:\/\/d21ockg4ri0hhk.cloudfront.net\/wp-content\/uploads\/2020\/11\/30192715\/20191113_230218-300x225.jpg 300w, https:\/\/d21ockg4ri0hhk.cloudfront.net\/wp-content\/uploads\/2020\/11\/30192715\/20191113_230218-700x525.jpg 700w, https:\/\/d21ockg4ri0hhk.cloudfront.net\/wp-content\/uploads\/2020\/11\/30192715\/20191113_230218-768x576.jpg 768w, https:\/\/d21ockg4ri0hhk.cloudfront.net\/wp-content\/uploads\/2020\/11\/30192715\/20191113_230218-1536x1152.jpg 1536w, https:\/\/d21ockg4ri0hhk.cloudfront.net\/wp-content\/uploads\/2020\/11\/30192715\/20191113_230218-2048x1536.jpg 2048w, https:\/\/d21ockg4ri0hhk.cloudfront.net\/wp-content\/uploads\/2020\/11\/30192715\/20191113_230218-24x18.jpg 24w, https:\/\/d21ockg4ri0hhk.cloudfront.net\/wp-content\/uploads\/2020\/11\/30192715\/20191113_230218-36x27.jpg 36w, https:\/\/d21ockg4ri0hhk.cloudfront.net\/wp-content\/uploads\/2020\/11\/30192715\/20191113_230218-48x36.jpg 48w\" data-sizes=\"(max-width: 300px) 100vw, 300px\" src=\"data:image\/svg+xml;base64,PHN2ZyB3aWR0aD0iMSIgaGVpZ2h0PSIxIiB4bWxucz0iaHR0cDovL3d3dy53My5vcmcvMjAwMC9zdmciPjwvc3ZnPg==\" style=\"--smush-placeholder-width: 300px; --smush-placeholder-aspect-ratio: 300\/225;\" \/>\u00a0 \u00a0 \u00a0 \u00a0 \u00a0 \u00a0 \u00a0 \u00a0 \u00a0 \u00a0 \u00a0 \u00a0 \u00a0 \u00a0 \u00a0 \u00a0 \u00a0 \u00a0 \u00a0 \u00a0 \u00a0 \u00a0 \u00a0 \u00a0 \u00a0 \u00a0 \u00a0 \u00a0 \u00a0 \u00a0 \u00a0 \u00a0 \u00a0 \u00a0 \u00a0 \u00a0 \u00a0 \u00a0 \u00a0 \u00a0 \u00a0 \u00a0 \u00a0 \u00a0 \u00a0 \u00a0 \u00a0 \u00a0 \u00a0 \u00a0 \u00a0 \u00a0 \u00a0 \u00a0 \u00a0 \u00a0 \u00a0 Lagt \u00fat: 17-11-2020<\/p>","protected":false},"excerpt":{"rendered":"<p>Heimas\u00ed\u00f0an hj\u00e1 \u00cdSF setir ymiskum f\u00f3lkum spurningar um \u00edtr\u00f3tt og r\u00f8rslu. Hesa fer\u00f0 er gesturin Tr\u00f3ndur Ravnsfjall \u00far Sandav\u00e1gi Navn:\u00a0Tr\u00f3ndur [&hellip;]<\/p>\n","protected":false},"author":8,"featured_media":0,"parent":1251,"menu_order":1,"comment_status":"closed","ping_status":"closed","template":"","meta":{"_acf_changed":false,"_relevanssi_hide_post":"","_relevanssi_hide_content":"","_relevanssi_pin_for_all":"","_relevanssi_pin_keywords":"","_relevanssi_unpin_keywords":"","_relevanssi_related_keywords":"","_relevanssi_related_include_ids":"","_relevanssi_related_exclude_ids":"","_relevanssi_related_no_append":"","_relevanssi_related_not_related":"","_relevanssi_related_posts":"","_relevanssi_noindex_reason":"","inline_featured_image":false,"footnotes":""},"class_list":["post-7992","page","type-page","status-publish","hentry"],"acf":[],"yoast_head":"<!-- This site is optimized with the Yoast SEO plugin v27.5 - https:\/\/yoast.com\/product\/yoast-seo-wordpress\/ -->\n<title>Tr\u00f3ndur Ravnsfjall - \u00cdtr\u00f3ttasamband F\u00f8roya<\/title>\n<meta name=\"robots\" content=\"index, follow, max-snippet:-1, max-image-preview:large, max-video-preview:-1\" \/>\n<link rel=\"canonical\" href=\"https:\/\/isf.fo\/en\/itrotturin-eg\/trondur-ravnsfjall\/\" \/>\n<meta property=\"og:locale\" content=\"en_US\" \/>\n<meta property=\"og:type\" content=\"article\" \/>\n<meta property=\"og:title\" content=\"Tr\u00f3ndur Ravnsfjall - \u00cdtr\u00f3ttasamband F\u00f8roya\" \/>\n<meta property=\"og:description\" content=\"Heimas\u00ed\u00f0an hj\u00e1 \u00cdSF setir ymiskum f\u00f3lkum spurningar um \u00edtr\u00f3tt og r\u00f8rslu. Hesa fer\u00f0 er gesturin Tr\u00f3ndur Ravnsfjall \u00far Sandav\u00e1gi Navn:\u00a0Tr\u00f3ndur [&hellip;]\" \/>\n<meta property=\"og:url\" content=\"https:\/\/isf.fo\/en\/itrotturin-eg\/trondur-ravnsfjall\/\" \/>\n<meta property=\"og:site_name\" content=\"\u00cdtr\u00f3ttasamband F\u00f8roya\" \/>\n<meta property=\"article:publisher\" content=\"https:\/\/www.facebook.com\/itrottasambandid\" \/>\n<meta property=\"article:modified_time\" content=\"2021-01-21T14:20:41+00:00\" \/>\n<meta property=\"og:image\" content=\"https:\/\/isf.fo\/wp-content\/uploads\/2020\/11\/Trondur-2-239x300.jpg\" \/>\n<meta name=\"twitter:card\" content=\"summary_large_image\" \/>\n<meta name=\"twitter:label1\" content=\"Est. reading time\" \/>\n\t<meta name=\"twitter:data1\" content=\"2 minutes\" \/>\n<script type=\"application\/ld+json\" class=\"yoast-schema-graph\">{\"@context\":\"https:\\\/\\\/schema.org\",\"@graph\":[{\"@type\":\"WebPage\",\"@id\":\"https:\\\/\\\/isf.fo\\\/itrotturin-eg\\\/trondur-ravnsfjall\\\/\",\"url\":\"https:\\\/\\\/isf.fo\\\/itrotturin-eg\\\/trondur-ravnsfjall\\\/\",\"name\":\"Tr\u00f3ndur Ravnsfjall - \u00cdtr\u00f3ttasamband F\u00f8roya\",\"isPartOf\":{\"@id\":\"https:\\\/\\\/isf.fo\\\/#website\"},\"primaryImageOfPage\":{\"@id\":\"https:\\\/\\\/isf.fo\\\/itrotturin-eg\\\/trondur-ravnsfjall\\\/#primaryimage\"},\"image\":{\"@id\":\"https:\\\/\\\/isf.fo\\\/itrotturin-eg\\\/trondur-ravnsfjall\\\/#primaryimage\"},\"thumbnailUrl\":\"https:\\\/\\\/isf.fo\\\/wp-content\\\/uploads\\\/2020\\\/11\\\/Trondur-2-239x300.jpg\",\"datePublished\":\"2020-11-19T13:53:25+00:00\",\"dateModified\":\"2021-01-21T14:20:41+00:00\",\"breadcrumb\":{\"@id\":\"https:\\\/\\\/isf.fo\\\/itrotturin-eg\\\/trondur-ravnsfjall\\\/#breadcrumb\"},\"inLanguage\":\"en-US\",\"potentialAction\":[{\"@type\":\"ReadAction\",\"target\":[\"https:\\\/\\\/isf.fo\\\/itrotturin-eg\\\/trondur-ravnsfjall\\\/\"]}]},{\"@type\":\"ImageObject\",\"inLanguage\":\"en-US\",\"@id\":\"https:\\\/\\\/isf.fo\\\/itrotturin-eg\\\/trondur-ravnsfjall\\\/#primaryimage\",\"url\":\"https:\\\/\\\/isf.fo\\\/wp-content\\\/uploads\\\/2020\\\/11\\\/Trondur-2-239x300.jpg\",\"contentUrl\":\"https:\\\/\\\/isf.fo\\\/wp-content\\\/uploads\\\/2020\\\/11\\\/Trondur-2-239x300.jpg\"},{\"@type\":\"BreadcrumbList\",\"@id\":\"https:\\\/\\\/isf.fo\\\/itrotturin-eg\\\/trondur-ravnsfjall\\\/#breadcrumb\",\"itemListElement\":[{\"@type\":\"ListItem\",\"position\":1,\"name\":\"Home\",\"item\":\"https:\\\/\\\/isf.fo\\\/\"},{\"@type\":\"ListItem\",\"position\":2,\"name\":\"\u00cdtr\u00f3tturin &#038; eg\",\"item\":\"https:\\\/\\\/isf.fo\\\/itrotturin-eg\\\/\"},{\"@type\":\"ListItem\",\"position\":3,\"name\":\"Tr\u00f3ndur Ravnsfjall\"}]},{\"@type\":\"WebSite\",\"@id\":\"https:\\\/\\\/isf.fo\\\/#website\",\"url\":\"https:\\\/\\\/isf.fo\\\/\",\"name\":\"\u00cdtr\u00f3ttasamband F\u00f8roya\",\"description\":\"\",\"publisher\":{\"@id\":\"https:\\\/\\\/isf.fo\\\/#organization\"},\"potentialAction\":[{\"@type\":\"SearchAction\",\"target\":{\"@type\":\"EntryPoint\",\"urlTemplate\":\"https:\\\/\\\/isf.fo\\\/?s={search_term_string}\"},\"query-input\":{\"@type\":\"PropertyValueSpecification\",\"valueRequired\":true,\"valueName\":\"search_term_string\"}}],\"inLanguage\":\"en-US\"},{\"@type\":\"Organization\",\"@id\":\"https:\\\/\\\/isf.fo\\\/#organization\",\"name\":\"\u00cdtr\u00f3ttasamband F\u00f8roya\",\"url\":\"https:\\\/\\\/isf.fo\\\/\",\"logo\":{\"@type\":\"ImageObject\",\"inLanguage\":\"en-US\",\"@id\":\"https:\\\/\\\/isf.fo\\\/#\\\/schema\\\/logo\\\/image\\\/\",\"url\":\"https:\\\/\\\/isf.fo\\\/wp-content\\\/uploads\\\/2025\\\/06\\\/ISF_Olympic-Committee-logo.png\",\"contentUrl\":\"https:\\\/\\\/isf.fo\\\/wp-content\\\/uploads\\\/2025\\\/06\\\/ISF_Olympic-Committee-logo.png\",\"width\":618,\"height\":121,\"caption\":\"\u00cdtr\u00f3ttasamband F\u00f8roya\"},\"image\":{\"@id\":\"https:\\\/\\\/isf.fo\\\/#\\\/schema\\\/logo\\\/image\\\/\"},\"sameAs\":[\"https:\\\/\\\/www.facebook.com\\\/itrottasambandid\"]}]}<\/script>\n<!-- \/ Yoast SEO plugin. -->","yoast_head_json":{"title":"Tr\u00f3ndur Ravnsfjall - \u00cdtr\u00f3ttasamband F\u00f8roya","robots":{"index":"index","follow":"follow","max-snippet":"max-snippet:-1","max-image-preview":"max-image-preview:large","max-video-preview":"max-video-preview:-1"},"canonical":"https:\/\/isf.fo\/en\/itrotturin-eg\/trondur-ravnsfjall\/","og_locale":"en_US","og_type":"article","og_title":"Tr\u00f3ndur Ravnsfjall - \u00cdtr\u00f3ttasamband F\u00f8roya","og_description":"Heimas\u00ed\u00f0an hj\u00e1 \u00cdSF setir ymiskum f\u00f3lkum spurningar um \u00edtr\u00f3tt og r\u00f8rslu. Hesa fer\u00f0 er gesturin Tr\u00f3ndur Ravnsfjall \u00far Sandav\u00e1gi Navn:\u00a0Tr\u00f3ndur [&hellip;]","og_url":"https:\/\/isf.fo\/en\/itrotturin-eg\/trondur-ravnsfjall\/","og_site_name":"\u00cdtr\u00f3ttasamband F\u00f8roya","article_publisher":"https:\/\/www.facebook.com\/itrottasambandid","article_modified_time":"2021-01-21T14:20:41+00:00","og_image":[{"url":"https:\/\/isf.fo\/wp-content\/uploads\/2020\/11\/Trondur-2-239x300.jpg","type":"","width":"","height":""}],"twitter_card":"summary_large_image","twitter_misc":{"Est. reading time":"2 minutes"},"schema":{"@context":"https:\/\/schema.org","@graph":[{"@type":"WebPage","@id":"https:\/\/isf.fo\/itrotturin-eg\/trondur-ravnsfjall\/","url":"https:\/\/isf.fo\/itrotturin-eg\/trondur-ravnsfjall\/","name":"Tr\u00f3ndur Ravnsfjall - \u00cdtr\u00f3ttasamband F\u00f8roya","isPartOf":{"@id":"https:\/\/isf.fo\/#website"},"primaryImageOfPage":{"@id":"https:\/\/isf.fo\/itrotturin-eg\/trondur-ravnsfjall\/#primaryimage"},"image":{"@id":"https:\/\/isf.fo\/itrotturin-eg\/trondur-ravnsfjall\/#primaryimage"},"thumbnailUrl":"https:\/\/isf.fo\/wp-content\/uploads\/2020\/11\/Trondur-2-239x300.jpg","datePublished":"2020-11-19T13:53:25+00:00","dateModified":"2021-01-21T14:20:41+00:00","breadcrumb":{"@id":"https:\/\/isf.fo\/itrotturin-eg\/trondur-ravnsfjall\/#breadcrumb"},"inLanguage":"en-US","potentialAction":[{"@type":"ReadAction","target":["https:\/\/isf.fo\/itrotturin-eg\/trondur-ravnsfjall\/"]}]},{"@type":"ImageObject","inLanguage":"en-US","@id":"https:\/\/isf.fo\/itrotturin-eg\/trondur-ravnsfjall\/#primaryimage","url":"https:\/\/isf.fo\/wp-content\/uploads\/2020\/11\/Trondur-2-239x300.jpg","contentUrl":"https:\/\/isf.fo\/wp-content\/uploads\/2020\/11\/Trondur-2-239x300.jpg"},{"@type":"BreadcrumbList","@id":"https:\/\/isf.fo\/itrotturin-eg\/trondur-ravnsfjall\/#breadcrumb","itemListElement":[{"@type":"ListItem","position":1,"name":"Home","item":"https:\/\/isf.fo\/"},{"@type":"ListItem","position":2,"name":"\u00cdtr\u00f3tturin &#038; eg","item":"https:\/\/isf.fo\/itrotturin-eg\/"},{"@type":"ListItem","position":3,"name":"Tr\u00f3ndur Ravnsfjall"}]},{"@type":"WebSite","@id":"https:\/\/isf.fo\/#website","url":"https:\/\/isf.fo\/","name":"\u00cdtr\u00f3ttasamband F\u00f8roya","description":"","publisher":{"@id":"https:\/\/isf.fo\/#organization"},"potentialAction":[{"@type":"SearchAction","target":{"@type":"EntryPoint","urlTemplate":"https:\/\/isf.fo\/?s={search_term_string}"},"query-input":{"@type":"PropertyValueSpecification","valueRequired":true,"valueName":"search_term_string"}}],"inLanguage":"en-US"},{"@type":"Organization","@id":"https:\/\/isf.fo\/#organization","name":"\u00cdtr\u00f3ttasamband F\u00f8roya","url":"https:\/\/isf.fo\/","logo":{"@type":"ImageObject","inLanguage":"en-US","@id":"https:\/\/isf.fo\/#\/schema\/logo\/image\/","url":"https:\/\/isf.fo\/wp-content\/uploads\/2025\/06\/ISF_Olympic-Committee-logo.png","contentUrl":"https:\/\/isf.fo\/wp-content\/uploads\/2025\/06\/ISF_Olympic-Committee-logo.png","width":618,"height":121,"caption":"\u00cdtr\u00f3ttasamband F\u00f8roya"},"image":{"@id":"https:\/\/isf.fo\/#\/schema\/logo\/image\/"},"sameAs":["https:\/\/www.facebook.com\/itrottasambandid"]}]}},"_links":{"self":[{"href":"https:\/\/isf.fo\/en\/wp-json\/wp\/v2\/pages\/7992","targetHints":{"allow":["GET"]}}],"collection":[{"href":"https:\/\/isf.fo\/en\/wp-json\/wp\/v2\/pages"}],"about":[{"href":"https:\/\/isf.fo\/en\/wp-json\/wp\/v2\/types\/page"}],"author":[{"embeddable":true,"href":"https:\/\/isf.fo\/en\/wp-json\/wp\/v2\/users\/8"}],"replies":[{"embeddable":true,"href":"https:\/\/isf.fo\/en\/wp-json\/wp\/v2\/comments?post=7992"}],"version-history":[{"count":2,"href":"https:\/\/isf.fo\/en\/wp-json\/wp\/v2\/pages\/7992\/revisions"}],"predecessor-version":[{"id":8238,"href":"https:\/\/isf.fo\/en\/wp-json\/wp\/v2\/pages\/7992\/revisions\/8238"}],"up":[{"embeddable":true,"href":"https:\/\/isf.fo\/en\/wp-json\/wp\/v2\/pages\/1251"}],"wp:attachment":[{"href":"https:\/\/isf.fo\/en\/wp-json\/wp\/v2\/media?parent=7992"}],"curies":[{"name":"wp","href":"https:\/\/api.w.org\/{rel}","templated":true}]}}