{"id":8222,"date":"2021-01-21T13:06:30","date_gmt":"2021-01-21T13:06:30","guid":{"rendered":"https:\/\/isf.fo\/?page_id=8222"},"modified":"2021-01-21T13:34:50","modified_gmt":"2021-01-21T13:34:50","slug":"bjarni-johansen","status":"publish","type":"page","link":"https:\/\/isf.fo\/en\/itrotturin-eg\/bjarni-johansen\/","title":{"rendered":"Bjarni Johansen"},"content":{"rendered":"<p><img decoding=\"async\" class=\"alignnone size-medium wp-image-8227 lazyload\" data-src=\"https:\/\/d21ockg4ri0hhk.cloudfront.net\/wp-content\/uploads\/2021\/01\/30192650\/Bjarni-J-1-248x300.jpg\" alt=\"\" width=\"248\" height=\"300\" data-srcset=\"https:\/\/d21ockg4ri0hhk.cloudfront.net\/wp-content\/uploads\/2021\/01\/30192650\/Bjarni-J-1-248x300.jpg 248w, https:\/\/d21ockg4ri0hhk.cloudfront.net\/wp-content\/uploads\/2021\/01\/30192650\/Bjarni-J-1-20x24.jpg 20w, https:\/\/d21ockg4ri0hhk.cloudfront.net\/wp-content\/uploads\/2021\/01\/30192650\/Bjarni-J-1-30x36.jpg 30w, https:\/\/d21ockg4ri0hhk.cloudfront.net\/wp-content\/uploads\/2021\/01\/30192650\/Bjarni-J-1-40x48.jpg 40w, https:\/\/d21ockg4ri0hhk.cloudfront.net\/wp-content\/uploads\/2021\/01\/30192650\/Bjarni-J-1.jpg 603w\" data-sizes=\"(max-width: 248px) 100vw, 248px\" src=\"data:image\/svg+xml;base64,PHN2ZyB3aWR0aD0iMSIgaGVpZ2h0PSIxIiB4bWxucz0iaHR0cDovL3d3dy53My5vcmcvMjAwMC9zdmciPjwvc3ZnPg==\" style=\"--smush-placeholder-width: 248px; --smush-placeholder-aspect-ratio: 248\/300;\" \/><\/p>\n<p><em>\u00a0Heimas\u00ed\u00f0an hj\u00e1 \u00cdSF setir f\u00f3lki spurningar um \u00edtr\u00f3tt og r\u00f8rslu.\u00a0 <\/em><em>Hesa fer\u00f0 er gesturin Bjarni Johansen \u00far V\u00e1gi<\/em><\/p>\n<p>&nbsp;<\/p>\n<ul>\n<li>Navn: Bjarni Johansen<\/li>\n<li>Aldur: 49 \u00e1r<\/li>\n<li>Familjust\u00f8\u00f0a: Samlivandi vi\u00f0 R\u00fanu Wenningsted Hansen, 5 b\u00f8rn, 17-15-7-4 \u00e1r og 5m\u00f0r<\/li>\n<li>Starv: Borgarstj\u00f3ri \u00ed V\u00e1gi.<\/li>\n<\/ul>\n<p>&nbsp;<\/p>\n<p><strong>1: Hvussu ofta \u00ed\u00f0kar t\u00fa \u00edtr\u00f3tt um vikuna og hv\u00f8nn \u00edtr\u00f3tt er talan um?<\/strong><\/p>\n<p>Hesu seinnu \u00e1rini havi eg \u00ed\u00f0ka minni av \u00edtr\u00f3tti, men t\u00e1 eg r\u00f8ri meg so er ta\u00f0 ein s\u00fakklut\u00far minimum 20 km og so er ta\u00f0 eitt sindur av Oldboys f\u00f3tb\u00f3lti.<\/p>\n<p>&nbsp;<\/p>\n<p><strong>2: \u00cd\u00f0ka\u00f0i t\u00fa \u00edtr\u00f3tt sum barn?<\/strong><\/p>\n<p>Eg byrja\u00f0i sum 7 \u00e1ra gamal at sp\u00e6la f\u00f3tb\u00f3lt. Ta\u00f0 var bara b\u00f3lt\u00edtr\u00f3ttur sum var \u00ed V\u00e1gi t\u00e1 \u00ed t\u00ed\u00f0ini.<\/p>\n<p>&nbsp;<\/p>\n<p><strong>3: Hv\u00f8nn t\u00fddning hevur \u00edtr\u00f3ttur fyri teg og familjuna?<\/strong><\/p>\n<p>\u00cdtr\u00f3tturin hevur havt n\u00f3gv at siga fyri meg, uttan \u00edtr\u00f3ttin, so hev\u00f0i eg ikki havt uppliva \u00f8ll tey f\u00f3lkini, sum hava sta\u00f0i rundanum \u00f8ll \u00edtr\u00f3ttarfel\u00f8gini b\u00e6\u00f0i sum leikarar og nevndalimir.<\/p>\n<p>Sj\u00e1lvt um ta\u00f0 eru n\u00f3gv \u00e1r s\u00ed\u00f0an eg gavst sum sp\u00e6lari \u00e1 h\u00e6gsta st\u00f8\u00f0i \u00ed F\u00f8royum, so m\u00f8ti eg framvegis f\u00f3lk sum minnast aftur \u00e1 t\u00e1 vit sp\u00e6ldu f\u00f3tb\u00f3lt.<\/p>\n<p>Eg fekk m\u00e6r familju nokkso seint, so ta\u00f0 hevur ikki fylt so n\u00f3gv har. Men b\u00f8rnini eru byrja\u00f0i at gera \u00edtr\u00f3tt, har royni eg at stu\u00f0la teimun.<\/p>\n<p>&nbsp;<\/p>\n<p><strong>4: Hvat heldur t\u00fa er t\u00fddningarmesta uppg\u00e1van\/avbj\u00f3\u00f0ingin hj\u00e1 f\u00f8roysku \u00edtr\u00f3ttafel\u00f8gunum?<\/strong><\/p>\n<p>Ein tann st\u00f8rsta avbj\u00f3\u00f0ingin er ta\u00f0 f\u00edggjarliga hj\u00e1 flestu fel\u00f8gum, nevndirnar br\u00faka n\u00f3gva orku at skaffa pengar og ta\u00f0 tekur kreftirnar fr\u00e1 nevndarlimunum. Kr\u00f8vini til fel\u00f8gini ver\u00f0a st\u00f8rri, kanska serliga hj\u00e1 f\u00f3tb\u00f3ltsfel\u00f8gunum \u00ed bestu deildini. Men eisini hj\u00e1 teimun yngru ver\u00f0a sett kr\u00f8v, at tey skulu hava \u00fatb\u00fanar venjarar, ta\u00f0 er gott, men er ein avbj\u00f3\u00f0ing at f\u00e1a nokk av \u00fatb\u00fanum venjarum, at venja ungd\u00f3min.<\/p>\n<p>Ein onnur avbj\u00f3\u00f0ing er, at halda ungd\u00f3min til. T\u00e1 ungd\u00f3murin kemur til aldurin 14\/16 \u00e1r, t\u00e1 f\u00e1a tey ofta onnur \u00e1hugam\u00e1l, men har kemur felagsskapurin inn. T\u00ed at ver\u00f0a partur av ein felagsskapi hevur n\u00f3gv at siga \u00ed uppv\u00f8kstrinum, so man sum eldri eftir \u00fatb\u00fagving, kann venda aftur til felagsskapin og geva s\u00edtt \u00edkast.<\/p>\n<p><img decoding=\"async\" class=\"alignnone size-medium wp-image-8223 lazyload\" data-src=\"https:\/\/d21ockg4ri0hhk.cloudfront.net\/wp-content\/uploads\/2021\/01\/30192651\/bjarni-2-297x300.jpeg\" alt=\"\" width=\"297\" height=\"300\" data-srcset=\"https:\/\/d21ockg4ri0hhk.cloudfront.net\/wp-content\/uploads\/2021\/01\/30192651\/bjarni-2-297x300.jpeg 297w, https:\/\/d21ockg4ri0hhk.cloudfront.net\/wp-content\/uploads\/2021\/01\/30192651\/bjarni-2-700x706.jpeg 700w, https:\/\/d21ockg4ri0hhk.cloudfront.net\/wp-content\/uploads\/2021\/01\/30192651\/bjarni-2-768x775.jpeg 768w, https:\/\/d21ockg4ri0hhk.cloudfront.net\/wp-content\/uploads\/2021\/01\/30192651\/bjarni-2-24x24.jpeg 24w, https:\/\/d21ockg4ri0hhk.cloudfront.net\/wp-content\/uploads\/2021\/01\/30192651\/bjarni-2-36x36.jpeg 36w, https:\/\/d21ockg4ri0hhk.cloudfront.net\/wp-content\/uploads\/2021\/01\/30192651\/bjarni-2-48x48.jpeg 48w, https:\/\/d21ockg4ri0hhk.cloudfront.net\/wp-content\/uploads\/2021\/01\/30192651\/bjarni-2.jpeg 945w\" data-sizes=\"(max-width: 297px) 100vw, 297px\" src=\"data:image\/svg+xml;base64,PHN2ZyB3aWR0aD0iMSIgaGVpZ2h0PSIxIiB4bWxucz0iaHR0cDovL3d3dy53My5vcmcvMjAwMC9zdmciPjwvc3ZnPg==\" style=\"--smush-placeholder-width: 297px; --smush-placeholder-aspect-ratio: 297\/300;\" \/>\u00a0 \u00a0 \u00a0 \u00a0 \u00a0 \u00a0 \u00a0 \u00a0 \u00a0 \u00a0 \u00a0 \u00a0 \u00a0 \u00a0 \u00a0 \u00a0 \u00a0 \u00a0 \u00a0 \u00a0 \u00a0 \u00a0 \u00a0 \u00a0 \u00a0 \u00a0 \u00a0 \u00a0 \u00a0 \u00a0 \u00a0 \u00a0 \u00a0 \u00a0 \u00a0 \u00a0 \u00a0 \u00a0 \u00a0 \u00a0 \u00a0 \u00a0 \u00a0 \u00a0 \u00a0 \u00a0 \u00a0 \u00a0 \u00a0 \u00a0 \u00a0 \u00a0 \u00a0 \u00a0 \u00a0 \u00a0 \u00a0 \u00a0 \u00a0 \u00a0 \u00a0 \u00a0 \u00a0 \u00a0 \u00a0 \u00a0 \u00a0 \u00a0 \u00a0 \u00a0 \u00a0 \u00a0 \u00a0 \u00a0 \u00a0 \u00a0 \u00a0 \u00a0 \u00a0 \u00a0 \u00a0 \u00a0 \u00a0 \u00a0 \u00a0 \u00a0 \u00a0 \u00a0 \u00a0 \u00a0 \u00a0 \u00a0 \u00a0 \u00a0 \u00a0 \u00a0 \u00a0 Lagt \u00fat: 21-01-2021<\/p>","protected":false},"excerpt":{"rendered":"<p>\u00a0Heimas\u00ed\u00f0an hj\u00e1 \u00cdSF setir f\u00f3lki spurningar um \u00edtr\u00f3tt og r\u00f8rslu.\u00a0 Hesa fer\u00f0 er gesturin Bjarni Johansen \u00far V\u00e1gi &nbsp; Navn: [&hellip;]<\/p>\n","protected":false},"author":8,"featured_media":0,"parent":1251,"menu_order":2,"comment_status":"closed","ping_status":"closed","template":"","meta":{"_acf_changed":false,"_relevanssi_hide_post":"","_relevanssi_hide_content":"","_relevanssi_pin_for_all":"","_relevanssi_pin_keywords":"","_relevanssi_unpin_keywords":"","_relevanssi_related_keywords":"","_relevanssi_related_include_ids":"","_relevanssi_related_exclude_ids":"","_relevanssi_related_no_append":"","_relevanssi_related_not_related":"","_relevanssi_related_posts":"","_relevanssi_noindex_reason":"","inline_featured_image":false,"footnotes":""},"class_list":["post-8222","page","type-page","status-publish","hentry"],"acf":[],"yoast_head":"<!-- This site is optimized with the Yoast SEO plugin v27.5 - https:\/\/yoast.com\/product\/yoast-seo-wordpress\/ -->\n<title>Bjarni Johansen - \u00cdtr\u00f3ttasamband F\u00f8roya<\/title>\n<meta name=\"robots\" content=\"index, follow, max-snippet:-1, max-image-preview:large, max-video-preview:-1\" \/>\n<link rel=\"canonical\" href=\"https:\/\/isf.fo\/en\/itrotturin-eg\/bjarni-johansen\/\" \/>\n<meta property=\"og:locale\" content=\"en_US\" \/>\n<meta property=\"og:type\" content=\"article\" \/>\n<meta property=\"og:title\" content=\"Bjarni Johansen - \u00cdtr\u00f3ttasamband F\u00f8roya\" \/>\n<meta property=\"og:description\" content=\"\u00a0Heimas\u00ed\u00f0an hj\u00e1 \u00cdSF setir f\u00f3lki spurningar um \u00edtr\u00f3tt og r\u00f8rslu.\u00a0 Hesa fer\u00f0 er gesturin Bjarni Johansen \u00far V\u00e1gi &nbsp; Navn: [&hellip;]\" \/>\n<meta property=\"og:url\" content=\"https:\/\/isf.fo\/en\/itrotturin-eg\/bjarni-johansen\/\" \/>\n<meta property=\"og:site_name\" content=\"\u00cdtr\u00f3ttasamband F\u00f8roya\" \/>\n<meta property=\"article:publisher\" content=\"https:\/\/www.facebook.com\/itrottasambandid\" \/>\n<meta property=\"article:modified_time\" content=\"2021-01-21T13:34:50+00:00\" \/>\n<meta property=\"og:image\" content=\"https:\/\/isf.fo\/wp-content\/uploads\/2021\/01\/Bjarni-J-1-248x300.jpg\" \/>\n<meta name=\"twitter:card\" content=\"summary_large_image\" \/>\n<meta name=\"twitter:label1\" content=\"Est. reading time\" \/>\n\t<meta name=\"twitter:data1\" content=\"2 minutes\" \/>\n<script type=\"application\/ld+json\" class=\"yoast-schema-graph\">{\"@context\":\"https:\\\/\\\/schema.org\",\"@graph\":[{\"@type\":\"WebPage\",\"@id\":\"https:\\\/\\\/isf.fo\\\/itrotturin-eg\\\/bjarni-johansen\\\/\",\"url\":\"https:\\\/\\\/isf.fo\\\/itrotturin-eg\\\/bjarni-johansen\\\/\",\"name\":\"Bjarni Johansen - \u00cdtr\u00f3ttasamband F\u00f8roya\",\"isPartOf\":{\"@id\":\"https:\\\/\\\/isf.fo\\\/#website\"},\"primaryImageOfPage\":{\"@id\":\"https:\\\/\\\/isf.fo\\\/itrotturin-eg\\\/bjarni-johansen\\\/#primaryimage\"},\"image\":{\"@id\":\"https:\\\/\\\/isf.fo\\\/itrotturin-eg\\\/bjarni-johansen\\\/#primaryimage\"},\"thumbnailUrl\":\"https:\\\/\\\/isf.fo\\\/wp-content\\\/uploads\\\/2021\\\/01\\\/Bjarni-J-1-248x300.jpg\",\"datePublished\":\"2021-01-21T13:06:30+00:00\",\"dateModified\":\"2021-01-21T13:34:50+00:00\",\"breadcrumb\":{\"@id\":\"https:\\\/\\\/isf.fo\\\/itrotturin-eg\\\/bjarni-johansen\\\/#breadcrumb\"},\"inLanguage\":\"en-US\",\"potentialAction\":[{\"@type\":\"ReadAction\",\"target\":[\"https:\\\/\\\/isf.fo\\\/itrotturin-eg\\\/bjarni-johansen\\\/\"]}]},{\"@type\":\"ImageObject\",\"inLanguage\":\"en-US\",\"@id\":\"https:\\\/\\\/isf.fo\\\/itrotturin-eg\\\/bjarni-johansen\\\/#primaryimage\",\"url\":\"https:\\\/\\\/isf.fo\\\/wp-content\\\/uploads\\\/2021\\\/01\\\/Bjarni-J-1-248x300.jpg\",\"contentUrl\":\"https:\\\/\\\/isf.fo\\\/wp-content\\\/uploads\\\/2021\\\/01\\\/Bjarni-J-1-248x300.jpg\"},{\"@type\":\"BreadcrumbList\",\"@id\":\"https:\\\/\\\/isf.fo\\\/itrotturin-eg\\\/bjarni-johansen\\\/#breadcrumb\",\"itemListElement\":[{\"@type\":\"ListItem\",\"position\":1,\"name\":\"Home\",\"item\":\"https:\\\/\\\/isf.fo\\\/\"},{\"@type\":\"ListItem\",\"position\":2,\"name\":\"\u00cdtr\u00f3tturin &#038; eg\",\"item\":\"https:\\\/\\\/isf.fo\\\/itrotturin-eg\\\/\"},{\"@type\":\"ListItem\",\"position\":3,\"name\":\"Bjarni Johansen\"}]},{\"@type\":\"WebSite\",\"@id\":\"https:\\\/\\\/isf.fo\\\/#website\",\"url\":\"https:\\\/\\\/isf.fo\\\/\",\"name\":\"\u00cdtr\u00f3ttasamband F\u00f8roya\",\"description\":\"\",\"publisher\":{\"@id\":\"https:\\\/\\\/isf.fo\\\/#organization\"},\"potentialAction\":[{\"@type\":\"SearchAction\",\"target\":{\"@type\":\"EntryPoint\",\"urlTemplate\":\"https:\\\/\\\/isf.fo\\\/?s={search_term_string}\"},\"query-input\":{\"@type\":\"PropertyValueSpecification\",\"valueRequired\":true,\"valueName\":\"search_term_string\"}}],\"inLanguage\":\"en-US\"},{\"@type\":\"Organization\",\"@id\":\"https:\\\/\\\/isf.fo\\\/#organization\",\"name\":\"\u00cdtr\u00f3ttasamband F\u00f8roya\",\"url\":\"https:\\\/\\\/isf.fo\\\/\",\"logo\":{\"@type\":\"ImageObject\",\"inLanguage\":\"en-US\",\"@id\":\"https:\\\/\\\/isf.fo\\\/#\\\/schema\\\/logo\\\/image\\\/\",\"url\":\"https:\\\/\\\/isf.fo\\\/wp-content\\\/uploads\\\/2025\\\/06\\\/ISF_Olympic-Committee-logo.png\",\"contentUrl\":\"https:\\\/\\\/isf.fo\\\/wp-content\\\/uploads\\\/2025\\\/06\\\/ISF_Olympic-Committee-logo.png\",\"width\":618,\"height\":121,\"caption\":\"\u00cdtr\u00f3ttasamband F\u00f8roya\"},\"image\":{\"@id\":\"https:\\\/\\\/isf.fo\\\/#\\\/schema\\\/logo\\\/image\\\/\"},\"sameAs\":[\"https:\\\/\\\/www.facebook.com\\\/itrottasambandid\"]}]}<\/script>\n<!-- \/ Yoast SEO plugin. -->","yoast_head_json":{"title":"Bjarni Johansen - \u00cdtr\u00f3ttasamband F\u00f8roya","robots":{"index":"index","follow":"follow","max-snippet":"max-snippet:-1","max-image-preview":"max-image-preview:large","max-video-preview":"max-video-preview:-1"},"canonical":"https:\/\/isf.fo\/en\/itrotturin-eg\/bjarni-johansen\/","og_locale":"en_US","og_type":"article","og_title":"Bjarni Johansen - \u00cdtr\u00f3ttasamband F\u00f8roya","og_description":"\u00a0Heimas\u00ed\u00f0an hj\u00e1 \u00cdSF setir f\u00f3lki spurningar um \u00edtr\u00f3tt og r\u00f8rslu.\u00a0 Hesa fer\u00f0 er gesturin Bjarni Johansen \u00far V\u00e1gi &nbsp; Navn: [&hellip;]","og_url":"https:\/\/isf.fo\/en\/itrotturin-eg\/bjarni-johansen\/","og_site_name":"\u00cdtr\u00f3ttasamband F\u00f8roya","article_publisher":"https:\/\/www.facebook.com\/itrottasambandid","article_modified_time":"2021-01-21T13:34:50+00:00","og_image":[{"url":"https:\/\/isf.fo\/wp-content\/uploads\/2021\/01\/Bjarni-J-1-248x300.jpg","type":"","width":"","height":""}],"twitter_card":"summary_large_image","twitter_misc":{"Est. reading time":"2 minutes"},"schema":{"@context":"https:\/\/schema.org","@graph":[{"@type":"WebPage","@id":"https:\/\/isf.fo\/itrotturin-eg\/bjarni-johansen\/","url":"https:\/\/isf.fo\/itrotturin-eg\/bjarni-johansen\/","name":"Bjarni Johansen - \u00cdtr\u00f3ttasamband F\u00f8roya","isPartOf":{"@id":"https:\/\/isf.fo\/#website"},"primaryImageOfPage":{"@id":"https:\/\/isf.fo\/itrotturin-eg\/bjarni-johansen\/#primaryimage"},"image":{"@id":"https:\/\/isf.fo\/itrotturin-eg\/bjarni-johansen\/#primaryimage"},"thumbnailUrl":"https:\/\/isf.fo\/wp-content\/uploads\/2021\/01\/Bjarni-J-1-248x300.jpg","datePublished":"2021-01-21T13:06:30+00:00","dateModified":"2021-01-21T13:34:50+00:00","breadcrumb":{"@id":"https:\/\/isf.fo\/itrotturin-eg\/bjarni-johansen\/#breadcrumb"},"inLanguage":"en-US","potentialAction":[{"@type":"ReadAction","target":["https:\/\/isf.fo\/itrotturin-eg\/bjarni-johansen\/"]}]},{"@type":"ImageObject","inLanguage":"en-US","@id":"https:\/\/isf.fo\/itrotturin-eg\/bjarni-johansen\/#primaryimage","url":"https:\/\/isf.fo\/wp-content\/uploads\/2021\/01\/Bjarni-J-1-248x300.jpg","contentUrl":"https:\/\/isf.fo\/wp-content\/uploads\/2021\/01\/Bjarni-J-1-248x300.jpg"},{"@type":"BreadcrumbList","@id":"https:\/\/isf.fo\/itrotturin-eg\/bjarni-johansen\/#breadcrumb","itemListElement":[{"@type":"ListItem","position":1,"name":"Home","item":"https:\/\/isf.fo\/"},{"@type":"ListItem","position":2,"name":"\u00cdtr\u00f3tturin &#038; eg","item":"https:\/\/isf.fo\/itrotturin-eg\/"},{"@type":"ListItem","position":3,"name":"Bjarni Johansen"}]},{"@type":"WebSite","@id":"https:\/\/isf.fo\/#website","url":"https:\/\/isf.fo\/","name":"\u00cdtr\u00f3ttasamband F\u00f8roya","description":"","publisher":{"@id":"https:\/\/isf.fo\/#organization"},"potentialAction":[{"@type":"SearchAction","target":{"@type":"EntryPoint","urlTemplate":"https:\/\/isf.fo\/?s={search_term_string}"},"query-input":{"@type":"PropertyValueSpecification","valueRequired":true,"valueName":"search_term_string"}}],"inLanguage":"en-US"},{"@type":"Organization","@id":"https:\/\/isf.fo\/#organization","name":"\u00cdtr\u00f3ttasamband F\u00f8roya","url":"https:\/\/isf.fo\/","logo":{"@type":"ImageObject","inLanguage":"en-US","@id":"https:\/\/isf.fo\/#\/schema\/logo\/image\/","url":"https:\/\/isf.fo\/wp-content\/uploads\/2025\/06\/ISF_Olympic-Committee-logo.png","contentUrl":"https:\/\/isf.fo\/wp-content\/uploads\/2025\/06\/ISF_Olympic-Committee-logo.png","width":618,"height":121,"caption":"\u00cdtr\u00f3ttasamband F\u00f8roya"},"image":{"@id":"https:\/\/isf.fo\/#\/schema\/logo\/image\/"},"sameAs":["https:\/\/www.facebook.com\/itrottasambandid"]}]}},"_links":{"self":[{"href":"https:\/\/isf.fo\/en\/wp-json\/wp\/v2\/pages\/8222","targetHints":{"allow":["GET"]}}],"collection":[{"href":"https:\/\/isf.fo\/en\/wp-json\/wp\/v2\/pages"}],"about":[{"href":"https:\/\/isf.fo\/en\/wp-json\/wp\/v2\/types\/page"}],"author":[{"embeddable":true,"href":"https:\/\/isf.fo\/en\/wp-json\/wp\/v2\/users\/8"}],"replies":[{"embeddable":true,"href":"https:\/\/isf.fo\/en\/wp-json\/wp\/v2\/comments?post=8222"}],"version-history":[{"count":5,"href":"https:\/\/isf.fo\/en\/wp-json\/wp\/v2\/pages\/8222\/revisions"}],"predecessor-version":[{"id":8234,"href":"https:\/\/isf.fo\/en\/wp-json\/wp\/v2\/pages\/8222\/revisions\/8234"}],"up":[{"embeddable":true,"href":"https:\/\/isf.fo\/en\/wp-json\/wp\/v2\/pages\/1251"}],"wp:attachment":[{"href":"https:\/\/isf.fo\/en\/wp-json\/wp\/v2\/media?parent=8222"}],"curies":[{"name":"wp","href":"https:\/\/api.w.org\/{rel}","templated":true}]}}