{"id":8438,"date":"2021-03-15T13:35:10","date_gmt":"2021-03-15T13:35:10","guid":{"rendered":"https:\/\/isf.fo\/?page_id=8438"},"modified":"2021-03-15T13:35:10","modified_gmt":"2021-03-15T13:35:10","slug":"johan-lutzen","status":"publish","type":"page","link":"https:\/\/isf.fo\/en\/itrotturin-eg\/johan-lutzen\/","title":{"rendered":"Johan L\u00fctzen"},"content":{"rendered":"<p><em>Heimas\u00ed\u00f0an hj\u00e1 \u00cdSF setir f\u00f3lki spurningar um \u00edtr\u00f3tt og r\u00f8rslu. Hesa fer\u00f0 er gesturin Johan L\u00fctzen<\/em><\/p>\n<ul>\n<li>Navn: J\u00f3hann L\u00fctzen<\/li>\n<li>Aldur: 44<\/li>\n<li>Familjust\u00f8\u00f0a: eri giftur vi\u00f0 Svannu V. L\u00fctzen. saman eiga vit b\u00f8rnini Elias 10 \u00e1r, Julian 5 \u00e1r<\/li>\n<li>\u00d9tb\u00fagving\/Starv: cand. Comm fr\u00e1 Roskilde Universitetscenter\/bla\u00f0stj\u00f3ri \u00e1 Nor\u00f0l\u00fdsinum<\/li>\n<\/ul>\n<p>&nbsp;<\/p>\n<p><strong>1: Hvussu ofta \u00ed\u00f0kar t\u00fa \u00edtr\u00f3tt um vikuna og hv\u00f8nn \u00edtr\u00f3tt er talan um? <\/strong><\/p>\n<p>Vit eru vinmenn, i\u00f0 hava sp\u00e6lt innandura f\u00f3tb\u00f3lt fr\u00edggjakv\u00f8ld kl. 21. Hesin t\u00edmin hevur n\u00f3gv \u00e1r \u00e1 baki, eg man hava veri\u00f0 vi\u00f0 \u00ed eini 15 \u00e1r. Hetta er balsam til s\u00e1lina og serliga tri\u00f0ji h\u00e1lvleikur er mangan g\u00f3\u00f0ur. Vit minnast at markera\u00f0 kalendara\u00e1ri\u00f0 vi\u00f0 j\u00f3lafrokostum og summarhugnum eisini. Harumframt er ta\u00f0 blivi\u00f0 til innir\u00f3gving. Ta\u00f0 er \u00f3f\u00f8rt. So eg man \u00ed\u00f0ka einar f\u00fdra fer\u00f0ir um vikuna \u2013 og t\u00f3, at ver\u00f0a p\u00e1pi at tveimum \u00e1 10 og 5 \u00e1r krevur \u00e1v\u00edst rennar\u00ed gj\u00f8gnum alla vikuna.<\/p>\n<p><strong>2: \u00cd\u00f0ka\u00f0i t\u00fa \u00edtr\u00f3tt sum barn? <\/strong><\/p>\n<p>Ja eg \u00ed\u00f0ka\u00f0i n\u00f3gvar \u00edtr\u00f3ttargreinar sum barn; f\u00f3tb\u00f3lt, flogb\u00f3lt, hondb\u00f3lt, kappr\u00f3\u00f0ur og bor\u00f0tennis. T\u00f3 var ta\u00f0 f\u00f3tb\u00f3lturin og flogb\u00f3lturin, sum eg fekst vi\u00f0 longst.<\/p>\n<p><strong>3: Hv\u00f8nn t\u00fddning hevur \u00edtr\u00f3ttur fyri teg og familjuna? <\/strong><\/p>\n<p>\u00cdtr\u00f3ttur fyllur n\u00f3gv heima hj\u00e1 okkum. Eldri sonurin er aktivur \u00ed judo og hondb\u00f3lti, so honum fylgja vit t\u00e6tt og t\u00ed\u00f0um. Sj\u00e1lvur eri eg forma\u00f0ur \u00ed Mj\u00f8lnir og ta\u00f0 fyllir heilt fitt. S\u00ed\u00f0ani eru vit \u00e1huga\u00f0i \u00ed ymsum fel\u00f8gum. K\u00cd, EB\/Streym og sj\u00e1lvandi eisini Newcastle!<\/p>\n<p><strong>4: Hvat heldur t\u00fa er t\u00fddningarmesta uppg\u00e1van\/avbj\u00f3\u00f0ingin hj\u00e1 f\u00f8roysku \u00edtr\u00f3ttafel\u00f8gunum? <\/strong><\/p>\n<p>Ta\u00f0 er at f\u00e1a \u00edtr\u00f3ttarligu og f\u00edggjarligu ringr\u00e1sina at v\u00edsa menning og haldf\u00f8ri. At r\u00f8kka hesum krevur eldhuga\u00f0i f\u00f3lk, sum saman lyfta fel\u00f8gini fram\u00e1. Ta\u00f0 r\u00e6\u00f0ur um, at satsa upp\u00e1 breidd og elitu. T\u00ed skulu leikarar motiverast at \u00ed\u00f0ka og gerast betri, venjarar motiverast at menna einstaka leikaran og hj\u00e1lparf\u00f3lk motiverast at tryggja fj\u00f8lt\u00e1tta\u00f0u uppg\u00e1vurnar \u00ed fel\u00f8gunum. So man fara at ganga.<\/p>\n<p>&nbsp;<\/p>\n<p><img decoding=\"async\" class=\"alignnone size-medium wp-image-8440 lazyload\" data-src=\"https:\/\/d21ockg4ri0hhk.cloudfront.net\/wp-content\/uploads\/2021\/03\/30192516\/Johan-2-300x168.jpg\" alt=\"\" width=\"300\" height=\"168\" data-srcset=\"https:\/\/d21ockg4ri0hhk.cloudfront.net\/wp-content\/uploads\/2021\/03\/30192516\/Johan-2-300x168.jpg 300w, https:\/\/d21ockg4ri0hhk.cloudfront.net\/wp-content\/uploads\/2021\/03\/30192516\/Johan-2-700x391.jpg 700w, https:\/\/d21ockg4ri0hhk.cloudfront.net\/wp-content\/uploads\/2021\/03\/30192516\/Johan-2-768x430.jpg 768w, https:\/\/d21ockg4ri0hhk.cloudfront.net\/wp-content\/uploads\/2021\/03\/30192516\/Johan-2-24x13.jpg 24w, https:\/\/d21ockg4ri0hhk.cloudfront.net\/wp-content\/uploads\/2021\/03\/30192516\/Johan-2-36x20.jpg 36w, https:\/\/d21ockg4ri0hhk.cloudfront.net\/wp-content\/uploads\/2021\/03\/30192516\/Johan-2-48x27.jpg 48w, https:\/\/d21ockg4ri0hhk.cloudfront.net\/wp-content\/uploads\/2021\/03\/30192516\/Johan-2.jpg 1080w\" data-sizes=\"(max-width: 300px) 100vw, 300px\" src=\"data:image\/svg+xml;base64,PHN2ZyB3aWR0aD0iMSIgaGVpZ2h0PSIxIiB4bWxucz0iaHR0cDovL3d3dy53My5vcmcvMjAwMC9zdmciPjwvc3ZnPg==\" style=\"--smush-placeholder-width: 300px; --smush-placeholder-aspect-ratio: 300\/168;\" \/> <img decoding=\"async\" class=\"alignnone size-full wp-image-8439 lazyload\" data-src=\"https:\/\/d21ockg4ri0hhk.cloudfront.net\/wp-content\/uploads\/2021\/03\/30192517\/Johan-3.jpg\" alt=\"\" width=\"206\" height=\"206\" data-srcset=\"https:\/\/d21ockg4ri0hhk.cloudfront.net\/wp-content\/uploads\/2021\/03\/30192517\/Johan-3.jpg 206w, https:\/\/d21ockg4ri0hhk.cloudfront.net\/wp-content\/uploads\/2021\/03\/30192517\/Johan-3-150x150.jpg 150w, https:\/\/d21ockg4ri0hhk.cloudfront.net\/wp-content\/uploads\/2021\/03\/30192517\/Johan-3-24x24.jpg 24w, https:\/\/d21ockg4ri0hhk.cloudfront.net\/wp-content\/uploads\/2021\/03\/30192517\/Johan-3-36x36.jpg 36w, https:\/\/d21ockg4ri0hhk.cloudfront.net\/wp-content\/uploads\/2021\/03\/30192517\/Johan-3-48x48.jpg 48w\" data-sizes=\"(max-width: 206px) 100vw, 206px\" src=\"data:image\/svg+xml;base64,PHN2ZyB3aWR0aD0iMSIgaGVpZ2h0PSIxIiB4bWxucz0iaHR0cDovL3d3dy53My5vcmcvMjAwMC9zdmciPjwvc3ZnPg==\" style=\"--smush-placeholder-width: 206px; --smush-placeholder-aspect-ratio: 206\/206;\" \/> <img decoding=\"async\" class=\"alignnone size-full wp-image-8442 lazyload\" data-src=\"https:\/\/d21ockg4ri0hhk.cloudfront.net\/wp-content\/uploads\/2021\/03\/30192516\/Johan-4.jpg\" alt=\"\" width=\"206\" height=\"206\" data-srcset=\"https:\/\/d21ockg4ri0hhk.cloudfront.net\/wp-content\/uploads\/2021\/03\/30192516\/Johan-4.jpg 206w, https:\/\/d21ockg4ri0hhk.cloudfront.net\/wp-content\/uploads\/2021\/03\/30192516\/Johan-4-150x150.jpg 150w, https:\/\/d21ockg4ri0hhk.cloudfront.net\/wp-content\/uploads\/2021\/03\/30192516\/Johan-4-24x24.jpg 24w, https:\/\/d21ockg4ri0hhk.cloudfront.net\/wp-content\/uploads\/2021\/03\/30192516\/Johan-4-36x36.jpg 36w, https:\/\/d21ockg4ri0hhk.cloudfront.net\/wp-content\/uploads\/2021\/03\/30192516\/Johan-4-48x48.jpg 48w\" data-sizes=\"(max-width: 206px) 100vw, 206px\" src=\"data:image\/svg+xml;base64,PHN2ZyB3aWR0aD0iMSIgaGVpZ2h0PSIxIiB4bWxucz0iaHR0cDovL3d3dy53My5vcmcvMjAwMC9zdmciPjwvc3ZnPg==\" style=\"--smush-placeholder-width: 206px; --smush-placeholder-aspect-ratio: 206\/206;\" \/>\u00a0 \u00a0 \u00a0 \u00a0 \u00a0 \u00a0 \u00a0 \u00a0 \u00a0 \u00a0 \u00a0 \u00a0 \u00a0 \u00a0 \u00a0 \u00a0 \u00a0 \u00a0 \u00a0 \u00a0 \u00a0 \u00a0 \u00a0 \u00a0 \u00a0 \u00a0 \u00a0 \u00a0 \u00a0 \u00a0 \u00a0 \u00a0 \u00a0 \u00a0 \u00a0 \u00a0 \u00a0 \u00a0 \u00a0 \u00a0 \u00a0 \u00a0 \u00a0 \u00a0 \u00a0 \u00a0 \u00a0 \u00a0 \u00a0 \u00a0 \u00a0 \u00a0Lagt \u00fat: 15-03-2021<\/p>","protected":false},"excerpt":{"rendered":"<p>Heimas\u00ed\u00f0an hj\u00e1 \u00cdSF setir f\u00f3lki spurningar um \u00edtr\u00f3tt og r\u00f8rslu. Hesa fer\u00f0 er gesturin Johan L\u00fctzen Navn: J\u00f3hann L\u00fctzen Aldur: [&hellip;]<\/p>\n","protected":false},"author":8,"featured_media":8441,"parent":1251,"menu_order":6,"comment_status":"closed","ping_status":"closed","template":"","meta":{"_acf_changed":false,"_relevanssi_hide_post":"","_relevanssi_hide_content":"","_relevanssi_pin_for_all":"","_relevanssi_pin_keywords":"","_relevanssi_unpin_keywords":"","_relevanssi_related_keywords":"","_relevanssi_related_include_ids":"","_relevanssi_related_exclude_ids":"","_relevanssi_related_no_append":"","_relevanssi_related_not_related":"","_relevanssi_related_posts":"","_relevanssi_noindex_reason":"","inline_featured_image":false,"footnotes":""},"class_list":["post-8438","page","type-page","status-publish","has-post-thumbnail","hentry"],"acf":[],"yoast_head":"<!-- This site is optimized with the Yoast SEO plugin v27.5 - https:\/\/yoast.com\/product\/yoast-seo-wordpress\/ -->\n<title>Johan L\u00fctzen - \u00cdtr\u00f3ttasamband F\u00f8roya<\/title>\n<meta name=\"robots\" content=\"index, follow, max-snippet:-1, max-image-preview:large, max-video-preview:-1\" \/>\n<link rel=\"canonical\" href=\"https:\/\/isf.fo\/en\/itrotturin-eg\/johan-lutzen\/\" \/>\n<meta property=\"og:locale\" content=\"en_US\" \/>\n<meta property=\"og:type\" content=\"article\" \/>\n<meta property=\"og:title\" content=\"Johan L\u00fctzen - \u00cdtr\u00f3ttasamband F\u00f8roya\" \/>\n<meta property=\"og:description\" content=\"Heimas\u00ed\u00f0an hj\u00e1 \u00cdSF setir f\u00f3lki spurningar um \u00edtr\u00f3tt og r\u00f8rslu. Hesa fer\u00f0 er gesturin Johan L\u00fctzen Navn: J\u00f3hann L\u00fctzen Aldur: [&hellip;]\" \/>\n<meta property=\"og:url\" content=\"https:\/\/isf.fo\/en\/itrotturin-eg\/johan-lutzen\/\" \/>\n<meta property=\"og:site_name\" content=\"\u00cdtr\u00f3ttasamband F\u00f8roya\" \/>\n<meta property=\"article:publisher\" content=\"https:\/\/www.facebook.com\/itrottasambandid\" \/>\n<meta property=\"og:image\" content=\"https:\/\/d21ockg4ri0hhk.cloudfront.net\/wp-content\/uploads\/2021\/03\/30192516\/Johan-1.jpg\" \/>\n\t<meta property=\"og:image:width\" content=\"468\" \/>\n\t<meta property=\"og:image:height\" content=\"468\" \/>\n\t<meta property=\"og:image:type\" content=\"image\/jpeg\" \/>\n<meta name=\"twitter:card\" content=\"summary_large_image\" \/>\n<meta name=\"twitter:label1\" content=\"Est. reading time\" \/>\n\t<meta name=\"twitter:data1\" content=\"2 minutes\" \/>\n<script type=\"application\/ld+json\" class=\"yoast-schema-graph\">{\"@context\":\"https:\\\/\\\/schema.org\",\"@graph\":[{\"@type\":\"WebPage\",\"@id\":\"https:\\\/\\\/isf.fo\\\/itrotturin-eg\\\/johan-lutzen\\\/\",\"url\":\"https:\\\/\\\/isf.fo\\\/itrotturin-eg\\\/johan-lutzen\\\/\",\"name\":\"Johan L\u00fctzen - \u00cdtr\u00f3ttasamband F\u00f8roya\",\"isPartOf\":{\"@id\":\"https:\\\/\\\/isf.fo\\\/#website\"},\"primaryImageOfPage\":{\"@id\":\"https:\\\/\\\/isf.fo\\\/itrotturin-eg\\\/johan-lutzen\\\/#primaryimage\"},\"image\":{\"@id\":\"https:\\\/\\\/isf.fo\\\/itrotturin-eg\\\/johan-lutzen\\\/#primaryimage\"},\"thumbnailUrl\":\"https:\\\/\\\/d21ockg4ri0hhk.cloudfront.net\\\/wp-content\\\/uploads\\\/2021\\\/03\\\/30192516\\\/Johan-1.jpg\",\"datePublished\":\"2021-03-15T13:35:10+00:00\",\"breadcrumb\":{\"@id\":\"https:\\\/\\\/isf.fo\\\/itrotturin-eg\\\/johan-lutzen\\\/#breadcrumb\"},\"inLanguage\":\"en-US\",\"potentialAction\":[{\"@type\":\"ReadAction\",\"target\":[\"https:\\\/\\\/isf.fo\\\/itrotturin-eg\\\/johan-lutzen\\\/\"]}]},{\"@type\":\"ImageObject\",\"inLanguage\":\"en-US\",\"@id\":\"https:\\\/\\\/isf.fo\\\/itrotturin-eg\\\/johan-lutzen\\\/#primaryimage\",\"url\":\"https:\\\/\\\/d21ockg4ri0hhk.cloudfront.net\\\/wp-content\\\/uploads\\\/2021\\\/03\\\/30192516\\\/Johan-1.jpg\",\"contentUrl\":\"https:\\\/\\\/d21ockg4ri0hhk.cloudfront.net\\\/wp-content\\\/uploads\\\/2021\\\/03\\\/30192516\\\/Johan-1.jpg\",\"width\":468,\"height\":468},{\"@type\":\"BreadcrumbList\",\"@id\":\"https:\\\/\\\/isf.fo\\\/itrotturin-eg\\\/johan-lutzen\\\/#breadcrumb\",\"itemListElement\":[{\"@type\":\"ListItem\",\"position\":1,\"name\":\"Home\",\"item\":\"https:\\\/\\\/isf.fo\\\/\"},{\"@type\":\"ListItem\",\"position\":2,\"name\":\"\u00cdtr\u00f3tturin &#038; eg\",\"item\":\"https:\\\/\\\/isf.fo\\\/itrotturin-eg\\\/\"},{\"@type\":\"ListItem\",\"position\":3,\"name\":\"Johan L\u00fctzen\"}]},{\"@type\":\"WebSite\",\"@id\":\"https:\\\/\\\/isf.fo\\\/#website\",\"url\":\"https:\\\/\\\/isf.fo\\\/\",\"name\":\"\u00cdtr\u00f3ttasamband F\u00f8roya\",\"description\":\"\",\"publisher\":{\"@id\":\"https:\\\/\\\/isf.fo\\\/#organization\"},\"potentialAction\":[{\"@type\":\"SearchAction\",\"target\":{\"@type\":\"EntryPoint\",\"urlTemplate\":\"https:\\\/\\\/isf.fo\\\/?s={search_term_string}\"},\"query-input\":{\"@type\":\"PropertyValueSpecification\",\"valueRequired\":true,\"valueName\":\"search_term_string\"}}],\"inLanguage\":\"en-US\"},{\"@type\":\"Organization\",\"@id\":\"https:\\\/\\\/isf.fo\\\/#organization\",\"name\":\"\u00cdtr\u00f3ttasamband F\u00f8roya\",\"url\":\"https:\\\/\\\/isf.fo\\\/\",\"logo\":{\"@type\":\"ImageObject\",\"inLanguage\":\"en-US\",\"@id\":\"https:\\\/\\\/isf.fo\\\/#\\\/schema\\\/logo\\\/image\\\/\",\"url\":\"https:\\\/\\\/isf.fo\\\/wp-content\\\/uploads\\\/2025\\\/06\\\/ISF_Olympic-Committee-logo.png\",\"contentUrl\":\"https:\\\/\\\/isf.fo\\\/wp-content\\\/uploads\\\/2025\\\/06\\\/ISF_Olympic-Committee-logo.png\",\"width\":618,\"height\":121,\"caption\":\"\u00cdtr\u00f3ttasamband F\u00f8roya\"},\"image\":{\"@id\":\"https:\\\/\\\/isf.fo\\\/#\\\/schema\\\/logo\\\/image\\\/\"},\"sameAs\":[\"https:\\\/\\\/www.facebook.com\\\/itrottasambandid\"]}]}<\/script>\n<!-- \/ Yoast SEO plugin. -->","yoast_head_json":{"title":"Johan L\u00fctzen - \u00cdtr\u00f3ttasamband F\u00f8roya","robots":{"index":"index","follow":"follow","max-snippet":"max-snippet:-1","max-image-preview":"max-image-preview:large","max-video-preview":"max-video-preview:-1"},"canonical":"https:\/\/isf.fo\/en\/itrotturin-eg\/johan-lutzen\/","og_locale":"en_US","og_type":"article","og_title":"Johan L\u00fctzen - \u00cdtr\u00f3ttasamband F\u00f8roya","og_description":"Heimas\u00ed\u00f0an hj\u00e1 \u00cdSF setir f\u00f3lki spurningar um \u00edtr\u00f3tt og r\u00f8rslu. Hesa fer\u00f0 er gesturin Johan L\u00fctzen Navn: J\u00f3hann L\u00fctzen Aldur: [&hellip;]","og_url":"https:\/\/isf.fo\/en\/itrotturin-eg\/johan-lutzen\/","og_site_name":"\u00cdtr\u00f3ttasamband F\u00f8roya","article_publisher":"https:\/\/www.facebook.com\/itrottasambandid","og_image":[{"width":468,"height":468,"url":"https:\/\/d21ockg4ri0hhk.cloudfront.net\/wp-content\/uploads\/2021\/03\/30192516\/Johan-1.jpg","type":"image\/jpeg"}],"twitter_card":"summary_large_image","twitter_misc":{"Est. reading time":"2 minutes"},"schema":{"@context":"https:\/\/schema.org","@graph":[{"@type":"WebPage","@id":"https:\/\/isf.fo\/itrotturin-eg\/johan-lutzen\/","url":"https:\/\/isf.fo\/itrotturin-eg\/johan-lutzen\/","name":"Johan L\u00fctzen - \u00cdtr\u00f3ttasamband F\u00f8roya","isPartOf":{"@id":"https:\/\/isf.fo\/#website"},"primaryImageOfPage":{"@id":"https:\/\/isf.fo\/itrotturin-eg\/johan-lutzen\/#primaryimage"},"image":{"@id":"https:\/\/isf.fo\/itrotturin-eg\/johan-lutzen\/#primaryimage"},"thumbnailUrl":"https:\/\/d21ockg4ri0hhk.cloudfront.net\/wp-content\/uploads\/2021\/03\/30192516\/Johan-1.jpg","datePublished":"2021-03-15T13:35:10+00:00","breadcrumb":{"@id":"https:\/\/isf.fo\/itrotturin-eg\/johan-lutzen\/#breadcrumb"},"inLanguage":"en-US","potentialAction":[{"@type":"ReadAction","target":["https:\/\/isf.fo\/itrotturin-eg\/johan-lutzen\/"]}]},{"@type":"ImageObject","inLanguage":"en-US","@id":"https:\/\/isf.fo\/itrotturin-eg\/johan-lutzen\/#primaryimage","url":"https:\/\/d21ockg4ri0hhk.cloudfront.net\/wp-content\/uploads\/2021\/03\/30192516\/Johan-1.jpg","contentUrl":"https:\/\/d21ockg4ri0hhk.cloudfront.net\/wp-content\/uploads\/2021\/03\/30192516\/Johan-1.jpg","width":468,"height":468},{"@type":"BreadcrumbList","@id":"https:\/\/isf.fo\/itrotturin-eg\/johan-lutzen\/#breadcrumb","itemListElement":[{"@type":"ListItem","position":1,"name":"Home","item":"https:\/\/isf.fo\/"},{"@type":"ListItem","position":2,"name":"\u00cdtr\u00f3tturin &#038; eg","item":"https:\/\/isf.fo\/itrotturin-eg\/"},{"@type":"ListItem","position":3,"name":"Johan L\u00fctzen"}]},{"@type":"WebSite","@id":"https:\/\/isf.fo\/#website","url":"https:\/\/isf.fo\/","name":"\u00cdtr\u00f3ttasamband F\u00f8roya","description":"","publisher":{"@id":"https:\/\/isf.fo\/#organization"},"potentialAction":[{"@type":"SearchAction","target":{"@type":"EntryPoint","urlTemplate":"https:\/\/isf.fo\/?s={search_term_string}"},"query-input":{"@type":"PropertyValueSpecification","valueRequired":true,"valueName":"search_term_string"}}],"inLanguage":"en-US"},{"@type":"Organization","@id":"https:\/\/isf.fo\/#organization","name":"\u00cdtr\u00f3ttasamband F\u00f8roya","url":"https:\/\/isf.fo\/","logo":{"@type":"ImageObject","inLanguage":"en-US","@id":"https:\/\/isf.fo\/#\/schema\/logo\/image\/","url":"https:\/\/isf.fo\/wp-content\/uploads\/2025\/06\/ISF_Olympic-Committee-logo.png","contentUrl":"https:\/\/isf.fo\/wp-content\/uploads\/2025\/06\/ISF_Olympic-Committee-logo.png","width":618,"height":121,"caption":"\u00cdtr\u00f3ttasamband F\u00f8roya"},"image":{"@id":"https:\/\/isf.fo\/#\/schema\/logo\/image\/"},"sameAs":["https:\/\/www.facebook.com\/itrottasambandid"]}]}},"_links":{"self":[{"href":"https:\/\/isf.fo\/en\/wp-json\/wp\/v2\/pages\/8438","targetHints":{"allow":["GET"]}}],"collection":[{"href":"https:\/\/isf.fo\/en\/wp-json\/wp\/v2\/pages"}],"about":[{"href":"https:\/\/isf.fo\/en\/wp-json\/wp\/v2\/types\/page"}],"author":[{"embeddable":true,"href":"https:\/\/isf.fo\/en\/wp-json\/wp\/v2\/users\/8"}],"replies":[{"embeddable":true,"href":"https:\/\/isf.fo\/en\/wp-json\/wp\/v2\/comments?post=8438"}],"version-history":[{"count":1,"href":"https:\/\/isf.fo\/en\/wp-json\/wp\/v2\/pages\/8438\/revisions"}],"predecessor-version":[{"id":8443,"href":"https:\/\/isf.fo\/en\/wp-json\/wp\/v2\/pages\/8438\/revisions\/8443"}],"up":[{"embeddable":true,"href":"https:\/\/isf.fo\/en\/wp-json\/wp\/v2\/pages\/1251"}],"wp:featuredmedia":[{"embeddable":true,"href":"https:\/\/isf.fo\/en\/wp-json\/wp\/v2\/media\/8441"}],"wp:attachment":[{"href":"https:\/\/isf.fo\/en\/wp-json\/wp\/v2\/media?parent=8438"}],"curies":[{"name":"wp","href":"https:\/\/api.w.org\/{rel}","templated":true}]}}